{"id":24541,"date":"2016-08-09T11:52:21","date_gmt":"2016-08-09T09:52:21","guid":{"rendered":"https:\/\/escale-bleue.fr\/chefs\/yann-couvreur-flan-vanille-bleue\/"},"modified":"2026-03-12T12:23:52","modified_gmt":"2026-03-12T10:23:52","slug":"yann-couvreur-flan-vanille-bleue","status":"publish","type":"avada_portfolio","link":"https:\/\/escale-bleue.fr\/de\/chefs\/yann-couvreur-flan-vanille-bleue\/","title":{"rendered":"Yann Couvreur"},"content":{"rendered":"<p><div class=\"fusion-fullwidth fullwidth-box fusion-builder-row-1 has-pattern-background has-mask-background fusion-parallax-none hundred-percent-fullwidth non-hundred-percent-height-scrolling fusion-equal-height-columns\" style=\"--awb-background-position:left top;--awb-border-sizes-top:0px;--awb-border-sizes-bottom:0px;--awb-border-sizes-left:0px;--awb-border-sizes-right:0px;--awb-border-radius-top-left:0px;--awb-border-radius-top-right:0px;--awb-border-radius-bottom-right:0px;--awb-border-radius-bottom-left:0px;--awb-padding-top:100px;--awb-padding-right:5%;--awb-padding-bottom:70px;--awb-padding-left:5%;--awb-background-color:#5c5b5c;--awb-background-image:url(&quot;https:\/\/escale-bleue.fr\/wp-content\/uploads\/2022\/03\/Vanille-Bleue-4.jpg&quot;);--awb-background-size:cover;--awb-flex-wrap:wrap;\" ><div class=\"fusion-builder-row fusion-row\"><div class=\"fusion-layout-column fusion_builder_column fusion-builder-column-0 fusion_builder_column_2_3 2_3 fusion-two-third fusion-column-first\" style=\"--awb-bg-blend:overlay;--awb-bg-size:cover;--awb-margin-top:0px;--awb-margin-bottom:0px;width:65.3333%; margin-right: 4%;\"><div class=\"fusion-column-wrapper fusion-flex-column-wrapper-legacy\"><div class=\"fusion-column-content-centered\"><div class=\"fusion-column-content\"><div class=\"fusion-text fusion-text-1\"><h2><span style=\"color: #ffffff;\">Yann Couvreur<\/span><\/h2>\n<h3><span style=\"color: #ffffff;\">Der Flan mit Vanille Bleue<\/span><\/h3>\n<\/div><\/div><\/div><div class=\"fusion-clearfix\"><\/div><\/div><\/div><\/div><\/div><div class=\"fusion-fullwidth fullwidth-box fusion-builder-row-2 hundred-percent-fullwidth non-hundred-percent-height-scrolling fusion-equal-height-columns\" style=\"--awb-background-position:left top;--awb-border-sizes-top:0px;--awb-border-sizes-bottom:0px;--awb-border-sizes-left:0px;--awb-border-sizes-right:0px;--awb-border-radius-top-left:0px;--awb-border-radius-top-right:0px;--awb-border-radius-bottom-right:0px;--awb-border-radius-bottom-left:0px;--awb-padding-top:0px;--awb-padding-right:0px;--awb-padding-bottom:0px;--awb-padding-left:0px;--awb-flex-wrap:wrap;\" ><div class=\"fusion-builder-row fusion-row\"><div class=\"fusion-layout-column fusion_builder_column fusion-builder-column-1 fusion_builder_column_1_2 1_2 fusion-one-half fusion-column-first\" style=\"--awb-padding-top:80px;--awb-padding-right:10%;--awb-padding-bottom:70px;--awb-padding-left:10%;--awb-bg-blend:overlay;--awb-bg-size:cover;--awb-margin-top:0px;--awb-margin-bottom:0px;\"><div class=\"fusion-column-wrapper fusion-flex-column-wrapper-legacy\"><div class=\"fusion-text fusion-text-2\"><h3 style=\"text-align: center;\">Der gerissenste aller Konditoren<\/h3>\n<\/div><div class=\"fusion-sep-clear\"><\/div><div class=\"fusion-separator fusion-has-icon fusion-full-width-sep fusion-clearfix\" style=\"float:left;margin-top:3%;margin-bottom:50px;width:100%;\"><div class=\"fusion-separator-border sep-single sep-solid\" style=\"--awb-height:20px;--awb-amount:20px;border-color:#b9afa1;border-top-width:1px;\"><\/div><span class=\"icon-wrapper\" style=\"border-color:transparent;font-size:18px;width: 1.75em; height: 1.75em;border-width:1px;padding:1px;margin-top:-0.5px\"><i class=\" fa fa-pagelines\" style=\"font-size: inherit;color:#b9afa1;\" aria-hidden=\"true\"><\/i><\/span><div class=\"fusion-separator-border sep-single sep-solid\" style=\"--awb-height:20px;--awb-amount:20px;border-color:#b9afa1;border-top-width:1px;\"><\/div><\/div><div class=\"fusion-sep-clear\"><\/div><div class=\"fusion-text fusion-text-3\"><p>Als aufstrebender Stern der Konditorkunst erobert Chefkonditor <strong>Yann Couvreur<\/strong>, der den Fuchs zu seinem Maskottchen gemacht hat, die franz\u00f6sische Hauptstadt mit bereits fast 10 Gesch\u00e4ften (darunter die Galeries Lafayette und der Gare Montparnasse) und einer unaufhaltsamen Expansion in S\u00fcdkorea und London.<\/p>\n<p>Sein hei\u00df begehrter <strong>Flan mit Vanille Bleue<\/strong> beherrschte jahrelang die Ranglisten der besten Flans Frankreichs.<\/p>\n<p>Wie Pierre Herm\u00e9 mit seinem ber\u00fchmten Ispahan hat auch Yann Couvreur sein Markenzeichen geschaffen, den <strong>Isatis<\/strong>: eine charakteristische Geschmackskombination aus Karamell, Pekannuss und Vanille Bleue.<\/p>\n<p>Yann Couvreur betrachtet Vanille Bleue als die <strong>beste Vanille der Welt<\/strong> und schenkt uns seit 2018 sein Vertrauen. Eine umso gr\u00f6\u00dfere Ehre, da dieser Konditor, der in den gro\u00dfen Pariser Palasthotels gearbeitet hat, im Laufe seiner Karriere mit verschiedenen Vanillesorten aus der ganzen Welt gearbeitet hat.<\/p>\n<\/div><div class=\"awb-gallery-wrapper awb-gallery-wrapper-1 button-span-no\"><div style=\"margin:-5px;--awb-bordersize:0px;--awb-columns-medium:100%;--awb-columns-small:100%;\" class=\"fusion-gallery fusion-gallery-container fusion-grid-3 fusion-columns-total-5 fusion-gallery-layout-masonry fusion-gallery-1\"><div class=\"fusion-grid-column fusion-gallery-column fusion-gallery-column-3 hover-type-none fusion-grid-sizer\"><\/div><div style=\"padding:5px;\" class=\"fusion-grid-column fusion-gallery-column fusion-gallery-column-3 hover-type-none fusion-element-grid\"><div class=\"fusion-gallery-image\"><a href=\"https:\/\/escale-bleue.fr\/wp-content\/uploads\/2022\/03\/Flan-a-la-vanille-bleue-Yann-Couvreur.jpg\" rel=\"noreferrer\" data-rel=\"iLightbox[gallery_image_1]\" class=\"fusion-lightbox\" target=\"_self\"><div style=\"background-image:url(https:\/\/escale-bleue.fr\/wp-content\/uploads\/2022\/03\/Flan-a-la-vanille-bleue-Yann-Couvreur.jpg);padding-top:calc((100% + 10px) * 0.8 - 5px);background-position:;\" class=\"fusion-masonry-element-container\"><img decoding=\"async\" src=\"https:\/\/escale-bleue.fr\/wp-content\/uploads\/2022\/03\/Flan-a-la-vanille-bleue-Yann-Couvreur.jpg\" width=\"1024\" height=\"1024\" alt=\"\" title=\"Flan \u00e0 la vanille bleue &#8211; Yann Couvreur\" aria-label=\"Flan \u00e0 la vanille bleue &#8211; Yann Couvreur\" class=\"img-responsive wp-image-1048\" srcset=\"https:\/\/escale-bleue.fr\/wp-content\/uploads\/2022\/03\/Flan-a-la-vanille-bleue-Yann-Couvreur-200x200.jpg 200w, https:\/\/escale-bleue.fr\/wp-content\/uploads\/2022\/03\/Flan-a-la-vanille-bleue-Yann-Couvreur-400x400.jpg 400w, https:\/\/escale-bleue.fr\/wp-content\/uploads\/2022\/03\/Flan-a-la-vanille-bleue-Yann-Couvreur-600x600.jpg 600w, https:\/\/escale-bleue.fr\/wp-content\/uploads\/2022\/03\/Flan-a-la-vanille-bleue-Yann-Couvreur-800x800.jpg 800w, https:\/\/escale-bleue.fr\/wp-content\/uploads\/2022\/03\/Flan-a-la-vanille-bleue-Yann-Couvreur.jpg 1024w\" sizes=\"(min-width: 2200px) 100vw, (min-width: 784px) 387px, (min-width: 712px) 580px, (min-width: 640px) 712px, \" \/><\/div><\/a><\/div><\/div><div style=\"padding:5px;\" class=\"fusion-grid-column fusion-gallery-column fusion-gallery-column-3 hover-type-none fusion-element-grid\"><div class=\"fusion-gallery-image\"><a href=\"https:\/\/escale-bleue.fr\/wp-content\/uploads\/2022\/03\/Tarte-Isatis-Yann-Couvreur.jpg\" rel=\"noreferrer\" data-rel=\"iLightbox[gallery_image_1]\" class=\"fusion-lightbox\" target=\"_self\"><div style=\"background-image:url(https:\/\/escale-bleue.fr\/wp-content\/uploads\/2022\/03\/Tarte-Isatis-Yann-Couvreur.jpg);padding-top:calc((100% + 10px) * 0.8 - 5px);background-position:;\" class=\"fusion-masonry-element-container\"><img decoding=\"async\" src=\"https:\/\/escale-bleue.fr\/wp-content\/uploads\/2022\/03\/Tarte-Isatis-Yann-Couvreur.jpg\" width=\"1080\" height=\"1080\" alt=\"\" title=\"Tarte Isatis &#8211; Yann Couvreur\" aria-label=\"Tarte Isatis &#8211; Yann Couvreur\" class=\"img-responsive wp-image-1049\" srcset=\"https:\/\/escale-bleue.fr\/wp-content\/uploads\/2022\/03\/Tarte-Isatis-Yann-Couvreur-200x200.jpg 200w, https:\/\/escale-bleue.fr\/wp-content\/uploads\/2022\/03\/Tarte-Isatis-Yann-Couvreur-400x400.jpg 400w, https:\/\/escale-bleue.fr\/wp-content\/uploads\/2022\/03\/Tarte-Isatis-Yann-Couvreur-600x600.jpg 600w, https:\/\/escale-bleue.fr\/wp-content\/uploads\/2022\/03\/Tarte-Isatis-Yann-Couvreur-800x800.jpg 800w, https:\/\/escale-bleue.fr\/wp-content\/uploads\/2022\/03\/Tarte-Isatis-Yann-Couvreur.jpg 1080w\" sizes=\"(min-width: 2200px) 100vw, (min-width: 784px) 387px, (min-width: 712px) 580px, (min-width: 640px) 712px, \" \/><\/div><\/a><\/div><\/div><div style=\"padding:5px;\" class=\"fusion-grid-column fusion-gallery-column fusion-gallery-column-3 hover-type-none fusion-element-portrait\"><div class=\"fusion-gallery-image\"><a href=\"https:\/\/escale-bleue.fr\/wp-content\/uploads\/2022\/03\/Buche-Isatis-Yann-Couvreur.jpg\" rel=\"noreferrer\" data-rel=\"iLightbox[gallery_image_1]\" class=\"fusion-lightbox\" target=\"_self\"><div style=\"background-image:url(https:\/\/escale-bleue.fr\/wp-content\/uploads\/2022\/03\/Buche-Isatis-Yann-Couvreur.jpg);padding-top:calc((100% + 10px) * 1.6);background-position:;\" class=\"fusion-masonry-element-container\"><img decoding=\"async\" src=\"https:\/\/escale-bleue.fr\/wp-content\/uploads\/2022\/03\/Buche-Isatis-Yann-Couvreur.jpg\" width=\"1080\" height=\"1350\" alt=\"B\u00fbche Isatis \u00e0 la Vanille Bleue par le chef Yann Couvreur\" title=\"B\u00fbche Isatis &#8211; Yann Couvreur\" aria-label=\"B\u00fbche Isatis &#8211; Yann Couvreur\" class=\"img-responsive wp-image-1046\" srcset=\"https:\/\/escale-bleue.fr\/wp-content\/uploads\/2022\/03\/Buche-Isatis-Yann-Couvreur-200x250.jpg 200w, https:\/\/escale-bleue.fr\/wp-content\/uploads\/2022\/03\/Buche-Isatis-Yann-Couvreur-400x500.jpg 400w, https:\/\/escale-bleue.fr\/wp-content\/uploads\/2022\/03\/Buche-Isatis-Yann-Couvreur-600x750.jpg 600w, https:\/\/escale-bleue.fr\/wp-content\/uploads\/2022\/03\/Buche-Isatis-Yann-Couvreur-800x1000.jpg 800w, https:\/\/escale-bleue.fr\/wp-content\/uploads\/2022\/03\/Buche-Isatis-Yann-Couvreur.jpg 1080w\" sizes=\"(min-width: 2200px) 100vw, (min-width: 784px) 387px, (min-width: 712px) 580px, (min-width: 640px) 712px, \" \/><\/div><\/a><\/div><\/div><div style=\"padding:5px;\" class=\"fusion-grid-column fusion-gallery-column fusion-gallery-column-3 hover-type-none fusion-element-grid\"><div class=\"fusion-gallery-image\"><a href=\"https:\/\/escale-bleue.fr\/wp-content\/uploads\/2022\/03\/Trop-ardechoise-vanille-bleue-Yann-Couvreur.jpg\" rel=\"noreferrer\" data-rel=\"iLightbox[gallery_image_1]\" class=\"fusion-lightbox\" target=\"_self\"><div style=\"background-image:url(https:\/\/escale-bleue.fr\/wp-content\/uploads\/2022\/03\/Trop-ardechoise-vanille-bleue-Yann-Couvreur.jpg);padding-top:calc((100% + 10px) * 0.8 - 5px);background-position:;\" class=\"fusion-masonry-element-container\"><img decoding=\"async\" src=\"https:\/\/escale-bleue.fr\/wp-content\/uploads\/2022\/03\/Trop-ardechoise-vanille-bleue-Yann-Couvreur.jpg\" width=\"1080\" height=\"1080\" alt=\"\" title=\"Trop ard\u00e9choise vanille bleue &#8211; Yann Couvreur\" aria-label=\"Trop ard\u00e9choise vanille bleue &#8211; Yann Couvreur\" class=\"img-responsive wp-image-1052\" srcset=\"https:\/\/escale-bleue.fr\/wp-content\/uploads\/2022\/03\/Trop-ardechoise-vanille-bleue-Yann-Couvreur-200x200.jpg 200w, https:\/\/escale-bleue.fr\/wp-content\/uploads\/2022\/03\/Trop-ardechoise-vanille-bleue-Yann-Couvreur-400x400.jpg 400w, https:\/\/escale-bleue.fr\/wp-content\/uploads\/2022\/03\/Trop-ardechoise-vanille-bleue-Yann-Couvreur-600x600.jpg 600w, https:\/\/escale-bleue.fr\/wp-content\/uploads\/2022\/03\/Trop-ardechoise-vanille-bleue-Yann-Couvreur-800x800.jpg 800w, https:\/\/escale-bleue.fr\/wp-content\/uploads\/2022\/03\/Trop-ardechoise-vanille-bleue-Yann-Couvreur.jpg 1080w\" sizes=\"(min-width: 2200px) 100vw, (min-width: 784px) 387px, (min-width: 712px) 580px, (min-width: 640px) 712px, \" \/><\/div><\/a><\/div><\/div><div style=\"padding:5px;\" class=\"fusion-grid-column fusion-gallery-column fusion-gallery-column-3 hover-type-none fusion-element-grid\"><div class=\"fusion-gallery-image\"><a href=\"https:\/\/escale-bleue.fr\/wp-content\/uploads\/2022\/03\/Tarte-marron-vanille-bleue-Yann-Couvreur-decoupe.jpg\" rel=\"noreferrer\" data-rel=\"iLightbox[gallery_image_1]\" class=\"fusion-lightbox\" target=\"_self\"><div style=\"background-image:url(https:\/\/escale-bleue.fr\/wp-content\/uploads\/2022\/03\/Tarte-marron-vanille-bleue-Yann-Couvreur-decoupe.jpg);padding-top:calc((100% + 10px) * 0.8 - 5px);background-position:;\" class=\"fusion-masonry-element-container\"><img decoding=\"async\" src=\"https:\/\/escale-bleue.fr\/wp-content\/uploads\/2022\/03\/Tarte-marron-vanille-bleue-Yann-Couvreur-decoupe.jpg\" width=\"777\" height=\"777\" alt=\"\" title=\"Tarte marron vanille bleue &#8211; Yann Couvreur (d\u00e9coupe)\" aria-label=\"Tarte marron vanille bleue &#8211; Yann Couvreur (d\u00e9coupe)\" class=\"img-responsive wp-image-1050\" srcset=\"https:\/\/escale-bleue.fr\/wp-content\/uploads\/2022\/03\/Tarte-marron-vanille-bleue-Yann-Couvreur-decoupe-200x200.jpg 200w, https:\/\/escale-bleue.fr\/wp-content\/uploads\/2022\/03\/Tarte-marron-vanille-bleue-Yann-Couvreur-decoupe-400x400.jpg 400w, https:\/\/escale-bleue.fr\/wp-content\/uploads\/2022\/03\/Tarte-marron-vanille-bleue-Yann-Couvreur-decoupe-600x600.jpg 600w, https:\/\/escale-bleue.fr\/wp-content\/uploads\/2022\/03\/Tarte-marron-vanille-bleue-Yann-Couvreur-decoupe.jpg 777w\" sizes=\"(min-width: 2200px) 100vw, (min-width: 784px) 387px, (min-width: 712px) 580px, (min-width: 640px) 712px, \" \/><\/div><\/a><\/div><\/div><\/div><\/div><div class=\"fusion-sep-clear\"><\/div><div class=\"fusion-separator fusion-full-width-sep\" style=\"margin-left: auto;margin-right: auto;margin-top:10px;width:100%;\"><\/div><div class=\"fusion-sep-clear\"><\/div><div class=\"fusion-sep-clear\"><\/div><div class=\"fusion-separator fusion-has-icon fusion-full-width-sep fusion-clearfix\" style=\"float:left;margin-top:3%;margin-bottom:50px;width:100%;\"><div class=\"fusion-separator-border sep-single sep-solid\" style=\"--awb-height:20px;--awb-amount:20px;border-color:#b9afa1;border-top-width:1px;\"><\/div><span class=\"icon-wrapper\" style=\"border-color:transparent;font-size:18px;width: 1.75em; height: 1.75em;border-width:1px;padding:1px;margin-top:-0.5px\"><i class=\" fa fa-pagelines\" style=\"font-size: inherit;color:#b9afa1;\" aria-hidden=\"true\"><\/i><\/span><div class=\"fusion-separator-border sep-single sep-solid\" style=\"--awb-height:20px;--awb-amount:20px;border-color:#b9afa1;border-top-width:1px;\"><\/div><\/div><div class=\"fusion-sep-clear\"><\/div><div class=\"fusion-testimonials clean awb-speech-bubble-show fusion-testimonials-1\" style=\"--awb-textcolor:#6f727b;--awb-backgroundcolor:rgba(255,255,255,0);--awb-testimonial-border-style:solid;--awb-testimonial-border-color:var(--awb-color3);--awb-border-top-left-radius:0px;--awb-border-top-right-radius:0px;--awb-border-bottom-left-radius:0px;--awb-border-bottom-right-radius:0px;--testimonial-border-width-top:0px;--testimonial-border-width-right:0px;--testimonial-border-width-bottom:0px;--testimonial-border-width-left:0px;\" data-random=\"0\" data-speed=\"4000\"><div class=\"reviews\"><div class=\"review active-testimonial avatar-above no-avatar\"><blockquote class=\"testimonials-shortcode-blockquote\"><div class=\"awb-quote\"><div class=\"awb-quote-content\">\n<p>\u201eVanille Bleue ist meine Lieblingsvanille. Ich liebe diese Vanille, weil sie ganz besondere Noten hat. Es ist eine Vanille, die sich wie eine Flasche Wein im Laufe der Zeit entwickelt. Au\u00dfergew\u00f6hnlich in der Art und Weise, wie sie angebaut wird.\u201c (<em><a href=\"https:\/\/www.instagram.com\/s\/aGlnaGxpZ2h0OjE3OTc5NTYwNjQ3MTMxMjY1?story_media_id=2480076309878325676&amp;utm_medium=copy_link\">Quelle<\/a><\/em>)<\/p>\n<\/div><\/div><\/blockquote><div class=\"author\"><span class=\"company-name\"><strong>Yann Couvreur<\/strong><\/span><\/div><\/div><\/div><\/div><div class=\"fusion-clearfix\"><\/div><\/div><\/div><div class=\"fusion-layout-column fusion_builder_column fusion-builder-column-2 fusion_builder_column_1_2 1_2 fusion-one-half fusion-column-last fusion-animated\" style=\"--awb-bg-image:url(&#039;https:\/\/escale-bleue.fr\/wp-content\/uploads\/2016\/08\/yann-couvreur-1000x1100-1.jpg&#039;);--awb-bg-position:center center;--awb-bg-blend:overlay;--awb-bg-size:cover;--awb-margin-top:0px;--awb-margin-bottom:0px;\" data-animationType=\"fadeInLeft\" data-animationDuration=\"0.6\" data-animationOffset=\"top-into-view\"><div class=\"fusion-column-wrapper fusion-flex-column-wrapper-legacy fusion-empty-column-bg-image fusion-column-has-bg-image\" data-bg-url=\"https:\/\/escale-bleue.fr\/wp-content\/uploads\/2016\/08\/yann-couvreur-1000x1100-1.jpg\"><img decoding=\"async\" class=\"fusion-empty-dims-img-placeholder fusion-no-large-visibility\" alt=\"Yann Couvreur, flan \u00e0 la Vanille Bleue\" aria-label=\"yann couvreur 1000&#215;1100\" src=\"data:image\/svg+xml,%3Csvg%20xmlns%3D%27http%3A%2F%2Fwww.w3.org%2F2000%2Fsvg%27%20width%3D%271000%27%20height%3D%271100%27%20viewBox%3D%270%200%201000%201100%27%3E%3Crect%20width%3D%271000%27%20height%3D%271100%27%20fill-opacity%3D%220%22%2F%3E%3C%2Fsvg%3E\"><div class=\"fusion-clearfix\"><\/div><\/div><\/div><\/div><\/div><div class=\"fusion-bg-parallax\" data-bg-align=\"right bottom\" data-direction=\"up\" data-mute=\"false\" data-opacity=\"100\" data-velocity=\"-0.2\" data-mobile-enabled=\"false\" data-break_parents=\"0\" data-bg-image=\"https:\/\/escale-bleue.fr\/wp-content\/uploads\/2022\/03\/Vanille-Bleue-4.jpg\" data-bg-repeat=\"false\" data-bg-color=\"#5c5b5c\" ><\/div><div class=\"fusion-fullwidth fullwidth-box fusion-builder-row-3 fusion-parallax-up nonhundred-percent-fullwidth non-hundred-percent-height-scrolling fusion-equal-height-columns\" style=\"--awb-background-position:right bottom;--awb-border-sizes-top:0px;--awb-border-sizes-bottom:0px;--awb-border-sizes-left:0px;--awb-border-sizes-right:0px;--awb-border-radius-top-left:0px;--awb-border-radius-top-right:0px;--awb-border-radius-bottom-right:0px;--awb-border-radius-bottom-left:0px;--awb-padding-top:100px;--awb-padding-bottom:85px;--awb-background-color:#5c5b5c;--awb-background-image:url(&quot;https:\/\/escale-bleue.fr\/wp-content\/uploads\/2022\/03\/Vanille-Bleue-4.jpg&quot;);--awb-background-size:cover;--awb-flex-wrap:wrap;\" ><div class=\"fusion-builder-row fusion-row\"><div class=\"fusion-layout-column fusion_builder_column fusion-builder-column-3 fusion_builder_column_2_3 2_3 fusion-two-third fusion-column-first\" style=\"--awb-bg-blend:overlay;--awb-bg-size:cover;--awb-margin-bottom:10px;width:66.666666666667%;width:calc(66.666666666667% - ( ( 4% + 4% ) * 0.66666666666667 ) );margin-right: 4%;\"><div class=\"fusion-column-wrapper fusion-flex-column-wrapper-legacy\"><div class=\"fusion-column-content-centered\"><div class=\"fusion-column-content\"><div class=\"fusion-text fusion-text-4\"><h4 style=\"font-size: 30px; line-height: 1.4em; letter-spacing: -1px;\"><span style=\"color: #ffffff;\">M\u00f6chten Sie unsere Vanille Bleue entdecken?<\/span><\/h4>\n<\/div><\/div><\/div><div class=\"fusion-clearfix\"><\/div><\/div><\/div><div class=\"fusion-layout-column fusion_builder_column fusion-builder-column-4 fusion_builder_column_1_6 1_6 fusion-one-sixth\" style=\"--awb-bg-blend:overlay;--awb-bg-size:cover;width:16.666666666667%;width:calc(16.666666666667% - ( ( 4% + 4% ) * 0.16666666666667 ) );margin-right: 4%;\"><div class=\"fusion-column-wrapper fusion-flex-column-wrapper-legacy\"><div class=\"fusion-column-content-centered\"><div class=\"fusion-column-content\"><div class=\"fusion-alignleft\"><a class=\"fusion-button button-flat fusion-button-default-size button-default fusion-button-default button-1 fusion-button-default-span fusion-button-default-type\" target=\"_self\" href=\"https:\/\/escale-bleue.fr\/quest-ce-que-la-vanille-bleue\/\"><span class=\"fusion-button-text awb-button__text awb-button__text--default\">Entdecken<\/span><\/a><\/div><\/div><\/div><div class=\"fusion-clearfix\"><\/div><\/div><\/div><div class=\"fusion-layout-column fusion_builder_column fusion-builder-column-5 fusion_builder_column_1_6 1_6 fusion-one-sixth fusion-column-last\" style=\"--awb-bg-blend:overlay;--awb-bg-size:cover;--awb-margin-top:10px;width:16.666666666667%;width:calc(16.666666666667% - ( ( 4% + 4% ) * 0.16666666666667 ) );\"><div class=\"fusion-column-wrapper fusion-flex-column-wrapper-legacy\"><div class=\"fusion-column-content-centered\"><div class=\"fusion-column-content\"><\/div><\/div><div class=\"fusion-clearfix\"><\/div><\/div><\/div><\/div><\/div><\/p>\n","protected":false},"excerpt":{"rendered":"<p>Sein ber\u00fchmter Flan mit Vanille Bleue dominierte jahrelang die Ranglisten der besten Flans Frankreichs.<\/p>\n","protected":false},"author":8,"featured_media":24542,"menu_order":0,"comment_status":"open","ping_status":"closed","template":"","format":"standard","meta":{"footnotes":""},"portfolio_category":[],"portfolio_skills":[],"portfolio_tags":[],"class_list":["post-24541","avada_portfolio","type-avada_portfolio","status-publish","format-standard","has-post-thumbnail","hentry"],"yoast_head":"<!-- This site is optimized with the Yoast SEO Premium plugin v27.4 (Yoast SEO v27.4) - https:\/\/yoast.com\/product\/yoast-seo-premium-wordpress\/ -->\n<title>Yann Couvreur &#8211; Escale Bleue - Atelier Vanille<\/title>\n<meta name=\"robots\" content=\"index, follow, max-snippet:-1, max-image-preview:large, max-video-preview:-1\" \/>\n<link rel=\"canonical\" href=\"https:\/\/escale-bleue.fr\/de\/chefs\/yann-couvreur-flan-vanille-bleue\/\" \/>\n<meta property=\"og:locale\" content=\"de_DE\" \/>\n<meta property=\"og:type\" content=\"article\" \/>\n<meta property=\"og:title\" content=\"Yann Couvreur\" \/>\n<meta property=\"og:description\" content=\"Sein ber\u00fchmter Flan mit Vanille Bleue dominierte jahrelang die Ranglisten der besten Flans Frankreichs.\" \/>\n<meta property=\"og:url\" content=\"https:\/\/escale-bleue.fr\/de\/chefs\/yann-couvreur-flan-vanille-bleue\/\" \/>\n<meta property=\"og:site_name\" content=\"Escale Bleue - Atelier Vanille\" \/>\n<meta property=\"article:publisher\" content=\"https:\/\/www.facebook.com\/Escalebleue\" \/>\n<meta property=\"article:modified_time\" content=\"2026-03-12T10:23:52+00:00\" \/>\n<meta property=\"og:image\" content=\"https:\/\/escale-bleue.fr\/wp-content\/uploads\/2016\/08\/yann-couvreur-1000x1100-1.jpg\" \/>\n\t<meta property=\"og:image:width\" content=\"1000\" \/>\n\t<meta property=\"og:image:height\" content=\"1100\" \/>\n\t<meta property=\"og:image:type\" content=\"image\/jpeg\" \/>\n<meta name=\"twitter:card\" content=\"summary_large_image\" \/>\n<meta name=\"twitter:site\" content=\"@EscaleBleue\" \/>\n<meta name=\"twitter:label1\" content=\"Gesch\u00e4tzte Lesezeit\" \/>\n\t<meta name=\"twitter:data1\" content=\"9\u00a0Minuten\" \/>\n<script type=\"application\/ld+json\" class=\"yoast-schema-graph\">{\"@context\":\"https:\\\/\\\/schema.org\",\"@graph\":[{\"@type\":\"WebPage\",\"@id\":\"https:\\\/\\\/escale-bleue.fr\\\/de\\\/chefs\\\/yann-couvreur-flan-vanille-bleue\\\/\",\"url\":\"https:\\\/\\\/escale-bleue.fr\\\/de\\\/chefs\\\/yann-couvreur-flan-vanille-bleue\\\/\",\"name\":\"Yann Couvreur &#8211; Escale Bleue - Atelier Vanille\",\"isPartOf\":{\"@id\":\"https:\\\/\\\/escale-bleue.fr\\\/de\\\/#website\"},\"primaryImageOfPage\":{\"@id\":\"https:\\\/\\\/escale-bleue.fr\\\/de\\\/chefs\\\/yann-couvreur-flan-vanille-bleue\\\/#primaryimage\"},\"image\":{\"@id\":\"https:\\\/\\\/escale-bleue.fr\\\/de\\\/chefs\\\/yann-couvreur-flan-vanille-bleue\\\/#primaryimage\"},\"thumbnailUrl\":\"https:\\\/\\\/escale-bleue.fr\\\/wp-content\\\/uploads\\\/2016\\\/08\\\/yann-couvreur-1000x1100-1.jpg\",\"datePublished\":\"2016-08-09T09:52:21+00:00\",\"dateModified\":\"2026-03-12T10:23:52+00:00\",\"breadcrumb\":{\"@id\":\"https:\\\/\\\/escale-bleue.fr\\\/de\\\/chefs\\\/yann-couvreur-flan-vanille-bleue\\\/#breadcrumb\"},\"inLanguage\":\"de\",\"potentialAction\":[{\"@type\":\"ReadAction\",\"target\":[\"https:\\\/\\\/escale-bleue.fr\\\/de\\\/chefs\\\/yann-couvreur-flan-vanille-bleue\\\/\"]}]},{\"@type\":\"ImageObject\",\"inLanguage\":\"de\",\"@id\":\"https:\\\/\\\/escale-bleue.fr\\\/de\\\/chefs\\\/yann-couvreur-flan-vanille-bleue\\\/#primaryimage\",\"url\":\"https:\\\/\\\/escale-bleue.fr\\\/wp-content\\\/uploads\\\/2016\\\/08\\\/yann-couvreur-1000x1100-1.jpg\",\"contentUrl\":\"https:\\\/\\\/escale-bleue.fr\\\/wp-content\\\/uploads\\\/2016\\\/08\\\/yann-couvreur-1000x1100-1.jpg\",\"width\":1000,\"height\":1100,\"caption\":\"Yann Couvreur, flan \u00e0 la Vanille Bleue\"},{\"@type\":\"BreadcrumbList\",\"@id\":\"https:\\\/\\\/escale-bleue.fr\\\/de\\\/chefs\\\/yann-couvreur-flan-vanille-bleue\\\/#breadcrumb\",\"itemListElement\":[{\"@type\":\"ListItem\",\"position\":1,\"name\":\"Accueil\",\"item\":\"https:\\\/\\\/escale-bleue.fr\\\/de\\\/\"},{\"@type\":\"ListItem\",\"position\":2,\"name\":\"Portfolio\",\"item\":\"https:\\\/\\\/escale-bleue.fr\\\/de\\\/chefs\\\/\"},{\"@type\":\"ListItem\",\"position\":3,\"name\":\"Yann Couvreur\"}]},{\"@type\":\"WebSite\",\"@id\":\"https:\\\/\\\/escale-bleue.fr\\\/de\\\/#website\",\"url\":\"https:\\\/\\\/escale-bleue.fr\\\/de\\\/\",\"name\":\"Escale Bleue - Atelier Vanille \u00e0 la R\u00e9union\",\"description\":\"\",\"publisher\":{\"@id\":\"https:\\\/\\\/escale-bleue.fr\\\/de\\\/#organization\"},\"potentialAction\":[{\"@type\":\"SearchAction\",\"target\":{\"@type\":\"EntryPoint\",\"urlTemplate\":\"https:\\\/\\\/escale-bleue.fr\\\/de\\\/?s={search_term_string}\"},\"query-input\":{\"@type\":\"PropertyValueSpecification\",\"valueRequired\":true,\"valueName\":\"search_term_string\"}}],\"inLanguage\":\"de\"},{\"@type\":\"Organization\",\"@id\":\"https:\\\/\\\/escale-bleue.fr\\\/de\\\/#organization\",\"name\":\"Escale Bleue - Atelier Vanille R\u00e9union\",\"url\":\"https:\\\/\\\/escale-bleue.fr\\\/de\\\/\",\"logo\":{\"@type\":\"ImageObject\",\"inLanguage\":\"de\",\"@id\":\"https:\\\/\\\/escale-bleue.fr\\\/de\\\/#\\\/schema\\\/logo\\\/image\\\/\",\"url\":\"https:\\\/\\\/escale-bleue.fr\\\/wp-content\\\/uploads\\\/2026\\\/02\\\/logo_escale_bleue_b9afa1.png\",\"contentUrl\":\"https:\\\/\\\/escale-bleue.fr\\\/wp-content\\\/uploads\\\/2026\\\/02\\\/logo_escale_bleue_b9afa1.png\",\"width\":400,\"height\":218,\"caption\":\"Escale Bleue - Atelier Vanille R\u00e9union\"},\"image\":{\"@id\":\"https:\\\/\\\/escale-bleue.fr\\\/de\\\/#\\\/schema\\\/logo\\\/image\\\/\"},\"sameAs\":[\"https:\\\/\\\/www.facebook.com\\\/Escalebleue\",\"https:\\\/\\\/x.com\\\/EscaleBleue\",\"https:\\\/\\\/www.instagram.com\\\/escalebleue\\\/\"]}]}<\/script>\n<!-- \/ Yoast SEO Premium plugin. -->","yoast_head_json":{"title":"Yann Couvreur &#8211; Escale Bleue - Atelier Vanille","robots":{"index":"index","follow":"follow","max-snippet":"max-snippet:-1","max-image-preview":"max-image-preview:large","max-video-preview":"max-video-preview:-1"},"canonical":"https:\/\/escale-bleue.fr\/de\/chefs\/yann-couvreur-flan-vanille-bleue\/","og_locale":"de_DE","og_type":"article","og_title":"Yann Couvreur","og_description":"Sein ber\u00fchmter Flan mit Vanille Bleue dominierte jahrelang die Ranglisten der besten Flans Frankreichs.","og_url":"https:\/\/escale-bleue.fr\/de\/chefs\/yann-couvreur-flan-vanille-bleue\/","og_site_name":"Escale Bleue - Atelier Vanille","article_publisher":"https:\/\/www.facebook.com\/Escalebleue","article_modified_time":"2026-03-12T10:23:52+00:00","og_image":[{"width":1000,"height":1100,"url":"https:\/\/escale-bleue.fr\/wp-content\/uploads\/2016\/08\/yann-couvreur-1000x1100-1.jpg","type":"image\/jpeg"}],"twitter_card":"summary_large_image","twitter_site":"@EscaleBleue","twitter_misc":{"Gesch\u00e4tzte Lesezeit":"9\u00a0Minuten"},"schema":{"@context":"https:\/\/schema.org","@graph":[{"@type":"WebPage","@id":"https:\/\/escale-bleue.fr\/de\/chefs\/yann-couvreur-flan-vanille-bleue\/","url":"https:\/\/escale-bleue.fr\/de\/chefs\/yann-couvreur-flan-vanille-bleue\/","name":"Yann Couvreur &#8211; Escale Bleue - Atelier Vanille","isPartOf":{"@id":"https:\/\/escale-bleue.fr\/de\/#website"},"primaryImageOfPage":{"@id":"https:\/\/escale-bleue.fr\/de\/chefs\/yann-couvreur-flan-vanille-bleue\/#primaryimage"},"image":{"@id":"https:\/\/escale-bleue.fr\/de\/chefs\/yann-couvreur-flan-vanille-bleue\/#primaryimage"},"thumbnailUrl":"https:\/\/escale-bleue.fr\/wp-content\/uploads\/2016\/08\/yann-couvreur-1000x1100-1.jpg","datePublished":"2016-08-09T09:52:21+00:00","dateModified":"2026-03-12T10:23:52+00:00","breadcrumb":{"@id":"https:\/\/escale-bleue.fr\/de\/chefs\/yann-couvreur-flan-vanille-bleue\/#breadcrumb"},"inLanguage":"de","potentialAction":[{"@type":"ReadAction","target":["https:\/\/escale-bleue.fr\/de\/chefs\/yann-couvreur-flan-vanille-bleue\/"]}]},{"@type":"ImageObject","inLanguage":"de","@id":"https:\/\/escale-bleue.fr\/de\/chefs\/yann-couvreur-flan-vanille-bleue\/#primaryimage","url":"https:\/\/escale-bleue.fr\/wp-content\/uploads\/2016\/08\/yann-couvreur-1000x1100-1.jpg","contentUrl":"https:\/\/escale-bleue.fr\/wp-content\/uploads\/2016\/08\/yann-couvreur-1000x1100-1.jpg","width":1000,"height":1100,"caption":"Yann Couvreur, flan \u00e0 la Vanille Bleue"},{"@type":"BreadcrumbList","@id":"https:\/\/escale-bleue.fr\/de\/chefs\/yann-couvreur-flan-vanille-bleue\/#breadcrumb","itemListElement":[{"@type":"ListItem","position":1,"name":"Accueil","item":"https:\/\/escale-bleue.fr\/de\/"},{"@type":"ListItem","position":2,"name":"Portfolio","item":"https:\/\/escale-bleue.fr\/de\/chefs\/"},{"@type":"ListItem","position":3,"name":"Yann Couvreur"}]},{"@type":"WebSite","@id":"https:\/\/escale-bleue.fr\/de\/#website","url":"https:\/\/escale-bleue.fr\/de\/","name":"Escale Bleue - Atelier Vanille \u00e0 la R\u00e9union","description":"","publisher":{"@id":"https:\/\/escale-bleue.fr\/de\/#organization"},"potentialAction":[{"@type":"SearchAction","target":{"@type":"EntryPoint","urlTemplate":"https:\/\/escale-bleue.fr\/de\/?s={search_term_string}"},"query-input":{"@type":"PropertyValueSpecification","valueRequired":true,"valueName":"search_term_string"}}],"inLanguage":"de"},{"@type":"Organization","@id":"https:\/\/escale-bleue.fr\/de\/#organization","name":"Escale Bleue - Atelier Vanille R\u00e9union","url":"https:\/\/escale-bleue.fr\/de\/","logo":{"@type":"ImageObject","inLanguage":"de","@id":"https:\/\/escale-bleue.fr\/de\/#\/schema\/logo\/image\/","url":"https:\/\/escale-bleue.fr\/wp-content\/uploads\/2026\/02\/logo_escale_bleue_b9afa1.png","contentUrl":"https:\/\/escale-bleue.fr\/wp-content\/uploads\/2026\/02\/logo_escale_bleue_b9afa1.png","width":400,"height":218,"caption":"Escale Bleue - Atelier Vanille R\u00e9union"},"image":{"@id":"https:\/\/escale-bleue.fr\/de\/#\/schema\/logo\/image\/"},"sameAs":["https:\/\/www.facebook.com\/Escalebleue","https:\/\/x.com\/EscaleBleue","https:\/\/www.instagram.com\/escalebleue\/"]}]}},"_links":{"self":[{"href":"https:\/\/escale-bleue.fr\/de\/wp-json\/wp\/v2\/avada_portfolio\/24541","targetHints":{"allow":["GET"]}}],"collection":[{"href":"https:\/\/escale-bleue.fr\/de\/wp-json\/wp\/v2\/avada_portfolio"}],"about":[{"href":"https:\/\/escale-bleue.fr\/de\/wp-json\/wp\/v2\/types\/avada_portfolio"}],"author":[{"embeddable":true,"href":"https:\/\/escale-bleue.fr\/de\/wp-json\/wp\/v2\/users\/8"}],"replies":[{"embeddable":true,"href":"https:\/\/escale-bleue.fr\/de\/wp-json\/wp\/v2\/comments?post=24541"}],"version-history":[{"count":3,"href":"https:\/\/escale-bleue.fr\/de\/wp-json\/wp\/v2\/avada_portfolio\/24541\/revisions"}],"predecessor-version":[{"id":24549,"href":"https:\/\/escale-bleue.fr\/de\/wp-json\/wp\/v2\/avada_portfolio\/24541\/revisions\/24549"}],"wp:featuredmedia":[{"embeddable":true,"href":"https:\/\/escale-bleue.fr\/de\/wp-json\/wp\/v2\/media\/24542"}],"wp:attachment":[{"href":"https:\/\/escale-bleue.fr\/de\/wp-json\/wp\/v2\/media?parent=24541"}],"wp:term":[{"taxonomy":"portfolio_category","embeddable":true,"href":"https:\/\/escale-bleue.fr\/de\/wp-json\/wp\/v2\/portfolio_category?post=24541"},{"taxonomy":"portfolio_skills","embeddable":true,"href":"https:\/\/escale-bleue.fr\/de\/wp-json\/wp\/v2\/portfolio_skills?post=24541"},{"taxonomy":"portfolio_tags","embeddable":true,"href":"https:\/\/escale-bleue.fr\/de\/wp-json\/wp\/v2\/portfolio_tags?post=24541"}],"curies":[{"name":"wp","href":"https:\/\/api.w.org\/{rel}","templated":true}]}}