{"id":24660,"date":"2026-03-15T11:05:09","date_gmt":"2026-03-15T09:05:09","guid":{"rendered":"https:\/\/escale-bleue.fr\/qui-sommes-nous\/"},"modified":"2026-03-24T18:43:49","modified_gmt":"2026-03-24T16:43:49","slug":"qui-sommes-nous","status":"publish","type":"page","link":"https:\/\/escale-bleue.fr\/de\/qui-sommes-nous\/","title":{"rendered":"\u00dcber uns"},"content":{"rendered":"<p><div class=\"fusion-fullwidth fullwidth-box fusion-builder-row-1 hundred-percent-fullwidth non-hundred-percent-height-scrolling fusion-equal-height-columns\" style=\"--awb-background-position:left top;--awb-border-sizes-top:0px;--awb-border-sizes-bottom:0px;--awb-border-sizes-left:0px;--awb-border-sizes-right:0px;--awb-border-radius-top-left:0px;--awb-border-radius-top-right:0px;--awb-border-radius-bottom-right:0px;--awb-border-radius-bottom-left:0px;--awb-padding-top:0px;--awb-padding-right:0px;--awb-padding-bottom:0px;--awb-padding-left:0px;--awb-flex-wrap:wrap;\" ><div class=\"fusion-builder-row fusion-row\"><div class=\"fusion-layout-column fusion_builder_column fusion-builder-column-0 fusion_builder_column_3_5 3_5 fusion-three-fifth fusion-column-first\" style=\"--awb-padding-top:90px;--awb-padding-right:10%;--awb-padding-bottom:80px;--awb-padding-left:10%;--awb-bg-size:cover;--awb-margin-top:0px;--awb-margin-bottom:0px;width:58.4%; margin-right: 4%;\"><div class=\"fusion-column-wrapper fusion-flex-column-wrapper-legacy\"><div class=\"fusion-text fusion-text-1\"><h2 style=\"text-align: center;\">Produzenten &amp;<\/h2>\n<h2 style=\"text-align: center;\">Vanille-Affineure<\/h2>\n<\/div><div class=\"fusion-sep-clear\"><\/div><div class=\"fusion-separator fusion-has-icon fusion-full-width-sep fusion-clearfix\" style=\"float:left;margin-top:4%;margin-bottom:40px;width:100%;\"><div class=\"fusion-separator-border sep-single sep-solid\" style=\"--awb-height:20px;--awb-amount:20px;border-color:#b9afa1;border-top-width:1px;\"><\/div><span class=\"icon-wrapper\" style=\"border-color:transparent;font-size:18px;width: 1.75em; height: 1.75em;border-width:1px;padding:1px;margin-top:-0.5px\"><i class=\" fa fa-pagelines\" style=\"font-size: inherit;color:#b9afa1;\" aria-hidden=\"true\"><\/i><\/span><div class=\"fusion-separator-border sep-single sep-solid\" style=\"--awb-height:20px;--awb-amount:20px;border-color:#b9afa1;border-top-width:1px;\"><\/div><\/div><div class=\"fusion-sep-clear\"><\/div><div class=\"fusion-text fusion-text-2\"><div class=\"vc_row wpb_row vc_row-fluid\">\n<div class=\"vc_col-sm-7 wpb_column vc_column_container \">\n<div class=\"wpb_wrapper\">\n<div class=\"wpb_text_column wpb_content_element \">\n<div class=\"wpb_wrapper\">\n<p class=\"font-claude-response-body break-words whitespace-normal leading-&#091;1.7&#093;\">Gegr\u00fcndet im Jahr 1986 im Herzen von Le Tremblet, in <strong>Saint-Philippe<\/strong>, ist <em>Escale Bleue<\/em> mit 40 Jahren Berufserfahrung einer der erfahrensten Vanille-Affineure von <strong>La R\u00e9union<\/strong>.<\/p>\n<p class=\"font-claude-response-body break-words whitespace-normal leading-&#091;1.7&#093;\">Nach 20 Jahren Forschung revolutionieren die Gr\u00fcnder die Regeln der Reifung und melden das <strong>weltweit erste Patent<\/strong> f\u00fcr die Aufbereitung von Vanilleschoten an. Daraus entsteht die <strong>Vanille Bleue<\/strong>: eine au\u00dfergew\u00f6hnliche, vollst\u00e4ndig essbare Vanille, deren Aroma sich mit der Zeit wie ein edler Jahrgang veredelt.<\/p>\n<p class=\"font-claude-response-body break-words whitespace-normal leading-&#091;1.7&#093;\">Diese Innovation erm\u00f6glichte es dem Unternehmen, die Vanille in das <strong>franz\u00f6sische Kunsthandwerkserbe<\/strong> einzubringen und als <strong>erstes Unternehmen auf La R\u00e9union<\/strong> das staatliche G\u00fctesiegel \u201e<strong>Unternehmen des lebendigen Kulturerbes<\/strong>\u201c zu erhalten.<\/p>\n<p class=\"font-claude-response-body break-words whitespace-normal leading-&#091;1.7&#093;\">Heute wird die Vanille Bleue von mehr als <strong>120 Michelin-Sternen<\/strong> und den gr\u00f6\u00dften Namen der franz\u00f6sischen und internationalen Gastronomie verwendet.<\/p>\n<\/div>\n<\/div>\n<\/div>\n<\/div>\n<\/div>\n<\/div><div class=\"fusion-sep-clear\"><\/div><div class=\"fusion-separator fusion-full-width-sep\" style=\"margin-left: auto;margin-right: auto;margin-top:10px;width:100%;\"><\/div><div class=\"fusion-sep-clear\"><\/div><div class=\"fusion-sep-clear\"><\/div><div class=\"fusion-separator fusion-full-width-sep\" style=\"margin-left: auto;margin-right: auto;margin-top:25px;width:100%;\"><\/div><div class=\"fusion-sep-clear\"><\/div><div class=\"fusion-clearfix\"><\/div><\/div><\/div><div class=\"fusion-layout-column fusion_builder_column fusion-builder-column-1 fusion_builder_column_2_5 2_5 fusion-two-fifth fusion-column-last fusion-animated\" style=\"--awb-bg-position:right bottom;--awb-bg-size:cover;--awb-margin-top:0px;--awb-margin-bottom:0px;width:37.6%;\" data-animationType=\"fadeInLeft\" data-animationDuration=\"0.6\" data-animationOffset=\"top-into-view\"><div class=\"fusion-column-wrapper fusion-column-has-shadow fusion-flex-column-wrapper-legacy\"><div class=\"fusion-image-element in-legacy-container\" style=\"--awb-caption-title-font-family:var(--h2_typography-font-family);--awb-caption-title-font-weight:var(--h2_typography-font-weight);--awb-caption-title-font-style:var(--h2_typography-font-style);--awb-caption-title-size:var(--h2_typography-font-size);--awb-caption-title-transform:var(--h2_typography-text-transform);--awb-caption-title-line-height:var(--h2_typography-line-height);--awb-caption-title-letter-spacing:var(--h2_typography-letter-spacing);\"><span class=\" fusion-imageframe imageframe-none imageframe-1 hover-type-none\"><img decoding=\"async\" width=\"1100\" height=\"1651\" alt=\"Co-fondateur LEICHNIG Aim\u00e9 dans une Plantation de vanille - \u00a9Jean Philippe Bouchiat\" title=\"Co-fondateur LEICHNIG Aim\u00e9 dans une Plantation de vanille &#8211; \u00a9Jean Philippe Bouchiat\" src=\"http:\/\/escale-bleue.fr\/wp-content\/uploads\/2026\/02\/Co-fondateur-LEICHNIG-Aime-dans-une-Plantation-de-vanille-\u00a9Jean-Philippe-Bouchiat.jpg\" class=\"img-responsive wp-image-24140\" srcset=\"https:\/\/escale-bleue.fr\/wp-content\/uploads\/2026\/02\/Co-fondateur-LEICHNIG-Aime-dans-une-Plantation-de-vanille-\u00a9Jean-Philippe-Bouchiat-200x300.jpg 200w, https:\/\/escale-bleue.fr\/wp-content\/uploads\/2026\/02\/Co-fondateur-LEICHNIG-Aime-dans-une-Plantation-de-vanille-\u00a9Jean-Philippe-Bouchiat-400x600.jpg 400w, https:\/\/escale-bleue.fr\/wp-content\/uploads\/2026\/02\/Co-fondateur-LEICHNIG-Aime-dans-une-Plantation-de-vanille-\u00a9Jean-Philippe-Bouchiat-600x901.jpg 600w, https:\/\/escale-bleue.fr\/wp-content\/uploads\/2026\/02\/Co-fondateur-LEICHNIG-Aime-dans-une-Plantation-de-vanille-\u00a9Jean-Philippe-Bouchiat-800x1201.jpg 800w, https:\/\/escale-bleue.fr\/wp-content\/uploads\/2026\/02\/Co-fondateur-LEICHNIG-Aime-dans-une-Plantation-de-vanille-\u00a9Jean-Philippe-Bouchiat.jpg 1100w\" sizes=\"(max-width: 1050px) 100vw, 600px\" \/><\/span><\/div><div class=\"fusion-clearfix\"><\/div><\/div><\/div><\/div><\/div><div class=\"fusion-fullwidth fullwidth-box fusion-builder-row-2 nonhundred-percent-fullwidth non-hundred-percent-height-scrolling\" style=\"--awb-border-sizes-top:0px;--awb-border-sizes-bottom:0px;--awb-border-sizes-left:0px;--awb-border-sizes-right:0px;--awb-border-radius-top-left:0px;--awb-border-radius-top-right:0px;--awb-border-radius-bottom-right:0px;--awb-border-radius-bottom-left:0px;--awb-padding-top:6%;--awb-padding-bottom:7%;--awb-background-color:#f9f9f9;--awb-flex-wrap:wrap;\" ><div class=\"fusion-builder-row fusion-row\"><div class=\"fusion-layout-column fusion_builder_column fusion-builder-column-2 fusion_builder_column_1_4 1_4 fusion-one-fourth fusion-column-first fusion-no-small-visibility\" style=\"--awb-bg-size:cover;width:22%; margin-right: 4%;\"><div class=\"fusion-column-wrapper fusion-flex-column-wrapper-legacy\"><div class=\"fusion-clearfix\"><\/div><\/div><\/div><div class=\"fusion-layout-column fusion_builder_column fusion-builder-column-3 fusion_builder_column_1_2 1_2 fusion-one-half\" style=\"--awb-bg-size:cover;--awb-margin-top:40px;--awb-margin-bottom:40px;width:48%; margin-right: 4%;\"><div class=\"fusion-column-wrapper fusion-flex-column-wrapper-legacy\"><div class=\"fusion-text fusion-text-3\"><h3 style=\"text-align: center;\">DIE GR\u00dcNDER<\/h3>\n<\/div><div class=\"fusion-sep-clear\"><\/div><div class=\"fusion-separator\" style=\"margin-left: auto;margin-right: auto;margin-top:0px;margin-bottom:40px;width:100%;max-width:170px;\"><div class=\"fusion-separator-border sep-single sep-solid\" style=\"--awb-height:20px;--awb-amount:20px;border-color:#b9afa1;border-top-width:1px;\"><\/div><\/div><div class=\"fusion-sep-clear\"><\/div><div class=\"fusion-clearfix\"><\/div><\/div><\/div><div class=\"fusion-layout-column fusion_builder_column fusion-builder-column-4 fusion_builder_column_1_4 1_4 fusion-one-fourth fusion-column-last fusion-no-small-visibility\" style=\"--awb-bg-size:cover;width:22%;\"><div class=\"fusion-column-wrapper fusion-flex-column-wrapper-legacy\"><div class=\"fusion-clearfix\"><\/div><\/div><\/div><div class=\"fusion-layout-column fusion_builder_column fusion-builder-column-5 fusion_builder_column_1_2 1_2 fusion-one-half fusion-column-first fusion-animated\" style=\"--awb-bg-size:cover;width:48%; margin-right: 4%;\" data-animationType=\"fadeInDown\" data-animationDuration=\"0.6\" data-animationOffset=\"top-into-view\"><div class=\"fusion-column-wrapper fusion-flex-column-wrapper-legacy\"><div class=\"fusion-person person fusion-person-left fusion-person-1 fusion-person-icon-top\" style=\"--awb-pic-style-color:#6f727b;--awb-pic-borderradius:0px;--awb-margin-top:0px;--awb-margin-right:0px;--awb-margin-bottom:0px;--awb-margin-left:0px;--awb-social-box-border-top:0px;--awb-social-box-border-right:0px;--awb-social-box-border-bottom:0px;--awb-social-box-border-left:0px;--awb-social-box-border-color:var(--awb-color3);--awb-social-box-border-color-hover:var(--awb-color4);--awb-social-box-colors-hover:rgba(233,233,233,0.8);--awb-social-icon-boxed-colors:#e9e9e9;--awb-social-icon-colors:#513838;--awb-social-icon-colors-hover:rgba(81,56,56,0.8);\"><div class=\"person-shortcode-image-wrapper\"><div class=\"person-image-container hover-type-zoomin\" style=\"border:0px solid #f6f6f6;-webkit-border-radius:0px;-moz-border-radius:0px;border-radius:0px;\"><img decoding=\"async\" class=\"person-img img-responsive wp-image-1015\" width=\"750\" height=\"750\" src=\"http:\/\/escale-bleue.fr\/wp-content\/uploads\/2020\/09\/Nicole-LEICHNIG.jpg\" alt=\"Nicole Leichnig\" srcset=\"https:\/\/escale-bleue.fr\/wp-content\/uploads\/2020\/09\/Nicole-LEICHNIG-200x200.jpg 200w, https:\/\/escale-bleue.fr\/wp-content\/uploads\/2020\/09\/Nicole-LEICHNIG-400x400.jpg 400w, https:\/\/escale-bleue.fr\/wp-content\/uploads\/2020\/09\/Nicole-LEICHNIG-600x600.jpg 600w, https:\/\/escale-bleue.fr\/wp-content\/uploads\/2020\/09\/Nicole-LEICHNIG.jpg 750w\" sizes=\"(max-width: 1050px) 100vw, 600px\" \/><\/div><\/div><div class=\"person-desc\"><div class=\"person-author\"><div class=\"person-author-wrapper\"><span class=\"person-name\">Nicole Leichnig<\/span><span class=\"person-title\">Gesch\u00e4ftsf\u00fchrerin und Affineurin f\u00fcr Vanille Bleue<\/span><\/div><\/div><div class=\"person-content fusion-clearfix\">Als Absolventin der Universit\u00e4t Cambridge deutete nichts darauf hin, dass diese Blume der mauritischen Inseln auf der Insel La R\u00e9union aufbl\u00fchen w\u00fcrde, noch dazu in einem so anspruchsvollen Sektor wie der Vanille. Dennoch ist sie mit ihrer 34-j\u00e4hrigen Erfahrung auf diesem Gebiet eine der erfahrensten Vanille-Aufbereiterinnen der Insel. Als Gesch\u00e4ftsf\u00fchrerin mit eiserner Hand ist sie eine der Haupts\u00e4ulen von Escale Bleue in den Bereichen Management, Aufbereitung und Innovation. Als Sch\u00fclerin von Escoffier und Tr\u00e4gerin der \u201eToque Fran\u00e7aise\u201c ist sie die Sch\u00f6pferin der Vanille Bleue.<\/div><\/div><\/div><div class=\"fusion-clearfix\"><\/div><\/div><\/div><div class=\"fusion-layout-column fusion_builder_column fusion-builder-column-6 fusion_builder_column_1_2 1_2 fusion-one-half fusion-column-last fusion-animated\" style=\"--awb-bg-size:cover;width:48%;\" data-animationType=\"fadeInDown\" data-animationDuration=\"0.6\" data-animationOffset=\"top-into-view\"><div class=\"fusion-column-wrapper fusion-flex-column-wrapper-legacy\"><div class=\"fusion-person person fusion-person-left fusion-person-2 fusion-person-icon-top\" style=\"--awb-pic-style-color:#6f727b;--awb-pic-borderradius:0px;--awb-margin-top:0px;--awb-margin-right:0px;--awb-margin-bottom:0px;--awb-margin-left:0px;--awb-social-box-border-top:0px;--awb-social-box-border-right:0px;--awb-social-box-border-bottom:0px;--awb-social-box-border-left:0px;--awb-social-box-border-color:var(--awb-color3);--awb-social-box-border-color-hover:var(--awb-color4);--awb-social-box-colors-hover:rgba(233,233,233,0.8);--awb-social-icon-boxed-colors:#e9e9e9;--awb-social-icon-colors:#513838;--awb-social-icon-colors-hover:rgba(81,56,56,0.8);\"><div class=\"person-shortcode-image-wrapper\"><div class=\"person-image-container hover-type-zoomin\" style=\"border:0px solid #f6f6f6;-webkit-border-radius:0px;-moz-border-radius:0px;border-radius:0px;\"><img decoding=\"async\" class=\"person-img img-responsive wp-image-1017\" width=\"750\" height=\"750\" src=\"http:\/\/escale-bleue.fr\/wp-content\/uploads\/2020\/09\/Aime-LEICHNIG.jpg\" alt=\"Aim\u00e9 LEICHNIG\" srcset=\"https:\/\/escale-bleue.fr\/wp-content\/uploads\/2020\/09\/Aime-LEICHNIG-200x200.jpg 200w, https:\/\/escale-bleue.fr\/wp-content\/uploads\/2020\/09\/Aime-LEICHNIG-400x400.jpg 400w, https:\/\/escale-bleue.fr\/wp-content\/uploads\/2020\/09\/Aime-LEICHNIG-600x600.jpg 600w, https:\/\/escale-bleue.fr\/wp-content\/uploads\/2020\/09\/Aime-LEICHNIG.jpg 750w\" sizes=\"(max-width: 1050px) 100vw, 600px\" \/><\/div><\/div><div class=\"person-desc\"><div class=\"person-author\"><div class=\"person-author-wrapper\"><span class=\"person-name\">Aim\u00e9 LEICHNIG<\/span><span class=\"person-title\">Gesch\u00e4ftsf\u00fchrer<\/span><\/div><\/div><div class=\"person-content fusion-clearfix\">Mit landwirtschaftlicher Ausbildung ist dieser \u201eYab aus Le Tremblet\u201c mit mehr als 30 Jahren Erfahrung zu einer Schl\u00fcsselfigur der Vanille geworden. Bereits 1984 arbeitete er als Techniker f\u00fcr die Wiederbelebung des Vanilleanbaus im Unterholz. Als ehemaliges Kommissionsmitglied in der Pr\u00e4fektur war er aktiv an der Einf\u00fchrung von Bio-Vanille und Zertifizierungsstellen auf der Insel, der Entwicklung einer g.g.A. (IGP) und der Erforschung der Orchidee beteiligt, um dem Sektor auf La R\u00e9union eine erneute Entwicklung zu erm\u00f6glichen. Seine Bem\u00fchungen erhielten schlie\u00dflich eine erste staatliche Anerkennung mit der Verleihung der Medaille f\u00fcr Verdienste um die Landwirtschaft (M\u00e9daille du M\u00e9rite Agricole) in der Nationalversammlung.<\/div><\/div><\/div><div class=\"fusion-clearfix\"><\/div><\/div><\/div><\/div><\/div><\/p>\n","protected":false},"excerpt":{"rendered":"","protected":false},"author":10,"featured_media":0,"parent":0,"menu_order":0,"comment_status":"closed","ping_status":"closed","template":"100-width.php","meta":{"footnotes":""},"class_list":["post-24660","page","type-page","status-publish","hentry"],"yoast_head":"<!-- This site is optimized with the Yoast SEO Premium plugin v27.4 (Yoast SEO v27.4) - https:\/\/yoast.com\/product\/yoast-seo-premium-wordpress\/ -->\n<title>\u00dcber uns &#8211; Escale Bleue - Atelier Vanille<\/title>\n<meta name=\"robots\" content=\"index, follow, max-snippet:-1, max-image-preview:large, max-video-preview:-1\" \/>\n<link rel=\"canonical\" href=\"https:\/\/escale-bleue.fr\/de\/qui-sommes-nous\/\" \/>\n<meta property=\"og:locale\" content=\"de_DE\" \/>\n<meta property=\"og:type\" content=\"article\" \/>\n<meta property=\"og:title\" content=\"\u00dcber uns\" \/>\n<meta property=\"og:url\" content=\"https:\/\/escale-bleue.fr\/de\/qui-sommes-nous\/\" \/>\n<meta property=\"og:site_name\" content=\"Escale Bleue - Atelier Vanille\" \/>\n<meta property=\"article:publisher\" content=\"https:\/\/www.facebook.com\/Escalebleue\" \/>\n<meta property=\"article:modified_time\" content=\"2026-03-24T16:43:49+00:00\" \/>\n<meta property=\"og:image\" content=\"http:\/\/escale-bleue.fr\/wp-content\/uploads\/2016\/05\/Vanille-Bleue-affinage.jpg\" \/>\n<meta name=\"twitter:card\" content=\"summary_large_image\" \/>\n<meta name=\"twitter:site\" content=\"@EscaleBleue\" \/>\n<meta name=\"twitter:label1\" content=\"Gesch\u00e4tzte Lesezeit\" \/>\n\t<meta name=\"twitter:data1\" content=\"9\u00a0Minuten\" \/>\n<script type=\"application\/ld+json\" class=\"yoast-schema-graph\">{\"@context\":\"https:\\\/\\\/schema.org\",\"@graph\":[{\"@type\":\"WebPage\",\"@id\":\"https:\\\/\\\/escale-bleue.fr\\\/de\\\/qui-sommes-nous\\\/\",\"url\":\"https:\\\/\\\/escale-bleue.fr\\\/de\\\/qui-sommes-nous\\\/\",\"name\":\"\u00dcber uns &#8211; Escale Bleue - Atelier Vanille\",\"isPartOf\":{\"@id\":\"https:\\\/\\\/escale-bleue.fr\\\/de\\\/#website\"},\"datePublished\":\"2026-03-15T09:05:09+00:00\",\"dateModified\":\"2026-03-24T16:43:49+00:00\",\"breadcrumb\":{\"@id\":\"https:\\\/\\\/escale-bleue.fr\\\/de\\\/qui-sommes-nous\\\/#breadcrumb\"},\"inLanguage\":\"de\",\"potentialAction\":[{\"@type\":\"ReadAction\",\"target\":[\"https:\\\/\\\/escale-bleue.fr\\\/de\\\/qui-sommes-nous\\\/\"]}]},{\"@type\":\"BreadcrumbList\",\"@id\":\"https:\\\/\\\/escale-bleue.fr\\\/de\\\/qui-sommes-nous\\\/#breadcrumb\",\"itemListElement\":[{\"@type\":\"ListItem\",\"position\":1,\"name\":\"Accueil\",\"item\":\"https:\\\/\\\/escale-bleue.fr\\\/de\\\/\"},{\"@type\":\"ListItem\",\"position\":2,\"name\":\"\u00dcber uns\"}]},{\"@type\":\"WebSite\",\"@id\":\"https:\\\/\\\/escale-bleue.fr\\\/de\\\/#website\",\"url\":\"https:\\\/\\\/escale-bleue.fr\\\/de\\\/\",\"name\":\"Escale Bleue - Atelier Vanille \u00e0 la R\u00e9union\",\"description\":\"\",\"publisher\":{\"@id\":\"https:\\\/\\\/escale-bleue.fr\\\/de\\\/#organization\"},\"potentialAction\":[{\"@type\":\"SearchAction\",\"target\":{\"@type\":\"EntryPoint\",\"urlTemplate\":\"https:\\\/\\\/escale-bleue.fr\\\/de\\\/?s={search_term_string}\"},\"query-input\":{\"@type\":\"PropertyValueSpecification\",\"valueRequired\":true,\"valueName\":\"search_term_string\"}}],\"inLanguage\":\"de\"},{\"@type\":\"Organization\",\"@id\":\"https:\\\/\\\/escale-bleue.fr\\\/de\\\/#organization\",\"name\":\"Escale Bleue - Atelier Vanille R\u00e9union\",\"url\":\"https:\\\/\\\/escale-bleue.fr\\\/de\\\/\",\"logo\":{\"@type\":\"ImageObject\",\"inLanguage\":\"de\",\"@id\":\"https:\\\/\\\/escale-bleue.fr\\\/de\\\/#\\\/schema\\\/logo\\\/image\\\/\",\"url\":\"https:\\\/\\\/escale-bleue.fr\\\/wp-content\\\/uploads\\\/2026\\\/02\\\/logo_escale_bleue_b9afa1.png\",\"contentUrl\":\"https:\\\/\\\/escale-bleue.fr\\\/wp-content\\\/uploads\\\/2026\\\/02\\\/logo_escale_bleue_b9afa1.png\",\"width\":400,\"height\":218,\"caption\":\"Escale Bleue - Atelier Vanille R\u00e9union\"},\"image\":{\"@id\":\"https:\\\/\\\/escale-bleue.fr\\\/de\\\/#\\\/schema\\\/logo\\\/image\\\/\"},\"sameAs\":[\"https:\\\/\\\/www.facebook.com\\\/Escalebleue\",\"https:\\\/\\\/x.com\\\/EscaleBleue\",\"https:\\\/\\\/www.instagram.com\\\/escalebleue\\\/\"]}]}<\/script>\n<!-- \/ Yoast SEO Premium plugin. -->","yoast_head_json":{"title":"\u00dcber uns &#8211; Escale Bleue - Atelier Vanille","robots":{"index":"index","follow":"follow","max-snippet":"max-snippet:-1","max-image-preview":"max-image-preview:large","max-video-preview":"max-video-preview:-1"},"canonical":"https:\/\/escale-bleue.fr\/de\/qui-sommes-nous\/","og_locale":"de_DE","og_type":"article","og_title":"\u00dcber uns","og_url":"https:\/\/escale-bleue.fr\/de\/qui-sommes-nous\/","og_site_name":"Escale Bleue - Atelier Vanille","article_publisher":"https:\/\/www.facebook.com\/Escalebleue","article_modified_time":"2026-03-24T16:43:49+00:00","og_image":[{"url":"http:\/\/escale-bleue.fr\/wp-content\/uploads\/2016\/05\/Vanille-Bleue-affinage.jpg","type":"","width":"","height":""}],"twitter_card":"summary_large_image","twitter_site":"@EscaleBleue","twitter_misc":{"Gesch\u00e4tzte Lesezeit":"9\u00a0Minuten"},"schema":{"@context":"https:\/\/schema.org","@graph":[{"@type":"WebPage","@id":"https:\/\/escale-bleue.fr\/de\/qui-sommes-nous\/","url":"https:\/\/escale-bleue.fr\/de\/qui-sommes-nous\/","name":"\u00dcber uns &#8211; Escale Bleue - Atelier Vanille","isPartOf":{"@id":"https:\/\/escale-bleue.fr\/de\/#website"},"datePublished":"2026-03-15T09:05:09+00:00","dateModified":"2026-03-24T16:43:49+00:00","breadcrumb":{"@id":"https:\/\/escale-bleue.fr\/de\/qui-sommes-nous\/#breadcrumb"},"inLanguage":"de","potentialAction":[{"@type":"ReadAction","target":["https:\/\/escale-bleue.fr\/de\/qui-sommes-nous\/"]}]},{"@type":"BreadcrumbList","@id":"https:\/\/escale-bleue.fr\/de\/qui-sommes-nous\/#breadcrumb","itemListElement":[{"@type":"ListItem","position":1,"name":"Accueil","item":"https:\/\/escale-bleue.fr\/de\/"},{"@type":"ListItem","position":2,"name":"\u00dcber uns"}]},{"@type":"WebSite","@id":"https:\/\/escale-bleue.fr\/de\/#website","url":"https:\/\/escale-bleue.fr\/de\/","name":"Escale Bleue - Atelier Vanille \u00e0 la R\u00e9union","description":"","publisher":{"@id":"https:\/\/escale-bleue.fr\/de\/#organization"},"potentialAction":[{"@type":"SearchAction","target":{"@type":"EntryPoint","urlTemplate":"https:\/\/escale-bleue.fr\/de\/?s={search_term_string}"},"query-input":{"@type":"PropertyValueSpecification","valueRequired":true,"valueName":"search_term_string"}}],"inLanguage":"de"},{"@type":"Organization","@id":"https:\/\/escale-bleue.fr\/de\/#organization","name":"Escale Bleue - Atelier Vanille R\u00e9union","url":"https:\/\/escale-bleue.fr\/de\/","logo":{"@type":"ImageObject","inLanguage":"de","@id":"https:\/\/escale-bleue.fr\/de\/#\/schema\/logo\/image\/","url":"https:\/\/escale-bleue.fr\/wp-content\/uploads\/2026\/02\/logo_escale_bleue_b9afa1.png","contentUrl":"https:\/\/escale-bleue.fr\/wp-content\/uploads\/2026\/02\/logo_escale_bleue_b9afa1.png","width":400,"height":218,"caption":"Escale Bleue - Atelier Vanille R\u00e9union"},"image":{"@id":"https:\/\/escale-bleue.fr\/de\/#\/schema\/logo\/image\/"},"sameAs":["https:\/\/www.facebook.com\/Escalebleue","https:\/\/x.com\/EscaleBleue","https:\/\/www.instagram.com\/escalebleue\/"]}]}},"_links":{"self":[{"href":"https:\/\/escale-bleue.fr\/de\/wp-json\/wp\/v2\/pages\/24660","targetHints":{"allow":["GET"]}}],"collection":[{"href":"https:\/\/escale-bleue.fr\/de\/wp-json\/wp\/v2\/pages"}],"about":[{"href":"https:\/\/escale-bleue.fr\/de\/wp-json\/wp\/v2\/types\/page"}],"author":[{"embeddable":true,"href":"https:\/\/escale-bleue.fr\/de\/wp-json\/wp\/v2\/users\/10"}],"replies":[{"embeddable":true,"href":"https:\/\/escale-bleue.fr\/de\/wp-json\/wp\/v2\/comments?post=24660"}],"version-history":[{"count":3,"href":"https:\/\/escale-bleue.fr\/de\/wp-json\/wp\/v2\/pages\/24660\/revisions"}],"predecessor-version":[{"id":24667,"href":"https:\/\/escale-bleue.fr\/de\/wp-json\/wp\/v2\/pages\/24660\/revisions\/24667"}],"wp:attachment":[{"href":"https:\/\/escale-bleue.fr\/de\/wp-json\/wp\/v2\/media?parent=24660"}],"curies":[{"name":"wp","href":"https:\/\/api.w.org\/{rel}","templated":true}]}}