{"id":24680,"date":"2014-05-28T12:31:48","date_gmt":"2014-05-28T10:31:48","guid":{"rendered":"https:\/\/escale-bleue.fr\/quest-ce-que-la-vanille-bleue\/"},"modified":"2026-03-24T18:43:51","modified_gmt":"2026-03-24T16:43:51","slug":"quest-ce-que-la-vanille-bleue","status":"publish","type":"page","link":"https:\/\/escale-bleue.fr\/de\/quest-ce-que-la-vanille-bleue\/","title":{"rendered":"Was ist die Vanille Bleue?"},"content":{"rendered":"<p><div class=\"fusion-fullwidth fullwidth-box fusion-builder-row-1 hundred-percent-fullwidth non-hundred-percent-height-scrolling fusion-equal-height-columns\" style=\"--awb-border-radius-top-left:0px;--awb-border-radius-top-right:0px;--awb-border-radius-bottom-right:0px;--awb-border-radius-bottom-left:0px;--awb-padding-top:0px;--awb-padding-right:0px;--awb-padding-bottom:0px;--awb-padding-left:0px;--awb-flex-wrap:wrap;\" ><div class=\"fusion-builder-row fusion-row\"><div class=\"fusion-layout-column fusion_builder_column fusion-builder-column-0 fusion_builder_column_1_2 1_2 fusion-one-half fusion-column-first fusion-animated\" style=\"--awb-padding-top:80px;--awb-padding-right:10%;--awb-padding-bottom:80px;--awb-padding-left:10%;--awb-bg-color:#1a1a2e;--awb-bg-color-hover:#1a1a2e;--awb-bg-position:center center;--awb-bg-size:cover;--awb-margin-top:0px;--awb-margin-bottom:0px;width:50%;width:calc(50% - ( ( 0px ) * 0.5 ) );margin-right: 0px;\" data-animationType=\"fadeInLeft\" data-animationDuration=\"0.8\" data-animationOffset=\"top-into-view\"><div class=\"fusion-column-wrapper fusion-flex-column-wrapper-legacy\"><div class=\"fusion-column-content-centered\"><div class=\"fusion-column-content\"><div class=\"fusion-text fusion-text-1\"><p style=\"color: #b9afa1; letter-spacing: 3px; text-transform: uppercase; font-weight: 300; font-family: Libre Baskerville, Garamond, serif; font-size: 24px; font-style: italic;\">Escale Bleue pr\u00e4sentiert<\/p>\n<\/div><div class=\"fusion-sep-clear\"><\/div><div class=\"fusion-separator fusion-clearfix\" style=\"float:left;margin-top:15px;margin-bottom:25px;width:100%;max-width:80px;\"><div class=\"fusion-separator-border sep-single sep-solid\" style=\"--awb-height:20px;--awb-amount:20px;border-color:#b9afa1;border-top-width:1px;\"><\/div><\/div><div class=\"fusion-sep-clear\"><\/div><div class=\"fusion-text fusion-text-2\"><h2 style=\"color: #ffffff; font-size: 48px; line-height: 1.2;\">Die Vanille Bleue<\/h2>\n<\/div><div class=\"fusion-text fusion-text-3\"><p style=\"color: #cccccc; font-size: 18px; line-height: 1.8; margin-top: 20px;\">Die Vanille Bleue ist die weltweit erste <strong>patentierte<\/strong> Vanilleschote, kreiert von Escale Bleue in Saint-Philippe (La R\u00e9union).<\/p>\n<p style=\"color: #cccccc; font-size: 18px; line-height: 1.8; margin-top: 20px;\">Als Ergebnis von 20 Jahren Forschung und Entwicklung ist sie zu 100 % essbar, von den gr\u00f6\u00dften K\u00f6chen <strong>ausgezeichnet<\/strong> und mit dem <strong>Diamond Taste Award 2024<\/strong> pr\u00e4miert \u2013 der h\u00f6chsten internationalen Geschmacks-Auszeichnung.<\/p>\n<\/div><div class=\"fusion-sep-clear\"><\/div><div class=\"fusion-separator fusion-full-width-sep\" style=\"margin-left: auto;margin-right: auto;margin-top:25px;width:100%;\"><\/div><div class=\"fusion-sep-clear\"><\/div><div class=\"fusion-alignleft\"><a class=\"fusion-button button-flat button-large button-custom fusion-button-default button-1 fusion-button-span-no fusion-button-default-type\" style=\"--button_accent_color:#b9afa1;--button_border_color:#b9afa1;--button_accent_hover_color:#1a1a2e;--button_border_hover_color:#1a1a2e;--button_border_width-top:2px;--button_border_width-right:2px;--button_border_width-bottom:2px;--button_border_width-left:2px;--button-border-radius-top-left:0px;--button-border-radius-top-right:0px;--button-border-radius-bottom-right:0px;--button-border-radius-bottom-left:0px;--button_gradient_top_color:rgba(0,0,0,0);--button_gradient_bottom_color:rgba(0,0,0,0);--button_gradient_top_color_hover:#b9afa1;--button_gradient_bottom_color_hover:#b9afa1;--button_text_transform:uppercase;\" target=\"_blank\" rel=\"noopener noreferrer\" href=\"https:\/\/shop.escale-bleue.fr\"><i class=\"fa-shopping-bag fas awb-button__icon awb-button__icon--default button-icon-left\" aria-hidden=\"true\"><\/i><span class=\"fusion-button-text awb-button__text awb-button__text--default\">Shop entdecken<\/span><\/a><\/div><\/div><\/div><div class=\"fusion-clearfix\"><\/div><\/div><\/div><div class=\"fusion-layout-column fusion_builder_column fusion-builder-column-1 fusion_builder_column_1_2 1_2 fusion-one-half fusion-column-last fusion-animated\" style=\"--awb-bg-image:url(&#039;http:\/\/escale-bleue.fr\/wp-content\/uploads\/2014\/07\/vanille-bleue-gousses.jpg&#039;);--awb-bg-position:center center;--awb-bg-blend:overlay;--awb-bg-size:cover;--awb-margin-top:0px;--awb-margin-bottom:0px;width:50%;width:calc(50% - ( ( 0px ) * 0.5 ) );\" data-animationType=\"fadeInRight\" data-animationDuration=\"0.8\" data-animationOffset=\"top-into-view\"><div class=\"fusion-column-wrapper fusion-flex-column-wrapper-legacy fusion-column-has-bg-image\" data-bg-url=\"http:\/\/escale-bleue.fr\/wp-content\/uploads\/2014\/07\/vanille-bleue-gousses.jpg\"><div class=\"fusion-image-element in-legacy-container\" style=\"--awb-caption-title-font-family:var(--h2_typography-font-family);--awb-caption-title-font-weight:var(--h2_typography-font-weight);--awb-caption-title-font-style:var(--h2_typography-font-style);--awb-caption-title-size:var(--h2_typography-font-size);--awb-caption-title-transform:var(--h2_typography-text-transform);--awb-caption-title-line-height:var(--h2_typography-line-height);--awb-caption-title-letter-spacing:var(--h2_typography-letter-spacing);\"><span class=\" fusion-imageframe imageframe-none imageframe-1 hover-type-none\"><img decoding=\"async\" width=\"1706\" height=\"2560\" alt=\"Gousses de Vanille Bleue affin\u00e9es par Escale Bleue, photo Jean-Philippe Bouchiat\" title=\"Photo Vanille Bleue 2- \u00a9Jean Philippe Bouchiat\" src=\"https:\/\/escale-bleue.fr\/wp-content\/uploads\/2026\/02\/Photo-Vanille-Bleue-2-\u00a9Jean-Philippe-Bouchiat-scaled.jpg\" class=\"img-responsive wp-image-24661\" srcset=\"https:\/\/escale-bleue.fr\/wp-content\/uploads\/2026\/02\/Photo-Vanille-Bleue-2-\u00a9Jean-Philippe-Bouchiat-200x300.jpg 200w, https:\/\/escale-bleue.fr\/wp-content\/uploads\/2026\/02\/Photo-Vanille-Bleue-2-\u00a9Jean-Philippe-Bouchiat-400x600.jpg 400w, https:\/\/escale-bleue.fr\/wp-content\/uploads\/2026\/02\/Photo-Vanille-Bleue-2-\u00a9Jean-Philippe-Bouchiat-600x900.jpg 600w, https:\/\/escale-bleue.fr\/wp-content\/uploads\/2026\/02\/Photo-Vanille-Bleue-2-\u00a9Jean-Philippe-Bouchiat-800x1200.jpg 800w, https:\/\/escale-bleue.fr\/wp-content\/uploads\/2026\/02\/Photo-Vanille-Bleue-2-\u00a9Jean-Philippe-Bouchiat-1200x1800.jpg 1200w, https:\/\/escale-bleue.fr\/wp-content\/uploads\/2026\/02\/Photo-Vanille-Bleue-2-\u00a9Jean-Philippe-Bouchiat-scaled.jpg 1706w\" sizes=\"(max-width: 1050px) 100vw, 600px\" \/><\/span><\/div><div class=\"fusion-clearfix\"><\/div><\/div><\/div><\/div><\/div><div class=\"fusion-fullwidth fullwidth-box fusion-builder-row-2 nonhundred-percent-fullwidth non-hundred-percent-height-scrolling\" style=\"--awb-border-radius-top-left:0px;--awb-border-radius-top-right:0px;--awb-border-radius-bottom-right:0px;--awb-border-radius-bottom-left:0px;--awb-padding-top:70px;--awb-padding-bottom:70px;--awb-background-color:#f9f9f9;--awb-flex-wrap:wrap;\" ><div class=\"fusion-builder-row fusion-row\"><div class=\"fusion-layout-column fusion_builder_column fusion-builder-column-2 fusion_builder_column_1_1 1_1 fusion-one-full fusion-column-first fusion-column-last\" style=\"--awb-bg-blend:overlay;--awb-bg-size:cover;\"><div class=\"fusion-column-wrapper fusion-flex-column-wrapper-legacy\"><div class=\"fusion-text fusion-text-4\"><h2 style=\"text-align: center; letter-spacing: 2px; font-size: 36px; line-height: 1.25; font-family: Libre Baskerville, Garamond, serif; font-weight: 400;\">WARUM DIE VANILLE BLEUE EINZIGARTIG IST<\/h2>\n<\/div><div class=\"fusion-sep-clear\"><\/div><div class=\"fusion-separator\" style=\"margin-left: auto;margin-right: auto;margin-top:5px;margin-bottom:50px;width:100%;max-width:170px;\"><div class=\"fusion-separator-border sep-single sep-solid\" style=\"--awb-height:20px;--awb-amount:20px;border-color:#b9afa1;border-top-width:1px;\"><\/div><\/div><div class=\"fusion-sep-clear\"><\/div><div class=\"fusion-clearfix\"><\/div><\/div><\/div><div class=\"fusion-layout-column fusion_builder_column fusion-builder-column-3 fusion_builder_column_1_3 1_3 fusion-one-third fusion-column-first fusion-animated\" style=\"--awb-padding-top:30px;--awb-padding-right:30px;--awb-padding-bottom:30px;--awb-padding-left:30px;--awb-bg-color:#ffffff;--awb-bg-color-hover:#ffffff;--awb-bg-size:cover;width:30.6666%; margin-right: 4%;\" data-animationType=\"fadeInUp\" data-animationDuration=\"0.6\" data-animationOffset=\"top-into-view\"><div class=\"fusion-column-wrapper fusion-flex-column-wrapper-legacy\"><div class=\"fusion-fa-align-center\"><i class=\"fb-icon-element-1 fb-icon-element fontawesome-icon fa-gem fas circle-no\" style=\"--awb-iconcolor:#b9afa1;--awb-iconcolor-hover:#b9afa1;--awb-font-size:40px;\"><\/i><\/div><div class=\"fusion-sep-clear\"><\/div><div class=\"fusion-separator fusion-full-width-sep\" style=\"margin-left: auto;margin-right: auto;margin-top:15px;width:100%;\"><\/div><div class=\"fusion-sep-clear\"><\/div><div class=\"fusion-text fusion-text-5\"><h4 style=\"text-align: center;\">100 % essbar<\/h4>\n<p style=\"text-align: center; color: #666;\">Im Gegensatz zu zu trockenen Schoten kann die Vanille Bleue vollst\u00e4ndig gegessen werden, einschlie\u00dflich ihrer H\u00fclle, gekocht oder roh. Kratzen Sie sie aus, lassen Sie sie ziehen oder schneiden Sie sie in feine Streifen direkt in Ihre Gerichte. <\/p>\n<\/div><div class=\"fusion-clearfix\"><\/div><\/div><\/div><div class=\"fusion-layout-column fusion_builder_column fusion-builder-column-4 fusion_builder_column_1_3 1_3 fusion-one-third fusion-animated\" style=\"--awb-padding-top:30px;--awb-padding-right:30px;--awb-padding-bottom:30px;--awb-padding-left:30px;--awb-bg-color:#ffffff;--awb-bg-color-hover:#ffffff;--awb-bg-size:cover;width:30.6666%; margin-right: 4%;\" data-animationType=\"fadeInUp\" data-animationDuration=\"0.6\" data-animationOffset=\"top-into-view\"><div class=\"fusion-column-wrapper fusion-column-has-shadow fusion-flex-column-wrapper-legacy\"><div class=\"fusion-fa-align-center\"><i class=\"fb-icon-element-2 fb-icon-element fontawesome-icon fa-award fas circle-no\" style=\"--awb-iconcolor:#b9afa1;--awb-iconcolor-hover:#b9afa1;--awb-font-size:40px;\"><\/i><\/div><div class=\"fusion-sep-clear\"><\/div><div class=\"fusion-separator fusion-full-width-sep\" style=\"margin-left: auto;margin-right: auto;margin-top:15px;width:100%;\"><\/div><div class=\"fusion-sep-clear\"><\/div><div class=\"fusion-text fusion-text-6\"><h4 style=\"text-align: center;\">Von \u00fcber 120 K\u00f6chen ausgezeichnet<\/h4>\n<p style=\"text-align: center; color: #666;\">Seit 2016 wird die Vanille Bleue jedes Jahr von einer Jury preisgekr\u00f6nter oder mit Sternen ausgezeichneter K\u00f6che der renommiertesten gastronomischen Vereinigungen Europas mit der h\u00f6chsten Geschmacksnote pr\u00e4miert.<\/p>\n<\/div><div class=\"fusion-clearfix\"><\/div><\/div><\/div><div class=\"fusion-layout-column fusion_builder_column fusion-builder-column-5 fusion_builder_column_1_3 1_3 fusion-one-third fusion-column-last fusion-animated\" style=\"--awb-padding-top:30px;--awb-padding-right:30px;--awb-padding-bottom:30px;--awb-padding-left:30px;--awb-bg-color:#ffffff;--awb-bg-color-hover:#ffffff;--awb-bg-size:cover;width:30.6666%;\" data-animationType=\"fadeInUp\" data-animationDuration=\"0.6\" data-animationOffset=\"top-into-view\"><div class=\"fusion-column-wrapper fusion-column-has-shadow fusion-flex-column-wrapper-legacy\"><div class=\"fusion-fa-align-center\"><i class=\"fb-icon-element-3 fb-icon-element fontawesome-icon fa-wine-bottle fas circle-no\" style=\"--awb-iconcolor:#b9afa1;--awb-iconcolor-hover:#b9afa1;--awb-font-size:40px;\"><\/i><\/div><div class=\"fusion-sep-clear\"><\/div><div class=\"fusion-separator fusion-full-width-sep\" style=\"margin-left: auto;margin-right: auto;margin-top:15px;width:100%;\"><\/div><div class=\"fusion-sep-clear\"><\/div><div class=\"fusion-text fusion-text-7\"><h4 style=\"text-align: center;\">Wird mit der Zeit besser<\/h4>\n<p style=\"text-align: center; color: #666;\">Wie ein Jahrgang entwickelt sich ihr Aroma st\u00e4ndig weiter und wird besser. Mehr als 10 Jahre Lagerung in einem luftdichten Glasgef\u00e4\u00df, gesch\u00fctzt vor Hitze und Sonne. <\/p>\n<\/div><div class=\"fusion-clearfix\"><\/div><\/div><\/div><\/div><\/div><div class=\"fusion-fullwidth fullwidth-box fusion-builder-row-3 hundred-percent-fullwidth non-hundred-percent-height-scrolling fusion-equal-height-columns\" style=\"--awb-border-radius-top-left:0px;--awb-border-radius-top-right:0px;--awb-border-radius-bottom-right:0px;--awb-border-radius-bottom-left:0px;--awb-padding-top:0px;--awb-padding-right:0px;--awb-padding-bottom:0px;--awb-padding-left:0px;--awb-flex-wrap:wrap;\" ><div class=\"fusion-builder-row fusion-row\"><div class=\"fusion-layout-column fusion_builder_column fusion-builder-column-6 fusion_builder_column_1_2 1_2 fusion-one-half fusion-column-first fusion-animated\" style=\"--awb-bg-image:url(&#039;http:\/\/escale-bleue.fr\/wp-content\/uploads\/2015\/02\/vanille-bleue-culture-sous-bois.jpg&#039;);--awb-bg-position:center center;--awb-bg-blend:overlay;--awb-bg-size:cover;--awb-margin-top:0px;--awb-margin-bottom:0px;width:50%;width:calc(50% - ( ( 0px ) * 0.5 ) );margin-right: 0px;\" data-animationType=\"fadeInLeft\" data-animationDuration=\"0.8\" data-animationOffset=\"top-into-view\"><div class=\"fusion-column-wrapper fusion-flex-column-wrapper-legacy fusion-column-has-bg-image\" data-bg-url=\"http:\/\/escale-bleue.fr\/wp-content\/uploads\/2015\/02\/vanille-bleue-culture-sous-bois.jpg\"><div class=\"fusion-image-element in-legacy-container\" style=\"--awb-caption-title-font-family:var(--h2_typography-font-family);--awb-caption-title-font-weight:var(--h2_typography-font-weight);--awb-caption-title-font-style:var(--h2_typography-font-style);--awb-caption-title-size:var(--h2_typography-font-size);--awb-caption-title-transform:var(--h2_typography-text-transform);--awb-caption-title-line-height:var(--h2_typography-line-height);--awb-caption-title-letter-spacing:var(--h2_typography-letter-spacing);\"><span class=\" fusion-imageframe imageframe-none imageframe-2 hover-type-none\"><img decoding=\"async\" width=\"1326\" height=\"1856\" alt=\"Gousses de Vanille Bleue 100% comestibles, produites \u00e0 Saint-Philippe, La R\u00e9union\" title=\"Gousses de Vanille Bleue 2\" src=\"https:\/\/escale-bleue.fr\/wp-content\/uploads\/2026\/02\/Gousses-de-Vanille-Bleue-2.jpg\" class=\"img-responsive wp-image-24137\" srcset=\"https:\/\/escale-bleue.fr\/wp-content\/uploads\/2026\/02\/Gousses-de-Vanille-Bleue-2-200x280.jpg 200w, https:\/\/escale-bleue.fr\/wp-content\/uploads\/2026\/02\/Gousses-de-Vanille-Bleue-2-400x560.jpg 400w, https:\/\/escale-bleue.fr\/wp-content\/uploads\/2026\/02\/Gousses-de-Vanille-Bleue-2-600x840.jpg 600w, https:\/\/escale-bleue.fr\/wp-content\/uploads\/2026\/02\/Gousses-de-Vanille-Bleue-2-800x1120.jpg 800w, https:\/\/escale-bleue.fr\/wp-content\/uploads\/2026\/02\/Gousses-de-Vanille-Bleue-2-1200x1680.jpg 1200w, https:\/\/escale-bleue.fr\/wp-content\/uploads\/2026\/02\/Gousses-de-Vanille-Bleue-2.jpg 1326w\" sizes=\"(max-width: 1050px) 100vw, 600px\" \/><\/span><\/div><div class=\"fusion-clearfix\"><\/div><\/div><\/div><div class=\"fusion-layout-column fusion_builder_column fusion-builder-column-7 fusion_builder_column_1_2 1_2 fusion-one-half fusion-column-last fusion-animated\" style=\"--awb-padding-top:80px;--awb-padding-right:10%;--awb-padding-bottom:80px;--awb-padding-left:10%;--awb-bg-color:#ffffff;--awb-bg-color-hover:#ffffff;--awb-bg-size:cover;--awb-margin-top:0px;--awb-margin-bottom:0px;width:50%;width:calc(50% - ( ( 0px ) * 0.5 ) );\" data-animationType=\"fadeInRight\" data-animationDuration=\"0.8\" data-animationOffset=\"top-into-view\"><div class=\"fusion-column-wrapper fusion-flex-column-wrapper-legacy\"><div class=\"fusion-column-content-centered\"><div class=\"fusion-column-content\"><div class=\"fusion-text fusion-text-8\"><p style=\"color: #b9afa1; letter-spacing: 3px; text-transform: uppercase; font-weight: 300; font-family: Libre Baskerville, Garamond, serif; font-size: 26px; font-style: italic;\">Handwerkskunst<\/p>\n<\/div><div class=\"fusion-sep-clear\"><\/div><div class=\"fusion-separator fusion-clearfix\" style=\"float:left;margin-top:15px;margin-bottom:25px;width:100%;max-width:80px;\"><div class=\"fusion-separator-border sep-single sep-solid\" style=\"--awb-height:20px;--awb-amount:20px;border-color:#b9afa1;border-top-width:1px;\"><\/div><\/div><div class=\"fusion-sep-clear\"><\/div><div class=\"fusion-text fusion-text-9\"><h2>Ein au\u00dfergew\u00f6hnliches Produkt<\/h2>\n<\/div><div class=\"fusion-text fusion-text-10\"><p style=\"font-size: 16px; line-height: 1.8; color: #555;\">Die Vanille Bleue, haupts\u00e4chlich aus der Art Planifolia stammend, zeichnet sich durch ihre <strong>Finesse<\/strong>, ihre <strong>S\u00fc\u00dfe<\/strong> und ein visuelles Erscheinungsbild aus, das sie zu den sch\u00f6nsten Vanillesorten der Welt z\u00e4hlt.<\/p>\n<p style=\"font-size: 16px; line-height: 1.8; color: #555;\">Dank einer patentierten Zubereitung wird sie weder gebr\u00fcht noch dehydriert. So beh\u00e4lt sie ihre Form, ihre nat\u00fcrlichen biologischen Eigenschaften und entwickelt ein intensiveres Aroma mit verbesserten Geschmacksmerkmalen. <\/p>\n<p style=\"font-size: 16px; line-height: 1.8; color: #555;\">Vor allem wurde die Vanille Bleue gegen Verschwendung entwickelt: Sie ist <strong>vollst\u00e4ndig essbar<\/strong>, einschlie\u00dflich ihrer H\u00fclle. Kratzen Sie sie aus, lassen Sie sie ziehen oder schneiden Sie sie in feine St\u00fccke, die Ihre Kreationen veredeln werden. <\/p>\n<p><a href=\"https:\/\/escale-bleue.fr\/category\/blog\/recettes\/\">Entdecken Sie unsere Rezepte mit Vanille Bleue \u2192<\/a><\/p>\n<\/div><\/div><\/div><div class=\"fusion-clearfix\"><\/div><\/div><\/div><\/div><\/div><div class=\"fusion-fullwidth fullwidth-box fusion-builder-row-4 hundred-percent-fullwidth non-hundred-percent-height-scrolling fusion-equal-height-columns\" style=\"--awb-border-radius-top-left:0px;--awb-border-radius-top-right:0px;--awb-border-radius-bottom-right:0px;--awb-border-radius-bottom-left:0px;--awb-padding-top:0px;--awb-padding-right:0px;--awb-padding-bottom:0px;--awb-padding-left:0px;--awb-flex-wrap:wrap;\" ><div class=\"fusion-builder-row fusion-row\"><div class=\"fusion-layout-column fusion_builder_column fusion-builder-column-8 fusion_builder_column_1_2 1_2 fusion-one-half fusion-column-first fusion-animated\" style=\"--awb-padding-top:80px;--awb-padding-right:10%;--awb-padding-bottom:80px;--awb-padding-left:10%;--awb-bg-color:#ffffff;--awb-bg-color-hover:#ffffff;--awb-bg-size:cover;--awb-margin-top:0px;--awb-margin-bottom:0px;width:50%;width:calc(50% - ( ( 0px ) * 0.5 ) );margin-right: 0px;\" data-animationType=\"fadeInLeft\" data-animationDuration=\"0.8\" data-animationOffset=\"top-into-view\"><div class=\"fusion-column-wrapper fusion-flex-column-wrapper-legacy\"><div class=\"fusion-column-content-centered\"><div class=\"fusion-column-content\"><div class=\"fusion-text fusion-text-11\"><p style=\"color: #b9afa1; letter-spacing: 3px; text-transform: uppercase; font-weight: 300; font-family: Libre Baskerville, Garamond, serif; font-size: 26px; font-style: italic;\">Tradition &amp; Innovation<\/p>\n<\/div><div class=\"fusion-sep-clear\"><\/div><div class=\"fusion-separator fusion-clearfix\" style=\"float:left;margin-top:15px;margin-bottom:25px;width:100%;max-width:80px;\"><div class=\"fusion-separator-border sep-single sep-solid\" style=\"--awb-height:20px;--awb-amount:20px;border-color:#b9afa1;border-top-width:1px;\"><\/div><\/div><div class=\"fusion-sep-clear\"><\/div><div class=\"fusion-text fusion-text-12\"><h2>Zwischen Tradition und Innovation<\/h2>\n<\/div><div class=\"fusion-text fusion-text-13\"><p style=\"font-size: 16px; line-height: 1.8; color: #555;\">Die Vanille wird lokal im <strong>Unterholz<\/strong>, in einer v\u00f6llig nat\u00fcrlichen Umgebung, ohne den Einsatz von Chemikalien angebaut. Die Schoten werden so sp\u00e4t wie m\u00f6glich geerntet, nach <strong>mindestens 9 Monaten<\/strong>, um ihr maximales Aromapotenzial zu bewahren. <\/p>\n<p style=\"font-size: 16px; line-height: 1.8; color: #555;\">Anschlie\u00dfend folgt eine lange und sorgf\u00e4ltige Reifung von <strong>2 bis 3 Jahren<\/strong>. Mehr als <strong>1.500 Arbeitsstunden<\/strong> sind f\u00fcr die Herstellung eines Kilogramms Vanille Bleue erforderlich \u2013 eine dreimal intensivere Arbeit als bei einer klassischen Vanille. <\/p>\n<p style=\"font-size: 16px; line-height: 1.8; color: #555;\">Escale Bleue besitzt das <strong>weltweit erste Patent<\/strong> f\u00fcr die Zubereitung von Vanilleschoten, das eine neue Art der Zubereitung etabliert, die den Dogmen der damaligen Zeit entgegensteht. Ein Verfahren, das von <strong>Nicole Leichnig<\/strong>, Mitbegr\u00fcnderin von Escale Bleue, erdacht und entwickelt wurde, das Ergebnis von \u00fcber 20 Jahren Forschung und einer unerm\u00fcdlichen Leidenschaft f\u00fcr Vanille. <\/p>\n<p style=\"font-size: 16px; line-height: 1.8; color: #555;\"><a href=\"https:\/\/escale-bleue.fr\/de\/visites-guidees\/\">Besuchen Sie unsere Werkstatt in Saint-Philippe<\/a>, um die Schritte dieser wundersch\u00f6nen Gew\u00fcrzvanille zu entdecken, von der Best\u00e4ubung bis zur Reifung.<\/p>\n<\/div><\/div><\/div><div class=\"fusion-clearfix\"><\/div><\/div><\/div><div class=\"fusion-layout-column fusion_builder_column fusion-builder-column-9 fusion_builder_column_1_2 1_2 fusion-one-half fusion-column-last fusion-animated\" style=\"--awb-bg-image:url(&#039;http:\/\/escale-bleue.fr\/wp-content\/uploads\/2015\/02\/vanille-bleue-affinage.jpg&#039;);--awb-bg-position:center center;--awb-bg-blend:overlay;--awb-bg-size:cover;--awb-margin-top:0px;--awb-margin-bottom:0px;width:50%;width:calc(50% - ( ( 0px ) * 0.5 ) );\" data-animationType=\"fadeInRight\" data-animationDuration=\"0.8\" data-animationOffset=\"top-into-view\"><div class=\"fusion-column-wrapper fusion-flex-column-wrapper-legacy fusion-column-has-bg-image\" data-bg-url=\"http:\/\/escale-bleue.fr\/wp-content\/uploads\/2015\/02\/vanille-bleue-affinage.jpg\"><div class=\"fusion-image-element in-legacy-container\" style=\"--awb-caption-title-font-family:var(--h2_typography-font-family);--awb-caption-title-font-weight:var(--h2_typography-font-weight);--awb-caption-title-font-style:var(--h2_typography-font-style);--awb-caption-title-size:var(--h2_typography-font-size);--awb-caption-title-transform:var(--h2_typography-text-transform);--awb-caption-title-line-height:var(--h2_typography-line-height);--awb-caption-title-letter-spacing:var(--h2_typography-letter-spacing);\"><span class=\" fusion-imageframe imageframe-none imageframe-3 hover-type-none\"><img decoding=\"async\" width=\"1354\" height=\"1877\" alt=\"Affinage artisanal de la Vanille Bleue dans l&#039;atelier Escale Bleue au Tremblet\" title=\"Vanille Bleue production\" src=\"https:\/\/escale-bleue.fr\/wp-content\/uploads\/2026\/02\/Vanille-Bleue-production.png\" class=\"img-responsive wp-image-24138\" srcset=\"https:\/\/escale-bleue.fr\/wp-content\/uploads\/2026\/02\/Vanille-Bleue-production-200x277.png 200w, https:\/\/escale-bleue.fr\/wp-content\/uploads\/2026\/02\/Vanille-Bleue-production-400x555.png 400w, https:\/\/escale-bleue.fr\/wp-content\/uploads\/2026\/02\/Vanille-Bleue-production-600x832.png 600w, https:\/\/escale-bleue.fr\/wp-content\/uploads\/2026\/02\/Vanille-Bleue-production-800x1109.png 800w, https:\/\/escale-bleue.fr\/wp-content\/uploads\/2026\/02\/Vanille-Bleue-production-1200x1664.png 1200w, https:\/\/escale-bleue.fr\/wp-content\/uploads\/2026\/02\/Vanille-Bleue-production.png 1354w\" sizes=\"(max-width: 1050px) 100vw, 600px\" \/><\/span><\/div><div class=\"fusion-clearfix\"><\/div><\/div><\/div><\/div><\/div><div class=\"fusion-fullwidth fullwidth-box fusion-builder-row-5 hundred-percent-fullwidth non-hundred-percent-height-scrolling fusion-equal-height-columns\" style=\"--awb-border-radius-top-left:0px;--awb-border-radius-top-right:0px;--awb-border-radius-bottom-right:0px;--awb-border-radius-bottom-left:0px;--awb-padding-top:0px;--awb-padding-right:0px;--awb-padding-bottom:0px;--awb-padding-left:0px;--awb-flex-wrap:wrap;\" ><div class=\"fusion-builder-row fusion-row\"><div class=\"fusion-layout-column fusion_builder_column fusion-builder-column-10 fusion_builder_column_1_2 1_2 fusion-one-half fusion-column-first fusion-animated\" style=\"--awb-bg-image:url(&#039;http:\/\/escale-bleue.fr\/wp-content\/uploads\/2026\/02\/KitCom2025_Photo-Palais-Elysee.jpg&#039;);--awb-bg-position:center center;--awb-bg-blend:overlay;--awb-bg-size:cover;--awb-margin-top:0px;--awb-margin-bottom:0px;width:50%;width:calc(50% - ( ( 0px ) * 0.5 ) );margin-right: 0px;\" data-animationType=\"fadeInLeft\" data-animationDuration=\"0.8\" data-animationOffset=\"top-into-view\"><div class=\"fusion-column-wrapper fusion-flex-column-wrapper-legacy fusion-empty-column-bg-image fusion-column-has-bg-image\" data-bg-url=\"http:\/\/escale-bleue.fr\/wp-content\/uploads\/2026\/02\/KitCom2025_Photo-Palais-Elysee.jpg\"><img decoding=\"async\" class=\"fusion-empty-dims-img-placeholder fusion-no-large-visibility\" src=\"data:image\/gif;base64,R0lGODlhAQABAAAAACH5BAEKAAEALAAAAAABAAEAAAICTAEAOw==\"><div class=\"fusion-clearfix\"><\/div><\/div><\/div><div class=\"fusion-layout-column fusion_builder_column fusion-builder-column-11 fusion_builder_column_1_2 1_2 fusion-one-half fusion-column-last fusion-animated\" style=\"--awb-padding-top:80px;--awb-padding-right:10%;--awb-padding-bottom:80px;--awb-padding-left:10%;--awb-bg-color:#ffffff;--awb-bg-color-hover:#ffffff;--awb-bg-size:cover;--awb-margin-top:0px;--awb-margin-bottom:0px;width:50%;width:calc(50% - ( ( 0px ) * 0.5 ) );\" data-animationType=\"fadeInRight\" data-animationDuration=\"0.8\" data-animationOffset=\"top-into-view\"><div class=\"fusion-column-wrapper fusion-flex-column-wrapper-legacy\"><div class=\"fusion-column-content-centered\"><div class=\"fusion-column-content\"><div class=\"fusion-text fusion-text-14\"><p style=\"color: #b9afa1; letter-spacing: 3px; text-transform: uppercase; font-weight: 300; font-family: Libre Baskerville, Garamond, serif; font-size: 26px; font-style: italic;\">Anerkannte Exzellenz<\/p>\n<\/div><div class=\"fusion-sep-clear\"><\/div><div class=\"fusion-separator fusion-clearfix\" style=\"float:left;margin-top:15px;margin-bottom:25px;width:100%;max-width:80px;\"><div class=\"fusion-separator-border sep-single sep-solid\" style=\"--awb-height:20px;--awb-amount:20px;border-color:#b9afa1;border-top-width:1px;\"><\/div><\/div><div class=\"fusion-sep-clear\"><\/div><div class=\"fusion-text fusion-text-15\"><h2>Vom Wilden S\u00fcden bis zum \u00c9lys\u00e9e-Palast<\/h2>\n<\/div><div class=\"fusion-text fusion-text-16\"><p style=\"font-size: 16px; line-height: 1.8; color: #555;\">Die <strong>Vanille Bleue<\/strong>, geboren im Unterholz des Wilden S\u00fcdens von La R\u00e9union, hat die anspruchsvollsten Gaumen Frankreichs und Europas erobert. Innerhalb eines Jahrzehnts hat sie die h\u00f6chsten internationalen Geschmacks-Auszeichnungen gesammelt, das Label <strong>Unternehmen des lebendigen Kulturerbes<\/strong> vom Wirtschaftsministerium erhalten und den prestigetr\u00e4chtigen <strong>Diamond Taste Award<\/strong> in Br\u00fcssel entgegengenommen. <\/p>\n<p style=\"font-size: 16px; line-height: 1.8; color: #555;\">H\u00f6hepunkt dieser Reise: Im November 2025 wird die <strong>Vanille Bleue<\/strong> als <strong>einzige Vertreterin von La R\u00e9union<\/strong> f\u00fcr die Gro\u00dfe Ausstellung \u201eMade in France\u201c im <strong>\u00c9lys\u00e9e-Palast<\/strong> ausgew\u00e4hlt. Nur ein Produkt pro Region, ausgew\u00e4hlt von einer Jury unter dem Vorsitz von <strong>Pierre Herm\u00e9<\/strong>. <\/p>\n<p style=\"font-size: 16px; line-height: 1.8; color: #555;\"><a style=\"color: #b9afa1; text-decoration: underline;\" href=\"https:\/\/escale-bleue.fr\/de\/labels\/\">Alle unsere Auszeichnungen entdecken \u2192<\/a><\/p>\n<\/div><\/div><\/div><div class=\"fusion-clearfix\"><\/div><\/div><\/div><\/div><\/div><div class=\"fusion-fullwidth fullwidth-box fusion-builder-row-6 nonhundred-percent-fullwidth non-hundred-percent-height-scrolling chefs-links\" style=\"--awb-border-radius-top-left:0px;--awb-border-radius-top-right:0px;--awb-border-radius-bottom-right:0px;--awb-border-radius-bottom-left:0px;--awb-padding-top:70px;--awb-padding-bottom:70px;--awb-background-color:#1a1a2e;--awb-flex-wrap:wrap;\" ><div class=\"fusion-builder-row fusion-row\"><div class=\"fusion-layout-column fusion_builder_column fusion-builder-column-12 fusion_builder_column_1_1 1_1 fusion-one-full fusion-column-first fusion-column-last\" style=\"--awb-bg-blend:overlay;--awb-bg-size:cover;\"><div class=\"fusion-column-wrapper fusion-flex-column-wrapper-legacy\"><div class=\"fusion-text fusion-text-17\"><h2 style=\"text-align: center; color: #ffffff; letter-spacing: 2px; font-size: 35px; line-height: 1.4; font-family: Libre Baskerville, Garamond, serif; font-weight: 400;\">SIE HABEN WUNDER<br \/>\nMIT DER VANILLE BLEUE VOLLBRACHT<\/h2>\n<\/div><div class=\"fusion-sep-clear\"><\/div><div class=\"fusion-separator\" style=\"margin-left: auto;margin-right: auto;margin-top:5px;margin-bottom:15px;width:100%;max-width:170px;\"><div class=\"fusion-separator-border sep-single sep-solid\" style=\"--awb-height:20px;--awb-amount:20px;border-color:#b9afa1;border-top-width:1px;\"><\/div><\/div><div class=\"fusion-sep-clear\"><\/div><div class=\"fusion-text fusion-text-18\"><p style=\"text-align: center; color: #b9afa1; font-size: 16px;\">Das Unternehmen beliefert \u00fcber 120 Michelin-Sterne-Restaurants sowie die gr\u00f6\u00dften Namen der franz\u00f6sischen Patisserie.<\/p>\n<\/div><div class=\"fusion-sep-clear\"><\/div><div class=\"fusion-separator fusion-full-width-sep\" style=\"margin-left: auto;margin-right: auto;margin-top:20px;width:100%;\"><\/div><div class=\"fusion-sep-clear\"><\/div><div class=\"fusion-clearfix\"><\/div><\/div><\/div><div class=\"fusion-layout-column fusion_builder_column fusion-builder-column-13 fusion_builder_column_1_5 1_5 fusion-one-fifth fusion-column-first fusion-animated\" style=\"--awb-padding-top:20px;--awb-padding-bottom:20px;--awb-bg-blend:overlay;--awb-bg-size:cover;width:16.8%; margin-right: 4%;\" data-animationType=\"fadeInLeft\" data-animationDuration=\"0.6\" data-animationOffset=\"top-into-view\"><div class=\"fusion-column-wrapper fusion-flex-column-wrapper-legacy\"><div class=\"fusion-column-content-centered\"><div class=\"fusion-column-content\"><div class=\"fusion-text fusion-text-19\"><p style=\"text-align: center; color: #ffffff; font-size: 15px; line-height: 2.2;\"><a href=\"https:\/\/escale-bleue.fr\/de\/chefs\/paul-bocuse-glace-vanille-bleue\/\">Paul Bocuse<\/a><br \/>\nAnne-Sophie Pic<br \/>\n<a href=\"https:\/\/escale-bleue.fr\/de\/chefs\/yann-couvreur-flan-vanille-bleue\/\">Yann Couvreur<\/a><\/p>\n<\/div><\/div><\/div><div class=\"fusion-clearfix\"><\/div><\/div><\/div><div class=\"fusion-layout-column fusion_builder_column fusion-builder-column-14 fusion_builder_column_1_5 1_5 fusion-one-fifth fusion-animated\" style=\"--awb-padding-top:20px;--awb-padding-bottom:20px;--awb-bg-blend:overlay;--awb-bg-size:cover;width:16.8%; margin-right: 4%;\" data-animationType=\"fadeInLeft\" data-animationDuration=\"0.6\" data-animationOffset=\"top-into-view\"><div class=\"fusion-column-wrapper fusion-column-has-shadow fusion-flex-column-wrapper-legacy\"><div class=\"fusion-column-content-centered\"><div class=\"fusion-column-content\"><div class=\"fusion-text fusion-text-20\"><p style=\"text-align: center; color: #ffffff; font-size: 15px; line-height: 2.2;\"><a href=\"https:\/\/escale-bleue.fr\/de\/chefs\/maxime-frederic-cheval-blanc-paris\/\">Maxime Fr\u00e9d\u00e9ric<\/a><br \/>\n<a href=\"https:\/\/escale-bleue.fr\/de\/chefs\/pierre-marcolini\/\">Pierre Marcolini<\/a><br \/>\n<a href=\"https:\/\/escale-bleue.fr\/de\/chefs\/julien-dugourd-temoignage\/\">Julien Dugourd<\/a><\/p>\n<\/div><\/div><\/div><div class=\"fusion-clearfix\"><\/div><\/div><\/div><div class=\"fusion-layout-column fusion_builder_column fusion-builder-column-15 fusion_builder_column_1_5 1_5 fusion-one-fifth fusion-animated\" style=\"--awb-padding-top:20px;--awb-padding-bottom:20px;--awb-bg-blend:overlay;--awb-bg-size:cover;width:16.8%; margin-right: 4%;\" data-animationType=\"fadeInLeft\" data-animationDuration=\"0.6\" data-animationOffset=\"top-into-view\"><div class=\"fusion-column-wrapper fusion-column-has-shadow fusion-flex-column-wrapper-legacy\"><div class=\"fusion-column-content-centered\"><div class=\"fusion-column-content\"><div class=\"fusion-text fusion-text-21\"><p style=\"text-align: center; color: #ffffff; font-size: 15px; line-height: 2.2;\">Louis Vuitton<br \/>\n<a href=\"https:\/\/escale-bleue.fr\/de\/chefs\/julien-alvarez-laduree-paris\/\">Ladur\u00e9e<\/a><br \/>\n<a href=\"https:\/\/escale-bleue.fr\/de\/chefs\/francois-daubinet-fauchon-paris\/\">Fauchon<\/a><\/p>\n<\/div><\/div><\/div><div class=\"fusion-clearfix\"><\/div><\/div><\/div><div class=\"fusion-layout-column fusion_builder_column fusion-builder-column-16 fusion_builder_column_1_5 1_5 fusion-one-fifth fusion-animated\" style=\"--awb-padding-top:20px;--awb-padding-bottom:20px;--awb-bg-blend:overlay;--awb-bg-size:cover;width:16.8%; margin-right: 4%;\" data-animationType=\"fadeInLeft\" data-animationDuration=\"0.6\" data-animationOffset=\"top-into-view\"><div class=\"fusion-column-wrapper fusion-column-has-shadow fusion-flex-column-wrapper-legacy\"><div class=\"fusion-column-content-centered\"><div class=\"fusion-column-content\"><div class=\"fusion-text fusion-text-22\"><p style=\"text-align: center; color: #ffffff; font-size: 15px; line-height: 2.2;\">Roger Van Damme<br \/>\n<a href=\"https:\/\/escale-bleue.fr\/de\/chefs\/anne-coruble-peninsula-paris\/\">Peninsula Paris<\/a><br \/>\nMandarin Oriental<\/p>\n<\/div><\/div><\/div><div class=\"fusion-clearfix\"><\/div><\/div><\/div><div class=\"fusion-layout-column fusion_builder_column fusion-builder-column-17 fusion_builder_column_1_5 1_5 fusion-one-fifth fusion-column-last fusion-animated\" style=\"--awb-padding-top:20px;--awb-padding-bottom:20px;--awb-bg-blend:overlay;--awb-bg-size:cover;width:16.8%;\" data-animationType=\"fadeInLeft\" data-animationDuration=\"0.6\" data-animationOffset=\"top-into-view\"><div class=\"fusion-column-wrapper fusion-column-has-shadow fusion-flex-column-wrapper-legacy\"><div class=\"fusion-column-content-centered\"><div class=\"fusion-column-content\"><div class=\"fusion-text fusion-text-23\"><p style=\"text-align: center; color: #ffffff; font-size: 15px; line-height: 2.2;\">Le Negresco Nizza<br \/>\nCheval Blanc Paris<br \/>\nLa Maison du Chocolat<\/p>\n<\/div><\/div><\/div><div class=\"fusion-clearfix\"><\/div><\/div><\/div><\/div><\/div><div class=\"fusion-fullwidth fullwidth-box fusion-builder-row-7 nonhundred-percent-fullwidth non-hundred-percent-height-scrolling\" style=\"--awb-border-radius-top-left:0px;--awb-border-radius-top-right:0px;--awb-border-radius-bottom-right:0px;--awb-border-radius-bottom-left:0px;--awb-flex-wrap:wrap;\" ><div class=\"fusion-builder-row fusion-row\"><div class=\"fusion-layout-column fusion_builder_column fusion-builder-column-18 fusion_builder_column_1_4 1_4 fusion-one-fourth fusion-column-first\" style=\"--awb-bg-size:cover;width:25%;width:calc(25% - ( ( 4% + 4% + 4% ) * 0.25 ) );margin-right: 4%;\"><div class=\"fusion-column-wrapper fusion-column-has-shadow fusion-flex-column-wrapper-legacy\"><div class=\"fusion-image-element in-legacy-container\" style=\"--awb-caption-title-font-family:var(--h2_typography-font-family);--awb-caption-title-font-weight:var(--h2_typography-font-weight);--awb-caption-title-font-style:var(--h2_typography-font-style);--awb-caption-title-size:var(--h2_typography-font-size);--awb-caption-title-transform:var(--h2_typography-text-transform);--awb-caption-title-line-height:var(--h2_typography-line-height);--awb-caption-title-letter-spacing:var(--h2_typography-letter-spacing);\"><span class=\" fusion-imageframe imageframe-none imageframe-4 hover-type-none\"><img decoding=\"async\" width=\"1080\" height=\"1350\" alt=\"B\u00fbche Isatis \u00e0 la Vanille Bleue par le chef Yann Couvreur\" title=\"B\u00fbche Isatis &#8211; Yann Couvreur\" src=\"http:\/\/escale-bleue.fr\/wp-content\/uploads\/2022\/03\/Buche-Isatis-Yann-Couvreur.jpg\" class=\"img-responsive wp-image-1046\" srcset=\"https:\/\/escale-bleue.fr\/wp-content\/uploads\/2022\/03\/Buche-Isatis-Yann-Couvreur-200x250.jpg 200w, https:\/\/escale-bleue.fr\/wp-content\/uploads\/2022\/03\/Buche-Isatis-Yann-Couvreur-400x500.jpg 400w, https:\/\/escale-bleue.fr\/wp-content\/uploads\/2022\/03\/Buche-Isatis-Yann-Couvreur-600x750.jpg 600w, https:\/\/escale-bleue.fr\/wp-content\/uploads\/2022\/03\/Buche-Isatis-Yann-Couvreur-800x1000.jpg 800w, https:\/\/escale-bleue.fr\/wp-content\/uploads\/2022\/03\/Buche-Isatis-Yann-Couvreur.jpg 1080w\" sizes=\"(max-width: 1050px) 100vw, 400px\" \/><\/span><\/div><div class=\"fusion-text fusion-text-24\"><p style=\"text-align: center; font-size: 12px; color: #999; margin-top: 8px;\">\u00a9 Yann Couvreur<\/p>\n<\/div><div class=\"fusion-clearfix\"><\/div><\/div><\/div><div class=\"fusion-layout-column fusion_builder_column fusion-builder-column-19 fusion_builder_column_1_4 1_4 fusion-one-fourth\" style=\"--awb-bg-size:cover;width:25%;width:calc(25% - ( ( 4% + 4% + 4% ) * 0.25 ) );margin-right: 4%;\"><div class=\"fusion-column-wrapper fusion-column-has-shadow fusion-flex-column-wrapper-legacy\"><div class=\"fusion-image-element in-legacy-container\" style=\"--awb-caption-title-font-family:var(--h2_typography-font-family);--awb-caption-title-font-weight:var(--h2_typography-font-weight);--awb-caption-title-font-style:var(--h2_typography-font-style);--awb-caption-title-size:var(--h2_typography-font-size);--awb-caption-title-transform:var(--h2_typography-text-transform);--awb-caption-title-line-height:var(--h2_typography-line-height);--awb-caption-title-letter-spacing:var(--h2_typography-letter-spacing);\"><span class=\" fusion-imageframe imageframe-none imageframe-5 hover-type-none\"><img decoding=\"async\" width=\"1080\" height=\"1349\" alt=\"\u0152uf de P\u00e2ques \u00e0 la Vanille Bleue, Peninsula Paris\" title=\"oeuf paques 2022 peninsula paris d\u00e9coupe\" src=\"http:\/\/escale-bleue.fr\/wp-content\/uploads\/2022\/04\/oeuf-paques-2022-peninsula-paris-decoupe.jpg\" class=\"img-responsive wp-image-1081\" srcset=\"https:\/\/escale-bleue.fr\/wp-content\/uploads\/2022\/04\/oeuf-paques-2022-peninsula-paris-decoupe-200x250.jpg 200w, https:\/\/escale-bleue.fr\/wp-content\/uploads\/2022\/04\/oeuf-paques-2022-peninsula-paris-decoupe-400x500.jpg 400w, https:\/\/escale-bleue.fr\/wp-content\/uploads\/2022\/04\/oeuf-paques-2022-peninsula-paris-decoupe-600x749.jpg 600w, https:\/\/escale-bleue.fr\/wp-content\/uploads\/2022\/04\/oeuf-paques-2022-peninsula-paris-decoupe-800x999.jpg 800w, https:\/\/escale-bleue.fr\/wp-content\/uploads\/2022\/04\/oeuf-paques-2022-peninsula-paris-decoupe.jpg 1080w\" sizes=\"(max-width: 1050px) 100vw, 400px\" \/><\/span><\/div><div class=\"fusion-text fusion-text-25\"><p style=\"text-align: center; font-size: 12px; color: #999; margin-top: 8px;\">\u00a9 Peninsula Paris<\/p>\n<\/div><div class=\"fusion-clearfix\"><\/div><\/div><\/div><div class=\"fusion-layout-column fusion_builder_column fusion-builder-column-20 fusion_builder_column_1_4 1_4 fusion-one-fourth\" style=\"--awb-bg-size:cover;width:25%;width:calc(25% - ( ( 4% + 4% + 4% ) * 0.25 ) );margin-right: 4%;\"><div class=\"fusion-column-wrapper fusion-column-has-shadow fusion-flex-column-wrapper-legacy\"><div class=\"fusion-image-element in-legacy-container\" style=\"--awb-caption-title-font-family:var(--h2_typography-font-family);--awb-caption-title-font-weight:var(--h2_typography-font-weight);--awb-caption-title-font-style:var(--h2_typography-font-style);--awb-caption-title-size:var(--h2_typography-font-size);--awb-caption-title-transform:var(--h2_typography-text-transform);--awb-caption-title-line-height:var(--h2_typography-line-height);--awb-caption-title-letter-spacing:var(--h2_typography-letter-spacing);\"><span class=\" fusion-imageframe imageframe-none imageframe-6 hover-type-none\"><img decoding=\"async\" width=\"1080\" height=\"1350\" alt=\"B\u00fbche Or Noir \u00e0 la Vanille Bleue, Fauchon Paris\" title=\"Buche or noir fauchon paris\" src=\"http:\/\/escale-bleue.fr\/wp-content\/uploads\/2022\/03\/Buche-or-noir-fauchon-paris.jpg\" class=\"img-responsive wp-image-1074\" srcset=\"https:\/\/escale-bleue.fr\/wp-content\/uploads\/2022\/03\/Buche-or-noir-fauchon-paris-200x250.jpg 200w, https:\/\/escale-bleue.fr\/wp-content\/uploads\/2022\/03\/Buche-or-noir-fauchon-paris-400x500.jpg 400w, https:\/\/escale-bleue.fr\/wp-content\/uploads\/2022\/03\/Buche-or-noir-fauchon-paris-600x750.jpg 600w, https:\/\/escale-bleue.fr\/wp-content\/uploads\/2022\/03\/Buche-or-noir-fauchon-paris-800x1000.jpg 800w, https:\/\/escale-bleue.fr\/wp-content\/uploads\/2022\/03\/Buche-or-noir-fauchon-paris.jpg 1080w\" sizes=\"(max-width: 1050px) 100vw, 400px\" \/><\/span><\/div><div class=\"fusion-text fusion-text-26\"><p style=\"text-align: center; font-size: 12px; color: #999; margin-top: 8px;\">\u00a9 Fauchon Paris<\/p>\n<\/div><div class=\"fusion-clearfix\"><\/div><\/div><\/div><div class=\"fusion-layout-column fusion_builder_column fusion-builder-column-21 fusion_builder_column_1_4 1_4 fusion-one-fourth fusion-column-last\" style=\"--awb-bg-size:cover;width:25%;width:calc(25% - ( ( 4% + 4% + 4% ) * 0.25 ) );\"><div class=\"fusion-column-wrapper fusion-column-has-shadow fusion-flex-column-wrapper-legacy\"><div class=\"fusion-image-element in-legacy-container\" style=\"--awb-caption-title-font-family:var(--h2_typography-font-family);--awb-caption-title-font-weight:var(--h2_typography-font-weight);--awb-caption-title-font-style:var(--h2_typography-font-style);--awb-caption-title-size:var(--h2_typography-font-size);--awb-caption-title-transform:var(--h2_typography-text-transform);--awb-caption-title-line-height:var(--h2_typography-line-height);--awb-caption-title-letter-spacing:var(--h2_typography-letter-spacing);\"><span class=\" fusion-imageframe imageframe-none imageframe-7 hover-type-none\"><img decoding=\"async\" width=\"1080\" height=\"1350\" alt=\"Tartelette pomme Vanille Bleue par le chef Julien Dugourd\" title=\"Tartelette pomme vanille bleue &#8211; Julien Dugourd\" src=\"http:\/\/escale-bleue.fr\/wp-content\/uploads\/2022\/03\/Tartelette-pomme-vanille-bleue-Julien-Dugourd.jpg\" class=\"img-responsive wp-image-1062\" srcset=\"https:\/\/escale-bleue.fr\/wp-content\/uploads\/2022\/03\/Tartelette-pomme-vanille-bleue-Julien-Dugourd-200x250.jpg 200w, https:\/\/escale-bleue.fr\/wp-content\/uploads\/2022\/03\/Tartelette-pomme-vanille-bleue-Julien-Dugourd-400x500.jpg 400w, https:\/\/escale-bleue.fr\/wp-content\/uploads\/2022\/03\/Tartelette-pomme-vanille-bleue-Julien-Dugourd-600x750.jpg 600w, https:\/\/escale-bleue.fr\/wp-content\/uploads\/2022\/03\/Tartelette-pomme-vanille-bleue-Julien-Dugourd-800x1000.jpg 800w, https:\/\/escale-bleue.fr\/wp-content\/uploads\/2022\/03\/Tartelette-pomme-vanille-bleue-Julien-Dugourd.jpg 1080w\" sizes=\"(max-width: 1050px) 100vw, 400px\" \/><\/span><\/div><div class=\"fusion-text fusion-text-27\"><p style=\"text-align: center; font-size: 12px; color: #999; margin-top: 8px;\">\u00a9 Julien Dugourd<\/p>\n<\/div><div class=\"fusion-clearfix\"><\/div><\/div><\/div><\/div><\/div><div class=\"fusion-fullwidth fullwidth-box fusion-builder-row-8 nonhundred-percent-fullwidth non-hundred-percent-height-scrolling\" style=\"--awb-border-radius-top-left:0px;--awb-border-radius-top-right:0px;--awb-border-radius-bottom-right:0px;--awb-border-radius-bottom-left:0px;--awb-padding-top:70px;--awb-padding-bottom:50px;--awb-background-color:#f9f9f9;--awb-flex-wrap:wrap;\" ><div class=\"fusion-builder-row fusion-row\"><div class=\"fusion-layout-column fusion_builder_column fusion-builder-column-22 fusion_builder_column_1_6 1_6 fusion-one-sixth fusion-column-first\" style=\"--awb-bg-blend:overlay;--awb-bg-size:cover;width:16.666666666667%;width:calc(16.666666666667% - ( ( 4% + 4% ) * 0.16666666666667 ) );margin-right: 4%;\"><div class=\"fusion-column-wrapper fusion-flex-column-wrapper-legacy\"><div class=\"fusion-clearfix\"><\/div><\/div><\/div><div class=\"fusion-layout-column fusion_builder_column fusion-builder-column-23 fusion_builder_column_2_3 2_3 fusion-two-third\" style=\"--awb-bg-blend:overlay;--awb-bg-size:cover;width:66.666666666667%;width:calc(66.666666666667% - ( ( 4% + 4% ) * 0.66666666666667 ) );margin-right: 4%;\"><div class=\"fusion-column-wrapper fusion-flex-column-wrapper-legacy\"><div class=\"fusion-text fusion-text-28\"><h2 style=\"text-align: center; letter-spacing: 2px; font-size: 36px; line-height: 1.25; font-family: Libre Baskerville, Garamond, serif; font-weight: 400;\">H\u00c4UFIG GESTELLTE FRAGEN<\/h2>\n<\/div><div class=\"fusion-sep-clear\"><\/div><div class=\"fusion-separator\" style=\"margin-left: auto;margin-right: auto;margin-top:5px;margin-bottom:40px;width:100%;max-width:170px;\"><div class=\"fusion-separator-border sep-single sep-solid\" style=\"--awb-height:20px;--awb-amount:20px;border-color:#b9afa1;border-top-width:1px;\"><\/div><\/div><div class=\"fusion-sep-clear\"><\/div><div class=\"accordian fusion-accordian\" style=\"--awb-border-size:1px;--awb-icon-size:13px;--awb-content-font-size:18px;--awb-icon-alignment:left;--awb-hover-color:#b9afa1;--awb-border-color:#e0e0e0;--awb-background-color:#ffffff;--awb-divider-color:#b9afa1;--awb-divider-hover-color:#b9afa1;--awb-icon-color:#b9afa1;--awb-title-color:#b9afa1;--awb-content-color:#747474;--awb-icon-box-color:#6f727b;--awb-toggle-hover-accent-color:#b9afa1;--awb-title-font-family:&quot;Libre Baskerville&quot;;--awb-title-font-weight:400;--awb-title-font-style:normal;--awb-title-font-size:16px;--awb-content-font-family:&quot;Lato&quot;;--awb-content-font-style:normal;--awb-content-font-weight:400;\"><div class=\"panel-group fusion-toggle-icon-boxed\" id=\"accordion-24680-1\"><div class=\"fusion-panel panel-default panel-3ffcac371d31ef806 fusion-toggle-has-divider\"><div class=\"panel-heading\"><h4 class=\"panel-title toggle\" id=\"toggle_3ffcac371d31ef806\"><a aria-expanded=\"false\" aria-controls=\"3ffcac371d31ef806\" role=\"button\" data-toggle=\"collapse\" data-target=\"#3ffcac371d31ef806\" href=\"#3ffcac371d31ef806\"><span class=\"fusion-toggle-icon-wrapper\" aria-hidden=\"true\"><i class=\"fa-fusion-box active-icon awb-icon-minus\" aria-hidden=\"true\"><\/i><i class=\"fa-fusion-box inactive-icon awb-icon-plus\" aria-hidden=\"true\"><\/i><\/span><span class=\"fusion-toggle-heading\">Welche Vanillesorte ist die beste?<\/span><\/a><\/h4><\/div><div id=\"3ffcac371d31ef806\" class=\"panel-collapse collapse \" aria-labelledby=\"toggle_3ffcac371d31ef806\"><div class=\"panel-body toggle-content fusion-clearfix\">\nJede Art hat ihre aromatische Note und ihre besonderen Eigenschaften. Unsere Vanille Bleue, haupts\u00e4chlich aus der Art Planifolia stammend, zeichnet sich sowohl durch ihre Finesse und S\u00fc\u00dfe als auch durch ihr visuelles Erscheinungsbild aus, das sie zu den sch\u00f6nsten Vanillesorten z\u00e4hlt. Sie profitiert auch von einer Reihe einzigartiger Eigenschaften.<\/div><\/div><\/div><div class=\"fusion-panel panel-default panel-5d25e1e7e3258be33 fusion-toggle-has-divider\"><div class=\"panel-heading\"><h4 class=\"panel-title toggle\" id=\"toggle_5d25e1e7e3258be33\"><a aria-expanded=\"false\" aria-controls=\"5d25e1e7e3258be33\" role=\"button\" data-toggle=\"collapse\" data-target=\"#5d25e1e7e3258be33\" href=\"#5d25e1e7e3258be33\"><span class=\"fusion-toggle-icon-wrapper\" aria-hidden=\"true\"><i class=\"fa-fusion-box active-icon awb-icon-minus\" aria-hidden=\"true\"><\/i><i class=\"fa-fusion-box inactive-icon awb-icon-plus\" aria-hidden=\"true\"><\/i><\/span><span class=\"fusion-toggle-heading\">Welche \u00dcberraschungen h\u00e4lt die Vanille Bleue bereit?<\/span><\/a><\/h4><\/div><div id=\"5d25e1e7e3258be33\" class=\"panel-collapse collapse \" aria-labelledby=\"toggle_5d25e1e7e3258be33\"><div class=\"panel-body toggle-content fusion-clearfix\">\n<p><strong>100 % essbar:<\/strong> Die Vanille Bleue kann vollst\u00e4ndig gegessen werden, einschlie\u00dflich ihrer H\u00fclle.<\/p>\n<p><strong>Erh\u00f6hte kulinarische Effizienz:<\/strong> Ihre erhaltenen biologischen Eigenschaften bieten eine \u00fcberlegene aromatische Intensit\u00e4t.<\/p>\n<p><strong>Vanillezucker \u201enach Belieben\u201c:<\/strong> In Zucker gelegt, aromatisiert die Schote diesen, ohne auszutrocknen, und kann sehr oft wiederverwendet werden.<\/p>\n<p><strong>Eine einzigartige Samtigkeit im Alkohol:<\/strong> Aufgrund der Komplexit\u00e4t ihrer erhaltenen biologischen Elemente bietet sie eine au\u00dfergew\u00f6hnliche Samtigkeit bei der Mazeration.<\/p>\n<p><strong>Ein sich entwickelndes Aroma:<\/strong> Das Aroma wird mit der Zeit immer besser, wie ein Jahrgang.<\/p>\n<p><strong>Einfache und dauerhafte Lagerung:<\/strong> Mehr als 10 Jahre in luftdichten Glasgef\u00e4\u00dfen.<\/p>\n<\/div><\/div><\/div><div class=\"fusion-panel panel-default panel-4ad8e21825a95c1e8 fusion-toggle-has-divider\"><div class=\"panel-heading\"><h4 class=\"panel-title toggle\" id=\"toggle_4ad8e21825a95c1e8\"><a aria-expanded=\"false\" aria-controls=\"4ad8e21825a95c1e8\" role=\"button\" data-toggle=\"collapse\" data-target=\"#4ad8e21825a95c1e8\" href=\"#4ad8e21825a95c1e8\"><span class=\"fusion-toggle-icon-wrapper\" aria-hidden=\"true\"><i class=\"fa-fusion-box active-icon awb-icon-minus\" aria-hidden=\"true\"><\/i><i class=\"fa-fusion-box inactive-icon awb-icon-plus\" aria-hidden=\"true\"><\/i><\/span><span class=\"fusion-toggle-heading\">Ist Ihre Vanille eine frische Vanille?<\/span><\/a><\/h4><\/div><div id=\"4ad8e21825a95c1e8\" class=\"panel-collapse collapse \" aria-labelledby=\"toggle_4ad8e21825a95c1e8\"><div class=\"panel-body toggle-content fusion-clearfix\">\nNein, unsere Vanille ist ein fertiges Produkt, das zwischen 1 und 2 Jahren getrocknet und zubereitet wurde. Im Gegensatz zu einer sogenannten \u201efrischen\u201c Vanille, die sich in der Regel auf eine einfach gebr\u00fchte und unzubereitete Vanille bezieht, die in weniger als einer Woche weiterverkauft wird.<\/div><\/div><\/div><div class=\"fusion-panel panel-default panel-43350e8f446e9b586 fusion-toggle-has-divider\"><div class=\"panel-heading\"><h4 class=\"panel-title toggle\" id=\"toggle_43350e8f446e9b586\"><a aria-expanded=\"false\" aria-controls=\"43350e8f446e9b586\" role=\"button\" data-toggle=\"collapse\" data-target=\"#43350e8f446e9b586\" href=\"#43350e8f446e9b586\"><span class=\"fusion-toggle-icon-wrapper\" aria-hidden=\"true\"><i class=\"fa-fusion-box active-icon awb-icon-minus\" aria-hidden=\"true\"><\/i><i class=\"fa-fusion-box inactive-icon awb-icon-plus\" aria-hidden=\"true\"><\/i><\/span><span class=\"fusion-toggle-heading\">Verwenden Sie Chemikalien?<\/span><\/a><\/h4><\/div><div id=\"43350e8f446e9b586\" class=\"panel-collapse collapse \" aria-labelledby=\"toggle_43350e8f446e9b586\"><div class=\"panel-body toggle-content fusion-clearfix\">\nEscale Bleue respektiert die Seele jeder Pflanze und pflegt ihre Schoten wie echte S\u00e4uglinge. Unsere Vanille Bleue ist frei von Chemikalien, Zusatzstoffen oder Konservierungsmitteln.<\/div><\/div><\/div><div class=\"fusion-panel panel-default panel-0c45f52d47d950880 fusion-toggle-has-divider\"><div class=\"panel-heading\"><h4 class=\"panel-title toggle\" id=\"toggle_0c45f52d47d950880\"><a aria-expanded=\"false\" aria-controls=\"0c45f52d47d950880\" role=\"button\" data-toggle=\"collapse\" data-target=\"#0c45f52d47d950880\" href=\"#0c45f52d47d950880\"><span class=\"fusion-toggle-icon-wrapper\" aria-hidden=\"true\"><i class=\"fa-fusion-box active-icon awb-icon-minus\" aria-hidden=\"true\"><\/i><i class=\"fa-fusion-box inactive-icon awb-icon-plus\" aria-hidden=\"true\"><\/i><\/span><span class=\"fusion-toggle-heading\">Was sind die Produktionsschritte?<\/span><\/a><\/h4><\/div><div id=\"0c45f52d47d950880\" class=\"panel-collapse collapse \" aria-labelledby=\"toggle_0c45f52d47d950880\"><div class=\"panel-body toggle-content fusion-clearfix\">\nDie Vanille Bleue durchl\u00e4uft extrem strenge Qualit\u00e4tsschritte. Die gr\u00fcnen Schoten werden lokal im Unterholz, in einer v\u00f6llig nat\u00fcrlichen Umgebung, produziert. Sie werden so sp\u00e4t wie m\u00f6glich geerntet, um das maximale Aromapotenzial zu bewahren. Anschlie\u00dfend folgt eine spezifische Verarbeitungsarbeit nach dem Know-how von Escale Bleue, die zwischen 1 und 2 Jahren dauert.<\/div><\/div><\/div><div class=\"fusion-panel panel-default panel-07f9c13ddbac6a0be fusion-toggle-has-divider\"><div class=\"panel-heading\"><h4 class=\"panel-title toggle\" id=\"toggle_07f9c13ddbac6a0be\"><a aria-expanded=\"false\" aria-controls=\"07f9c13ddbac6a0be\" role=\"button\" data-toggle=\"collapse\" data-target=\"#07f9c13ddbac6a0be\" href=\"#07f9c13ddbac6a0be\"><span class=\"fusion-toggle-icon-wrapper\" aria-hidden=\"true\"><i class=\"fa-fusion-box active-icon awb-icon-minus\" aria-hidden=\"true\"><\/i><i class=\"fa-fusion-box inactive-icon awb-icon-plus\" aria-hidden=\"true\"><\/i><\/span><span class=\"fusion-toggle-heading\">Wie verwendet man die Schoten?<\/span><\/a><\/h4><\/div><div id=\"07f9c13ddbac6a0be\" class=\"panel-collapse collapse \" aria-labelledby=\"toggle_07f9c13ddbac6a0be\"><div class=\"panel-body toggle-content fusion-clearfix\">\nSie k\u00f6nnen die Schote aufschneiden, um die Samen herauszukratzen. Die Vanille Bleue hat aber auch die Besonderheit, vollst\u00e4ndig verzehrbar zu sein, einschlie\u00dflich ihrer H\u00fclle. Schneiden Sie sie in feine Streifen und geben Sie diese direkt in Ihre Zubereitungen f\u00fcr einen zus\u00e4tzlichen Vanillegeschmack.<\/div><\/div><\/div><div class=\"fusion-panel panel-default panel-693136db2932f6458 fusion-toggle-has-divider\"><div class=\"panel-heading\"><h4 class=\"panel-title toggle\" id=\"toggle_693136db2932f6458\"><a aria-expanded=\"false\" aria-controls=\"693136db2932f6458\" role=\"button\" data-toggle=\"collapse\" data-target=\"#693136db2932f6458\" href=\"#693136db2932f6458\"><span class=\"fusion-toggle-icon-wrapper\" aria-hidden=\"true\"><i class=\"fa-fusion-box active-icon awb-icon-minus\" aria-hidden=\"true\"><\/i><i class=\"fa-fusion-box inactive-icon awb-icon-plus\" aria-hidden=\"true\"><\/i><\/span><span class=\"fusion-toggle-heading\">Wie lange sind die Schoten haltbar?<\/span><\/a><\/h4><\/div><div id=\"693136db2932f6458\" class=\"panel-collapse collapse \" aria-labelledby=\"toggle_693136db2932f6458\"><div class=\"panel-body toggle-content fusion-clearfix\">\n<p>Wir sind gesetzlich verpflichtet, ein Mindesthaltbarkeitsdatum von 1 Jahr anzugeben. Aber Spezialisten wissen, dass eine gute Vanille \u00fcber 10 Jahre gelagert werden kann.<\/p>\n<\/div><\/div><\/div><div class=\"fusion-panel panel-default panel-d388fda1a06df4fc7 fusion-toggle-has-divider\"><div class=\"panel-heading\"><h4 class=\"panel-title toggle\" id=\"toggle_d388fda1a06df4fc7\"><a aria-expanded=\"false\" aria-controls=\"d388fda1a06df4fc7\" role=\"button\" data-toggle=\"collapse\" data-target=\"#d388fda1a06df4fc7\" href=\"#d388fda1a06df4fc7\"><span class=\"fusion-toggle-icon-wrapper\" aria-hidden=\"true\"><i class=\"fa-fusion-box active-icon awb-icon-minus\" aria-hidden=\"true\"><\/i><i class=\"fa-fusion-box inactive-icon awb-icon-plus\" aria-hidden=\"true\"><\/i><\/span><span class=\"fusion-toggle-heading\">Wie lagert man die Schoten?<\/span><\/a><\/h4><\/div><div id=\"d388fda1a06df4fc7\" class=\"panel-collapse collapse \" aria-labelledby=\"toggle_d388fda1a06df4fc7\"><div class=\"panel-body toggle-content fusion-clearfix\">Legen Sie sie in ein luftdichtes Glasgef\u00e4\u00df oder eine Tube. Lassen Sie sie nicht in offenem Plastik. Legen Sie sie nicht in den K\u00fchlschrank. Lagern Sie sie an einem trockenen, sonnengesch\u00fctzten Ort. Bei Schwitzen wischen Sie die Schoten und das Gef\u00e4\u00df vorsichtig ab.<\/div><\/div><\/div><div class=\"fusion-panel panel-default panel-3cb4b6c45051765a3 fusion-toggle-has-divider\"><div class=\"panel-heading\"><h4 class=\"panel-title toggle\" id=\"toggle_3cb4b6c45051765a3\"><a aria-expanded=\"false\" aria-controls=\"3cb4b6c45051765a3\" role=\"button\" data-toggle=\"collapse\" data-target=\"#3cb4b6c45051765a3\" href=\"#3cb4b6c45051765a3\"><span class=\"fusion-toggle-icon-wrapper\" aria-hidden=\"true\"><i class=\"fa-fusion-box active-icon awb-icon-minus\" aria-hidden=\"true\"><\/i><i class=\"fa-fusion-box inactive-icon awb-icon-plus\" aria-hidden=\"true\"><\/i><\/span><span class=\"fusion-toggle-heading\">Woher kommt der Name Vanille Bleue?<\/span><\/a><\/h4><\/div><div id=\"3cb4b6c45051765a3\" class=\"panel-collapse collapse \" aria-labelledby=\"toggle_3cb4b6c45051765a3\"><div class=\"panel-body toggle-content fusion-clearfix\">\n<p>Blau ist das Meer, blau ist der Himmel \u2013 blau ist das Leben. Die Vanille Bleue tr\u00e4gt diesen Namen, weil sie lebendig ist: Wo andere Vanillesorten gebr\u00fcht und fixiert werden, beh\u00e4lt sie ihren gesamten biologischen Reichtum, entwickelt sich weiter, wird mit der Zeit besser. Eine Schote, die atmet, die wie ein Jahrgang reift. Das Leben bewahren, anstatt es zu beenden \u2013 das ist die Philosophie von Escale Bleue. Da das Konzept und die Spezifikationen sich von denen der Bourbon-Vanille unterscheiden, war dies der perfekte Name f\u00fcr diese Vanille.<\/p>\n<\/div><\/div><\/div><div class=\"fusion-panel panel-default panel-3c50f10ac7360eb36 fusion-toggle-has-divider\"><div class=\"panel-heading\"><h4 class=\"panel-title toggle\" id=\"toggle_3c50f10ac7360eb36\"><a aria-expanded=\"false\" aria-controls=\"3c50f10ac7360eb36\" role=\"button\" data-toggle=\"collapse\" data-target=\"#3c50f10ac7360eb36\" href=\"#3c50f10ac7360eb36\"><span class=\"fusion-toggle-icon-wrapper\" aria-hidden=\"true\"><i class=\"fa-fusion-box active-icon awb-icon-minus\" aria-hidden=\"true\"><\/i><i class=\"fa-fusion-box inactive-icon awb-icon-plus\" aria-hidden=\"true\"><\/i><\/span><span class=\"fusion-toggle-heading\">Welche Gr\u00f6\u00dfe und welches Gewicht hat eine Schote?<\/span><\/a><\/h4><\/div><div id=\"3c50f10ac7360eb36\" class=\"panel-collapse collapse \" aria-labelledby=\"toggle_3c50f10ac7360eb36\"><div class=\"panel-body toggle-content fusion-clearfix\">\nEine Vanille Bleue Schote hat ein Durchschnittsgewicht von etwa 8 g bei einer durchschnittlichen Gr\u00f6\u00dfe von 16-18 cm.<\/div><\/div><\/div><\/div><\/div><div class=\"fusion-clearfix\"><\/div><\/div><\/div><div class=\"fusion-layout-column fusion_builder_column fusion-builder-column-24 fusion_builder_column_1_6 1_6 fusion-one-sixth fusion-column-last\" style=\"--awb-bg-blend:overlay;--awb-bg-size:cover;width:16.666666666667%;width:calc(16.666666666667% - ( ( 4% + 4% ) * 0.16666666666667 ) );\"><div class=\"fusion-column-wrapper fusion-flex-column-wrapper-legacy\"><div class=\"fusion-clearfix\"><\/div><\/div><\/div><\/div><\/div><div class=\"fusion-fullwidth fullwidth-box fusion-builder-row-9 nonhundred-percent-fullwidth non-hundred-percent-height-scrolling\" style=\"--awb-border-radius-top-left:0px;--awb-border-radius-top-right:0px;--awb-border-radius-bottom-right:0px;--awb-border-radius-bottom-left:0px;--awb-padding-top:70px;--awb-padding-bottom:70px;--awb-background-color:#1a1a2e;--awb-flex-wrap:wrap;\" ><div class=\"fusion-builder-row fusion-row\"><div class=\"fusion-layout-column fusion_builder_column fusion-builder-column-25 fusion_builder_column_1_5 1_5 fusion-one-fifth fusion-column-first\" style=\"--awb-bg-blend:overlay;--awb-bg-size:cover;width:20%;width:calc(20% - ( ( 4% + 4% ) * 0.2 ) );margin-right: 4%;\"><div class=\"fusion-column-wrapper fusion-flex-column-wrapper-legacy\"><div class=\"fusion-clearfix\"><\/div><\/div><\/div><div class=\"fusion-layout-column fusion_builder_column fusion-builder-column-26 fusion_builder_column_3_5 3_5 fusion-three-fifth fusion-animated\" style=\"--awb-bg-blend:overlay;--awb-bg-size:cover;width:60%;width:calc(60% - ( ( 4% + 4% ) * 0.6 ) );margin-right: 4%;\" data-animationType=\"fadeInLeft\" data-animationDuration=\"0.8\" data-animationOffset=\"top-into-view\"><div class=\"fusion-column-wrapper fusion-flex-column-wrapper-legacy\"><div class=\"fusion-column-content-centered\"><div class=\"fusion-column-content\"><div class=\"fusion-text fusion-text-29\"><h3 style=\"text-align: center; color: #ffffff;\">Bereit, die Vanille Bleue zu entdecken?<\/h3>\n<p style=\"text-align: center; color: #b9afa1; font-size: 16px; margin-top: 10px;\">Schoten, Extrakt, Tee, Achard&#8230; Entdecken Sie das gesamte Sortiment in unserem Online-Shop. <\/p>\n<\/div><div class=\"fusion-sep-clear\"><\/div><div class=\"fusion-separator fusion-full-width-sep\" style=\"margin-left: auto;margin-right: auto;margin-top:20px;width:100%;\"><\/div><div class=\"fusion-sep-clear\"><\/div><div class=\"fusion-aligncenter\"><a class=\"fusion-button button-flat button-large button-custom fusion-button-default button-2 fusion-button-span-no fusion-button-default-type\" style=\"--button_accent_color:#b9afa1;--button_border_color:#b9afa1;--button_accent_hover_color:#1a1a2e;--button_border_hover_color:#1a1a2e;--button_border_width-top:2px;--button_border_width-right:2px;--button_border_width-bottom:2px;--button_border_width-left:2px;--button-border-radius-top-left:0px;--button-border-radius-top-right:0px;--button-border-radius-bottom-right:0px;--button-border-radius-bottom-left:0px;--button_gradient_top_color:rgba(0,0,0,0);--button_gradient_bottom_color:rgba(0,0,0,0);--button_gradient_top_color_hover:#b9afa1;--button_gradient_bottom_color_hover:#b9afa1;--button_text_transform:uppercase;\" target=\"_blank\" rel=\"noopener noreferrer\" href=\"https:\/\/shop.escale-bleue.fr\"><i class=\"fa-shopping-bag fas awb-button__icon awb-button__icon--default button-icon-left\" aria-hidden=\"true\"><\/i><span class=\"fusion-button-text awb-button__text awb-button__text--default\">Online bestellen<\/span><\/a><\/div><div class=\"fusion-sep-clear\"><\/div><div class=\"fusion-separator fusion-full-width-sep\" style=\"margin-left: auto;margin-right: auto;margin-top:15px;width:100%;\"><\/div><div class=\"fusion-sep-clear\"><\/div><div class=\"fusion-text fusion-text-30\"><p style=\"text-align: center; color: #888; font-size: 13px;\">Lieferung nach La R\u00e9union \u2022 Versand nach Festlandfrankreich und international<\/p>\n<\/div><\/div><\/div><div class=\"fusion-clearfix\"><\/div><\/div><\/div><div class=\"fusion-layout-column fusion_builder_column fusion-builder-column-27 fusion_builder_column_1_5 1_5 fusion-one-fifth fusion-column-last\" style=\"--awb-bg-blend:overlay;--awb-bg-size:cover;width:20%;width:calc(20% - ( ( 4% + 4% ) * 0.2 ) );\"><div class=\"fusion-column-wrapper fusion-flex-column-wrapper-legacy\"><div class=\"fusion-clearfix\"><\/div><\/div><\/div><\/div><\/div><div class=\"fusion-fullwidth fullwidth-box fusion-builder-row-10 fusion-flex-container has-pattern-background has-mask-background nonhundred-percent-fullwidth non-hundred-percent-height-scrolling\" style=\"--awb-border-radius-top-left:0px;--awb-border-radius-top-right:0px;--awb-border-radius-bottom-right:0px;--awb-border-radius-bottom-left:0px;--awb-flex-wrap:wrap;\" ><div class=\"fusion-builder-row fusion-row fusion-flex-align-items-flex-start fusion-flex-content-wrap\" style=\"max-width:1216.8px;margin-left: calc(-4% \/ 2 );margin-right: calc(-4% \/ 2 );\"><div class=\"fusion-layout-column fusion_builder_column fusion-builder-column-28 fusion_builder_column_1_1 1_1 fusion-flex-column\" style=\"--awb-bg-size:cover;--awb-width-large:100%;--awb-margin-top-large:20px;--awb-spacing-right-large:1.92%;--awb-margin-bottom-large:20px;--awb-spacing-left-large:1.92%;--awb-width-medium:100%;--awb-order-medium:0;--awb-spacing-right-medium:1.92%;--awb-spacing-left-medium:1.92%;--awb-width-small:100%;--awb-order-small:0;--awb-spacing-right-small:1.92%;--awb-spacing-left-small:1.92%;\"><div class=\"fusion-column-wrapper fusion-column-has-shadow fusion-flex-justify-content-flex-start fusion-content-layout-column\"><script type=\"application\/ld+json\">{\n  \"@context\": \"https:\/\/schema.org\",\n  \"@type\": \"Article\",\n  \"@id\": \"https:\/\/escale-bleue.fr\/quest-ce-que-la-vanille-bleue\/#article\",\n  \"headline\": \"Qu'est-ce que la Vanille Bleue ?\",\n  \"description\": \"La Vanille Bleue est la premi\u00e8re vanille brevet\u00e9e au monde. 100% comestible, affin\u00e9e 2 ans \u00e0 La R\u00e9union. D\u00e9couvrez son proc\u00e9d\u00e9 unique.\",\n  \"author\": {\n    \"@type\": \"Person\",\n    \"name\": \"Nicole Leichnig\",\n    \"jobTitle\": \"Co-fondatrice d'Escale Bleue\",\n    \"affiliation\": {\n      \"@type\": \"Organization\",\n      \"name\": \"Escale Bleue\"\n    }\n  },\n  \"publisher\": {\n    \"@type\": \"Organization\",\n    \"@id\": \"https:\/\/escale-bleue.fr\/#organization\"\n  },\n  \"datePublished\": \"2022-03-24\",\n  \"dateModified\": \"2026-03-03\",\n  \"mainEntityOfPage\": \"https:\/\/escale-bleue.fr\/quest-ce-que-la-vanille-bleue\/\",\n  \"image\": \"https:\/\/escale-bleue.fr\/wp-content\/uploads\/2026\/02\/Photo-Vanille-Bleue-2-\u00a9Jean-Philippe-Bouchiat-scaled.jpg\"\n}\n<\/script><script type=\"application\/ld+json\">{\n  \"@context\": \"https:\/\/schema.org\",\n  \"@type\": \"FAQPage\",\n  \"@id\": \"https:\/\/escale-bleue.fr\/quest-ce-que-la-vanille-bleue\/#faq\",\n  \"mainEntity\": [\n    {\n      \"@type\": \"Question\",\n      \"name\": \"Quel est le meilleur type de vanille ?\",\n      \"acceptedAnswer\": {\n        \"@type\": \"Answer\",\n        \"text\": \"Chaque esp\u00e8ce a sa touche aromatique et ses caract\u00e9ristiques particuli\u00e8res. Notre Vanille Bleue, issue principalement de l'esp\u00e8ce Planifolia, se d\u00e9marque \u00e0 la fois par sa finesse et sa douceur, mais aussi par son aspect visuel qui la place parmi les plus belles vanilles. Elle b\u00e9n\u00e9ficie \u00e9galement d'un lot de caract\u00e9ristiques uniques.\"\n      }\n    },\n    {\n      \"@type\": \"Question\",\n      \"name\": \"Quelles sont les surprises que r\u00e9serve la Vanille Bleue ?\",\n      \"acceptedAnswer\": {\n        \"@type\": \"Answer\",\n        \"text\": \"100% comestible : la vanille bleue peut se manger enti\u00e8rement, y compris son enveloppe. Efficacit\u00e9 culinaire accrue : ses propri\u00e9t\u00e9s biologiques pr\u00e9serv\u00e9es offrent une intensit\u00e9 aromatique sup\u00e9rieure. Du sucre vanill\u00e9 \u00e0 volont\u00e9 : plac\u00e9e dans du sucre, la gousse l'aromatise sans se dess\u00e9cher et peut \u00eatre r\u00e9utilis\u00e9e de tr\u00e8s nombreuses fois. Un velout\u00e9 unique dans l'alcool : de par la complexit\u00e9 de ses \u00e9l\u00e9ments biologiques conserv\u00e9s, elle offre un velout\u00e9 exceptionnel en mac\u00e9ration. Un ar\u00f4me \u00e9volutif : l'ar\u00f4me ne cesse de se bonifier avec le temps, tel un mill\u00e9sime. Conservation ais\u00e9e et durable : plus de 10 ans dans des bocaux en verre herm\u00e9tiques.\"\n      }\n    },\n    {\n      \"@type\": \"Question\",\n      \"name\": \"Votre vanille est-elle une vanille fra\u00eeche ?\",\n      \"acceptedAnswer\": {\n        \"@type\": \"Answer\",\n        \"text\": \"Non, notre vanille est un produit fini qui a subi entre 1 \u00e0 2 ans de s\u00e9chage et de pr\u00e9paration. Contrairement \u00e0 une vanille dite fra\u00eeche qui fait g\u00e9n\u00e9ralement allusion \u00e0 une simple vanille \u00e9chaud\u00e9e et non pr\u00e9par\u00e9e, revendue en moins d'une semaine.\"\n      }\n    },\n    {\n      \"@type\": \"Question\",\n      \"name\": \"Utilisez-vous des produits chimiques ?\",\n      \"acceptedAnswer\": {\n        \"@type\": \"Answer\",\n        \"text\": \"Escale Bleue respecte l'\u00e2me de chaque plante et bichonne ses gousses comme de v\u00e9ritables nourrissons. Notre Vanille Bleue est vierge de tout produit chimique, additif ou conservateur.\"\n      }\n    },\n    {\n      \"@type\": \"Question\",\n      \"name\": \"Quelles sont les \u00e9tapes de production ?\",\n      \"acceptedAnswer\": {\n        \"@type\": \"Answer\",\n        \"text\": \"La vanille bleue suit des \u00e9tapes qualitatives extr\u00eamement strictes. Les gousses vertes sont produites localement en sous-bois, en milieu totalement naturel. Elles sont r\u00e9colt\u00e9es le plus tardivement possible afin de pr\u00e9server le potentiel maximal d'ar\u00f4me. Vient ensuite un travail de transformation sp\u00e9cifique au savoir-faire d'Escale Bleue qui durera entre 1 \u00e0 2 ans.\"\n      }\n    },\n    {\n      \"@type\": \"Question\",\n      \"name\": \"Comment utiliser les gousses ?\",\n      \"acceptedAnswer\": {\n        \"@type\": \"Answer\",\n        \"text\": \"Vous pouvez fendre la gousse afin d'en gratter les graines. Mais la Vanille Bleue a aussi la particularit\u00e9 d'\u00eatre enti\u00e8rement consommable, y compris son enveloppe. D\u00e9coupez-la en fines lamelles et incorporez-les directement \u00e0 vos pr\u00e9parations pour une saveur vanill\u00e9e suppl\u00e9mentaire.\"\n      }\n    },\n    {\n      \"@type\": \"Question\",\n      \"name\": \"Combien de temps se conservent les gousses ?\",\n      \"acceptedAnswer\": {\n        \"@type\": \"Answer\",\n        \"text\": \"Nous sommes l\u00e9galement tenus d'indiquer une DLUO d'1 an. Mais les sp\u00e9cialistes savent qu'une bonne vanille peut \u00eatre conserv\u00e9e pendant plus de 10 ans.\"\n      }\n    },\n    {\n      \"@type\": \"Question\",\n      \"name\": \"Comment conserver les gousses ?\",\n      \"acceptedAnswer\": {\n        \"@type\": \"Answer\",\n        \"text\": \"Placez-les dans un bocal ou tube en verre herm\u00e9tique. Ne les laissez pas dans un plastique ouvert. Ne les mettez pas au r\u00e9frig\u00e9rateur. Conservez-les dans un endroit sec \u00e0 l'abri du soleil. En cas de transpiration, essuyez d\u00e9licatement les gousses et le r\u00e9cipient.\"\n      }\n    },\n    {\n      \"@type\": \"Question\",\n      \"name\": \"D'o\u00f9 vient le nom Vanille Bleue ?\",\n      \"acceptedAnswer\": {\n        \"@type\": \"Answer\",\n        \"text\": \"Le bleu, c'est la mer, c'est le ciel \u2014 c'est la vie. La Vanille Bleue porte ce nom parce qu'elle est vivante : l\u00e0 o\u00f9 d'autres vanilles sont \u00e9chaud\u00e9es et fig\u00e9es, elle garde en elle toute sa richesse biologique, continue d'\u00e9voluer, de se bonifier avec le temps. Une gousse qui respire, qui m\u00fbrit comme un mill\u00e9sime. Conserver la vie plut\u00f4t que l'\u00e9teindre \u2014 c'est toute la philosophie d'Escale Bleue. Le concept et le cahier des charges \u00e9tant diff\u00e9rents de ceux de la Vanille Bourbon, c'\u00e9tait le nom parfait pour cette vanille.\"\n      }\n    },\n    {\n      \"@type\": \"Question\",\n      \"name\": \"Quelle taille et quel poids pour une gousse ?\",\n      \"acceptedAnswer\": {\n        \"@type\": \"Answer\",\n        \"text\": \"Une gousse de Vanille Bleue a un poids moyen d'environ 8g pour une taille moyenne de 16-18 cm.\"\n      }\n    }\n  ]\n}\n<\/script><\/div><\/div><\/div><\/div><\/p>\n","protected":false},"excerpt":{"rendered":"","protected":false},"author":10,"featured_media":0,"parent":0,"menu_order":0,"comment_status":"closed","ping_status":"closed","template":"100-width.php","meta":{"footnotes":""},"class_list":["post-24680","page","type-page","status-publish","hentry"],"yoast_head":"<!-- This site is optimized with the Yoast SEO Premium plugin v27.4 (Yoast SEO v27.4) - https:\/\/yoast.com\/product\/yoast-seo-premium-wordpress\/ -->\n<title>Vanille Bleue, die Vanille, die vollst\u00e4ndig essbar ist<\/title>\n<meta name=\"description\" content=\"Entdecken Sie die Aromen der Vanille Bleue, einer einzigartigen, patentierten und f\u00fcr ihre au\u00dfergew\u00f6hnliche Geschmacksqualit\u00e4t ausgezeichneten Vanille.\" \/>\n<meta name=\"robots\" content=\"index, follow, max-snippet:-1, max-image-preview:large, max-video-preview:-1\" \/>\n<link rel=\"canonical\" href=\"https:\/\/escale-bleue.fr\/de\/quest-ce-que-la-vanille-bleue\/\" \/>\n<meta property=\"og:locale\" content=\"de_DE\" \/>\n<meta property=\"og:type\" content=\"article\" \/>\n<meta property=\"og:title\" content=\"Was ist die Vanille Bleue?\" \/>\n<meta property=\"og:description\" content=\"Entdecken Sie die Aromen der Vanille Bleue, einer einzigartigen, patentierten und f\u00fcr ihre au\u00dfergew\u00f6hnliche Geschmacksqualit\u00e4t ausgezeichneten Vanille.\" \/>\n<meta property=\"og:url\" content=\"https:\/\/escale-bleue.fr\/de\/quest-ce-que-la-vanille-bleue\/\" \/>\n<meta property=\"og:site_name\" content=\"Escale Bleue - Atelier Vanille\" \/>\n<meta property=\"article:publisher\" content=\"https:\/\/www.facebook.com\/Escalebleue\" \/>\n<meta property=\"article:modified_time\" content=\"2026-03-24T16:43:51+00:00\" \/>\n<meta property=\"og:image\" content=\"http:\/\/escale-bleue.fr\/wp-content\/uploads\/2016\/05\/Vanille-Bleue-affinage.jpg\" \/>\n<meta name=\"twitter:card\" content=\"summary_large_image\" \/>\n<meta name=\"twitter:site\" content=\"@EscaleBleue\" \/>\n<meta name=\"twitter:label1\" content=\"Gesch\u00e4tzte Lesezeit\" \/>\n\t<meta name=\"twitter:data1\" content=\"38\u00a0Minuten\" \/>\n<script type=\"application\/ld+json\" class=\"yoast-schema-graph\">{\"@context\":\"https:\\\/\\\/schema.org\",\"@graph\":[{\"@type\":\"WebPage\",\"@id\":\"https:\\\/\\\/escale-bleue.fr\\\/de\\\/quest-ce-que-la-vanille-bleue\\\/\",\"url\":\"https:\\\/\\\/escale-bleue.fr\\\/de\\\/quest-ce-que-la-vanille-bleue\\\/\",\"name\":\"Vanille Bleue, die Vanille, die vollst\u00e4ndig essbar ist\",\"isPartOf\":{\"@id\":\"https:\\\/\\\/escale-bleue.fr\\\/de\\\/#website\"},\"datePublished\":\"2014-05-28T10:31:48+00:00\",\"dateModified\":\"2026-03-24T16:43:51+00:00\",\"description\":\"Entdecken Sie die Aromen der Vanille Bleue, einer einzigartigen, patentierten und f\u00fcr ihre au\u00dfergew\u00f6hnliche Geschmacksqualit\u00e4t ausgezeichneten Vanille.\",\"breadcrumb\":{\"@id\":\"https:\\\/\\\/escale-bleue.fr\\\/de\\\/quest-ce-que-la-vanille-bleue\\\/#breadcrumb\"},\"inLanguage\":\"de\",\"potentialAction\":[{\"@type\":\"ReadAction\",\"target\":[\"https:\\\/\\\/escale-bleue.fr\\\/de\\\/quest-ce-que-la-vanille-bleue\\\/\"]}]},{\"@type\":\"BreadcrumbList\",\"@id\":\"https:\\\/\\\/escale-bleue.fr\\\/de\\\/quest-ce-que-la-vanille-bleue\\\/#breadcrumb\",\"itemListElement\":[{\"@type\":\"ListItem\",\"position\":1,\"name\":\"Accueil\",\"item\":\"https:\\\/\\\/escale-bleue.fr\\\/de\\\/\"},{\"@type\":\"ListItem\",\"position\":2,\"name\":\"Was ist die Vanille Bleue?\"}]},{\"@type\":\"WebSite\",\"@id\":\"https:\\\/\\\/escale-bleue.fr\\\/de\\\/#website\",\"url\":\"https:\\\/\\\/escale-bleue.fr\\\/de\\\/\",\"name\":\"Escale Bleue - Atelier Vanille \u00e0 la R\u00e9union\",\"description\":\"\",\"publisher\":{\"@id\":\"https:\\\/\\\/escale-bleue.fr\\\/de\\\/#organization\"},\"potentialAction\":[{\"@type\":\"SearchAction\",\"target\":{\"@type\":\"EntryPoint\",\"urlTemplate\":\"https:\\\/\\\/escale-bleue.fr\\\/de\\\/?s={search_term_string}\"},\"query-input\":{\"@type\":\"PropertyValueSpecification\",\"valueRequired\":true,\"valueName\":\"search_term_string\"}}],\"inLanguage\":\"de\"},{\"@type\":\"Organization\",\"@id\":\"https:\\\/\\\/escale-bleue.fr\\\/de\\\/#organization\",\"name\":\"Escale Bleue - Atelier Vanille R\u00e9union\",\"url\":\"https:\\\/\\\/escale-bleue.fr\\\/de\\\/\",\"logo\":{\"@type\":\"ImageObject\",\"inLanguage\":\"de\",\"@id\":\"https:\\\/\\\/escale-bleue.fr\\\/de\\\/#\\\/schema\\\/logo\\\/image\\\/\",\"url\":\"https:\\\/\\\/escale-bleue.fr\\\/wp-content\\\/uploads\\\/2026\\\/02\\\/logo_escale_bleue_b9afa1.png\",\"contentUrl\":\"https:\\\/\\\/escale-bleue.fr\\\/wp-content\\\/uploads\\\/2026\\\/02\\\/logo_escale_bleue_b9afa1.png\",\"width\":400,\"height\":218,\"caption\":\"Escale Bleue - Atelier Vanille R\u00e9union\"},\"image\":{\"@id\":\"https:\\\/\\\/escale-bleue.fr\\\/de\\\/#\\\/schema\\\/logo\\\/image\\\/\"},\"sameAs\":[\"https:\\\/\\\/www.facebook.com\\\/Escalebleue\",\"https:\\\/\\\/x.com\\\/EscaleBleue\",\"https:\\\/\\\/www.instagram.com\\\/escalebleue\\\/\"]}]}<\/script>\n<!-- \/ Yoast SEO Premium plugin. -->","yoast_head_json":{"title":"Vanille Bleue, die Vanille, die vollst\u00e4ndig essbar ist","description":"Entdecken Sie die Aromen der Vanille Bleue, einer einzigartigen, patentierten und f\u00fcr ihre au\u00dfergew\u00f6hnliche Geschmacksqualit\u00e4t ausgezeichneten Vanille.","robots":{"index":"index","follow":"follow","max-snippet":"max-snippet:-1","max-image-preview":"max-image-preview:large","max-video-preview":"max-video-preview:-1"},"canonical":"https:\/\/escale-bleue.fr\/de\/quest-ce-que-la-vanille-bleue\/","og_locale":"de_DE","og_type":"article","og_title":"Was ist die Vanille Bleue?","og_description":"Entdecken Sie die Aromen der Vanille Bleue, einer einzigartigen, patentierten und f\u00fcr ihre au\u00dfergew\u00f6hnliche Geschmacksqualit\u00e4t ausgezeichneten Vanille.","og_url":"https:\/\/escale-bleue.fr\/de\/quest-ce-que-la-vanille-bleue\/","og_site_name":"Escale Bleue - Atelier Vanille","article_publisher":"https:\/\/www.facebook.com\/Escalebleue","article_modified_time":"2026-03-24T16:43:51+00:00","og_image":[{"url":"http:\/\/escale-bleue.fr\/wp-content\/uploads\/2016\/05\/Vanille-Bleue-affinage.jpg","type":"","width":"","height":""}],"twitter_card":"summary_large_image","twitter_site":"@EscaleBleue","twitter_misc":{"Gesch\u00e4tzte Lesezeit":"38\u00a0Minuten"},"schema":{"@context":"https:\/\/schema.org","@graph":[{"@type":"WebPage","@id":"https:\/\/escale-bleue.fr\/de\/quest-ce-que-la-vanille-bleue\/","url":"https:\/\/escale-bleue.fr\/de\/quest-ce-que-la-vanille-bleue\/","name":"Vanille Bleue, die Vanille, die vollst\u00e4ndig essbar ist","isPartOf":{"@id":"https:\/\/escale-bleue.fr\/de\/#website"},"datePublished":"2014-05-28T10:31:48+00:00","dateModified":"2026-03-24T16:43:51+00:00","description":"Entdecken Sie die Aromen der Vanille Bleue, einer einzigartigen, patentierten und f\u00fcr ihre au\u00dfergew\u00f6hnliche Geschmacksqualit\u00e4t ausgezeichneten Vanille.","breadcrumb":{"@id":"https:\/\/escale-bleue.fr\/de\/quest-ce-que-la-vanille-bleue\/#breadcrumb"},"inLanguage":"de","potentialAction":[{"@type":"ReadAction","target":["https:\/\/escale-bleue.fr\/de\/quest-ce-que-la-vanille-bleue\/"]}]},{"@type":"BreadcrumbList","@id":"https:\/\/escale-bleue.fr\/de\/quest-ce-que-la-vanille-bleue\/#breadcrumb","itemListElement":[{"@type":"ListItem","position":1,"name":"Accueil","item":"https:\/\/escale-bleue.fr\/de\/"},{"@type":"ListItem","position":2,"name":"Was ist die Vanille Bleue?"}]},{"@type":"WebSite","@id":"https:\/\/escale-bleue.fr\/de\/#website","url":"https:\/\/escale-bleue.fr\/de\/","name":"Escale Bleue - Atelier Vanille \u00e0 la R\u00e9union","description":"","publisher":{"@id":"https:\/\/escale-bleue.fr\/de\/#organization"},"potentialAction":[{"@type":"SearchAction","target":{"@type":"EntryPoint","urlTemplate":"https:\/\/escale-bleue.fr\/de\/?s={search_term_string}"},"query-input":{"@type":"PropertyValueSpecification","valueRequired":true,"valueName":"search_term_string"}}],"inLanguage":"de"},{"@type":"Organization","@id":"https:\/\/escale-bleue.fr\/de\/#organization","name":"Escale Bleue - Atelier Vanille R\u00e9union","url":"https:\/\/escale-bleue.fr\/de\/","logo":{"@type":"ImageObject","inLanguage":"de","@id":"https:\/\/escale-bleue.fr\/de\/#\/schema\/logo\/image\/","url":"https:\/\/escale-bleue.fr\/wp-content\/uploads\/2026\/02\/logo_escale_bleue_b9afa1.png","contentUrl":"https:\/\/escale-bleue.fr\/wp-content\/uploads\/2026\/02\/logo_escale_bleue_b9afa1.png","width":400,"height":218,"caption":"Escale Bleue - Atelier Vanille R\u00e9union"},"image":{"@id":"https:\/\/escale-bleue.fr\/de\/#\/schema\/logo\/image\/"},"sameAs":["https:\/\/www.facebook.com\/Escalebleue","https:\/\/x.com\/EscaleBleue","https:\/\/www.instagram.com\/escalebleue\/"]}]}},"_links":{"self":[{"href":"https:\/\/escale-bleue.fr\/de\/wp-json\/wp\/v2\/pages\/24680","targetHints":{"allow":["GET"]}}],"collection":[{"href":"https:\/\/escale-bleue.fr\/de\/wp-json\/wp\/v2\/pages"}],"about":[{"href":"https:\/\/escale-bleue.fr\/de\/wp-json\/wp\/v2\/types\/page"}],"author":[{"embeddable":true,"href":"https:\/\/escale-bleue.fr\/de\/wp-json\/wp\/v2\/users\/10"}],"replies":[{"embeddable":true,"href":"https:\/\/escale-bleue.fr\/de\/wp-json\/wp\/v2\/comments?post=24680"}],"version-history":[{"count":3,"href":"https:\/\/escale-bleue.fr\/de\/wp-json\/wp\/v2\/pages\/24680\/revisions"}],"predecessor-version":[{"id":24697,"href":"https:\/\/escale-bleue.fr\/de\/wp-json\/wp\/v2\/pages\/24680\/revisions\/24697"}],"wp:attachment":[{"href":"https:\/\/escale-bleue.fr\/de\/wp-json\/wp\/v2\/media?parent=24680"}],"curies":[{"name":"wp","href":"https:\/\/api.w.org\/{rel}","templated":true}]}}