{"id":24718,"date":"2016-08-02T11:03:38","date_gmt":"2016-08-02T09:03:38","guid":{"rendered":"https:\/\/escale-bleue.fr\/home\/"},"modified":"2026-03-24T18:43:47","modified_gmt":"2026-03-24T16:43:47","slug":"home","status":"publish","type":"page","link":"https:\/\/escale-bleue.fr\/de\/","title":{"rendered":"Startseite"},"content":{"rendered":"<p><div class=\"fusion-fullwidth fullwidth-box fusion-builder-row-1 nonhundred-percent-fullwidth non-hundred-percent-height-scrolling\" style=\"--awb-background-position:left top;--awb-border-sizes-top:0px;--awb-border-sizes-bottom:0px;--awb-border-sizes-left:0px;--awb-border-sizes-right:0px;--awb-border-radius-top-left:0px;--awb-border-radius-top-right:0px;--awb-border-radius-bottom-right:0px;--awb-border-radius-bottom-left:0px;--awb-padding-top:8%;--awb-padding-bottom:4%;--awb-flex-wrap:wrap;\" ><div class=\"fusion-builder-row fusion-row\"><div class=\"fusion-layout-column fusion_builder_column fusion-builder-column-0 fusion_builder_column_1_6 1_6 fusion-one-sixth fusion-column-first fusion-no-small-visibility\" style=\"--awb-bg-blend:overlay;--awb-bg-size:cover;width:13.3333%; margin-right: 4%;\"><div class=\"fusion-column-wrapper fusion-flex-column-wrapper-legacy\"><div class=\"fusion-clearfix\"><\/div><\/div><\/div><div class=\"fusion-layout-column fusion_builder_column fusion-builder-column-1 fusion_builder_column_2_3 2_3 fusion-two-third\" style=\"--awb-bg-blend:overlay;--awb-bg-size:cover;width:65.3333%; margin-right: 4%;\"><div class=\"fusion-column-wrapper fusion-flex-column-wrapper-legacy\"><div class=\"fusion-text fusion-text-1\"><h1 class=\"fusion-responsive-typography-calculated\" style=\"text-align: center; --fontsize: 46; line-height: 1.1;\" data-fontsize=\"46\" data-lineheight=\"46px\">Vanille Bleue \u2014 Die erste patentierte Vanilleschote der Welt<\/h1>\n<\/div><div class=\"fusion-text fusion-text-2\"><p style=\"text-align: center;\">Die von Escale Bleue in Saint-Philippe (La R\u00e9union) kreierte <strong>Vanille Bleue<\/strong> wird unter dem Bl\u00e4tterdach des Waldes angebaut und nach einem exklusiven und <strong>patentierten<\/strong> Know-how <strong>2 Jahre <\/strong>von Hand veredelt.<\/p>\n<p style=\"text-align: center;\"><strong>100 % essbar<\/strong> \u2014 einschlie\u00dflich der Schote \u2014 begeistert sie die gr\u00f6\u00dften <strong>Sterne-K\u00f6che<\/strong> durch ihre Finesse, ihre Milde und ihr Aroma, das mit der Zeit noch besser wird. Unsere Manufaktur im Tremblet produziert davon <strong>weniger als 500 kg pro Jahr<\/strong>. <\/p>\n<\/div><div class=\"fusion-sep-clear\"><\/div><div class=\"fusion-separator\" style=\"margin-left: auto;margin-right: auto;margin-top:10px;margin-bottom:40px;width:100%;max-width:80px;\"><div class=\"fusion-separator-border sep-single sep-solid\" style=\"--awb-height:20px;--awb-amount:20px;border-color:#b9afa1;border-top-width:1px;\"><\/div><\/div><div class=\"fusion-sep-clear\"><\/div><div class=\"fusion-text fusion-text-3\"><p class=\"fusion-responsive-typography-calculated\" style=\"text-align: center; --fontsize: 26; line-height: 1.4; --minfontsize: 26; font-family: Libre Baskerville, Garamond, serif; font-size: 26px;\" data-fontsize=\"26\" data-lineheight=\"36.4px\"> <span style=\"color: #b9afa1;\"> \u201e<em>Das Wesentliche passiert beim Verkosten und in der Emotion. Und da habe ich eine Geheimwaffe: Vanille Bleue.<\/em><\/span><span style=\"color: #b9afa1;\">\u201c \u2014 (<a href=\"https:\/\/escale-bleue.fr\/de\/chefs\/pierre-marcolini\/\">Quelle<\/a>)<\/span><\/p>\n<p style=\"text-align: right;\"><span style=\"color: #b9afa1; font-family: Libre Baskerville, Garamond, serif;\"><span style=\"font-size: 26px; letter-spacing: -1px;\"><i><span style=\"font-size: 23px; line-height: 32px;\" data-fusion-font=\"true\"><span style=\"font-size: 26px;\" data-fusion-font=\"true\">Pierre Marcolini<\/span><\/span><\/i><\/span><\/span><\/p>\n<\/div><div class=\"fusion-sep-clear\"><\/div><div class=\"fusion-separator\" style=\"margin-left: auto;margin-right: auto;margin-top:10px;margin-bottom:40px;width:100%;max-width:80px;\"><div class=\"fusion-separator-border sep-single sep-solid\" style=\"--awb-height:20px;--awb-amount:20px;border-color:#b9afa1;border-top-width:1px;\"><\/div><\/div><div class=\"fusion-sep-clear\"><\/div><div class=\"fusion-sep-clear\"><\/div><div class=\"fusion-separator fusion-full-width-sep\" style=\"margin-left: auto;margin-right: auto;margin-top:30px;width:100%;\"><\/div><div class=\"fusion-sep-clear\"><\/div><div class=\"fusion-aligncenter\"><a class=\"fusion-button button-flat fusion-button-default-size button-custom fusion-button-default button-1 fusion-button-default-span fusion-button-default-type\" style=\"--button_accent_color:#b9afa1;--button_border_color:#b9afa1;--button_accent_hover_color:#33a7b9;--button_border_hover_color:#33a7b9;--button_border_width-top:2px;--button_border_width-right:2px;--button_border_width-bottom:2px;--button_border_width-left:2px;--button_gradient_top_color:rgba(255,255,255,0);--button_gradient_bottom_color:rgba(255,255,255,0);--button_gradient_top_color_hover:rgba(255,255,255,0);--button_gradient_bottom_color_hover:rgba(255,255,255,0);\" target=\"_self\" href=\"https:\/\/escale-bleue.fr\/de\/quest-ce-que-la-vanille-bleue\/\"><span class=\"fusion-button-text awb-button__text awb-button__text--default\">Vanille Bleue entdecken<\/span><\/a><\/div><div class=\"fusion-clearfix\"><\/div><\/div><\/div><div class=\"fusion-layout-column fusion_builder_column fusion-builder-column-2 fusion_builder_column_1_6 1_6 fusion-one-sixth fusion-column-last fusion-no-small-visibility\" style=\"--awb-bg-blend:overlay;--awb-bg-size:cover;width:13.3333%;\"><div class=\"fusion-column-wrapper fusion-flex-column-wrapper-legacy\"><div class=\"fusion-clearfix\"><\/div><\/div><\/div><\/div><\/div><div class=\"fusion-fullwidth fullwidth-box fusion-builder-row-2 nonhundred-percent-fullwidth non-hundred-percent-height-scrolling\" style=\"--awb-border-radius-top-left:0px;--awb-border-radius-top-right:0px;--awb-border-radius-bottom-right:0px;--awb-border-radius-bottom-left:0px;--awb-padding-bottom:10px;--awb-flex-wrap:wrap;\" ><div class=\"fusion-builder-row fusion-row\"><div class=\"fusion-layout-column fusion_builder_column fusion-builder-column-3 fusion_builder_column_1_5 1_5 fusion-one-fifth fusion-column-first fusion-animated\" style=\"--awb-bg-blend:overlay;--awb-bg-size:cover;width:20%;width:calc(20% - ( ( 4% + 4% + 4% + 4% ) * 0.2 ) );margin-right: 4%;\" data-animationType=\"fadeInDown\" data-animationDuration=\"0.6\" data-animationOffset=\"top-into-view\"><div class=\"fusion-column-wrapper fusion-flex-column-wrapper-legacy\"><div class=\"fusion-fa-align-center\"><i class=\"fb-icon-element-1 fb-icon-element fontawesome-icon fa-leaf fas circle-no\" style=\"--awb-iconcolor:#b9afa1;--awb-iconcolor-hover:#b9afa1;--awb-circlecolor:rgba(255,255,255,0);--awb-font-size:58px;--awb-margin-bottom:20px;\"><\/i><\/div><div class=\"fusion-text fusion-text-4\"><p style=\"text-align: center; font-family: Libre Baskerville, Garamond, serif; font-size: 17px; line-height: 1.4;\">Ernte bei Vollreife \u2014 mindestens 9 Monate<\/p>\n<\/div><div class=\"fusion-clearfix\"><\/div><\/div><\/div><div class=\"fusion-layout-column fusion_builder_column fusion-builder-column-4 fusion_builder_column_1_5 1_5 fusion-one-fifth fusion-animated\" style=\"--awb-bg-blend:overlay;--awb-bg-size:cover;width:20%;width:calc(20% - ( ( 4% + 4% + 4% + 4% ) * 0.2 ) );margin-right: 4%;\" data-animationType=\"fadeInUp\" data-animationDuration=\"0.6\" data-animationOffset=\"top-into-view\"><div class=\"fusion-column-wrapper fusion-flex-column-wrapper-legacy\"><div class=\"fusion-sep-clear\"><\/div><div class=\"fusion-separator fusion-no-small-visibility fusion-full-width-sep\" style=\"margin-left: auto;margin-right: auto;margin-top:60px;width:100%;\"><\/div><div class=\"fusion-sep-clear\"><\/div><div class=\"fusion-fa-align-center\"><i class=\"fb-icon-element-2 fb-icon-element fontawesome-icon fa-clock fas circle-no\" style=\"--awb-iconcolor:#b9afa1;--awb-iconcolor-hover:#b9afa1;--awb-circlecolor:rgba(255,255,255,0);--awb-font-size:58px;--awb-margin-bottom:20px;\"><\/i><\/div><div class=\"fusion-text fusion-text-5\"><p style=\"text-align: center; font-family: Libre Baskerville, Garamond, serif; font-size: 17px; line-height: 1.4;\">\u00dcber 2 Jahre lange Veredelung<\/p>\n<\/div><div class=\"fusion-clearfix\"><\/div><\/div><\/div><div class=\"fusion-layout-column fusion_builder_column fusion-builder-column-5 fusion_builder_column_1_5 1_5 fusion-one-fifth fusion-animated\" style=\"--awb-bg-blend:overlay;--awb-bg-size:cover;width:20%;width:calc(20% - ( ( 4% + 4% + 4% + 4% ) * 0.2 ) );margin-right: 4%;\" data-animationType=\"fadeInDown\" data-animationDuration=\"0.6\" data-animationOffset=\"top-into-view\"><div class=\"fusion-column-wrapper fusion-flex-column-wrapper-legacy\"><div class=\"fusion-fa-align-center\"><i class=\"fb-icon-element-3 fb-icon-element fontawesome-icon fa-angle-double-up fas circle-no fa-flip-horizontal\" style=\"--awb-iconcolor:#b9afa1;--awb-iconcolor-hover:#b9afa1;--awb-font-size:58px;--awb-margin-bottom:20px;\"><\/i><\/div><div class=\"fusion-text fusion-text-6\"><p style=\"text-align: center; font-family: Libre Baskerville, Garamond, serif; font-size: 17px; line-height: 1.4;\">Au\u00dfergew\u00f6hnliche Intensit\u00e4t und langer Abgang<\/p>\n<\/div><div class=\"fusion-clearfix\"><\/div><\/div><\/div><div class=\"fusion-layout-column fusion_builder_column fusion-builder-column-6 fusion_builder_column_1_5 1_5 fusion-one-fifth fusion-animated\" style=\"--awb-bg-blend:overlay;--awb-bg-size:cover;width:20%;width:calc(20% - ( ( 4% + 4% + 4% + 4% ) * 0.2 ) );margin-right: 4%;\" data-animationType=\"fadeInUp\" data-animationDuration=\"0.6\" data-animationOffset=\"top-into-view\"><div class=\"fusion-column-wrapper fusion-flex-column-wrapper-legacy\"><div class=\"fusion-sep-clear\"><\/div><div class=\"fusion-separator fusion-no-small-visibility fusion-full-width-sep\" style=\"margin-left: auto;margin-right: auto;margin-top:60px;width:100%;\"><\/div><div class=\"fusion-sep-clear\"><\/div><div class=\"fusion-fa-align-center\"><i class=\"fb-icon-element-4 fb-icon-element fontawesome-icon fa-grin-wink far circle-no\" style=\"--awb-iconcolor:#b9afa1;--awb-iconcolor-hover:#b9afa1;--awb-circlecolor:rgba(255,255,255,0);--awb-font-size:58px;--awb-margin-bottom:20px;\"><\/i><\/div><div class=\"fusion-text fusion-text-7\"><p style=\"text-align: center; font-family: Libre Baskerville, Garamond, serif; font-size: 17px; line-height: 1.4;\">100 % essbar, sogar die Schote<\/p>\n<\/div><div class=\"fusion-clearfix\"><\/div><\/div><\/div><div class=\"fusion-layout-column fusion_builder_column fusion-builder-column-7 fusion_builder_column_1_5 1_5 fusion-one-fifth fusion-column-last fusion-animated\" style=\"--awb-bg-blend:overlay;--awb-bg-size:cover;width:20%;width:calc(20% - ( ( 4% + 4% + 4% + 4% ) * 0.2 ) );\" data-animationType=\"fadeInDown\" data-animationDuration=\"0.6\" data-animationOffset=\"top-into-view\"><div class=\"fusion-column-wrapper fusion-flex-column-wrapper-legacy\"><div class=\"fusion-fa-align-center\"><i class=\"fb-icon-element-5 fb-icon-element fontawesome-icon fa-ban fas circle-no\" style=\"--awb-iconcolor:#b9afa1;--awb-iconcolor-hover:#b9afa1;--awb-circlecolor:rgba(255,255,255,0);--awb-font-size:58px;--awb-margin-bottom:20px;\"><\/i><\/div><div class=\"fusion-text fusion-text-8\"><p style=\"text-align: center; font-family: Libre Baskerville, Garamond, serif; font-size: 17px; line-height: 1.4;\">Ohne Chemie<\/p>\n<\/div><div class=\"fusion-clearfix\"><\/div><\/div><\/div><\/div><\/div><div class=\"fusion-fullwidth fullwidth-box fusion-builder-row-3 nonhundred-percent-fullwidth non-hundred-percent-height-scrolling\" style=\"--awb-border-radius-top-left:0px;--awb-border-radius-top-right:0px;--awb-border-radius-bottom-right:0px;--awb-border-radius-bottom-left:0px;--awb-padding-bottom:30px;--awb-background-color:#f9f9f9;--awb-flex-wrap:wrap;\" ><div class=\"fusion-builder-row fusion-row\"><div class=\"fusion-layout-column fusion_builder_column fusion-builder-column-8 fusion_builder_column_1_1 1_1 fusion-one-full fusion-column-first fusion-column-last\" style=\"--awb-bg-blend:overlay;--awb-bg-size:cover;--awb-margin-top:0px;--awb-margin-bottom:0px;\"><div class=\"fusion-column-wrapper fusion-flex-column-wrapper-legacy\"><div class=\"fusion-section-separator section-separator big-half-circle fusion-section-separator-1\" style=\"--awb-spacer-height:99px;--awb-svg-margin-left:0;--awb-svg-margin-right:0;--awb-divider-height:99px;--awb-spacer-padding-top:inherit;--awb-sep-padding:0;--awb-svg-padding:0;\"><div class=\"fusion-section-separator-svg\"><svg class=\"fusion-big-half-circle-candy\" xmlns=\"http:\/\/www.w3.org\/2000\/svg\" version=\"1.1\" width=\"100%\" height=\"100\" viewBox=\"0 0 100 100\" preserveAspectRatio=\"none\" fill=\"rgba(255,255,255,1)\"><path d=\"M0 0 C55 180 100 0 100 0 Z\"><\/path><\/svg><\/div><div class=\"fusion-section-separator-spacer\"><div class=\"fusion-section-separator-spacer-height\"><\/div><\/div><\/div><div class=\"fusion-clearfix\"><\/div><\/div><\/div><\/div><\/div><div class=\"fusion-fullwidth fullwidth-box fusion-builder-row-4 nonhundred-percent-fullwidth non-hundred-percent-height-scrolling fusion-equal-height-columns\" style=\"--awb-background-position:left top;--awb-border-sizes-top:0px;--awb-border-sizes-bottom:0px;--awb-border-sizes-left:0px;--awb-border-sizes-right:0px;--awb-border-radius-top-left:0px;--awb-border-radius-top-right:0px;--awb-border-radius-bottom-right:0px;--awb-border-radius-bottom-left:0px;--awb-padding-top:6%;--awb-padding-bottom:7%;--awb-background-color:#f9f9f9;--awb-flex-wrap:wrap;\" ><div class=\"fusion-builder-row fusion-row\"><div class=\"fusion-layout-column fusion_builder_column fusion-builder-column-9 fusion_builder_column_3_5 3_5 fusion-three-fifth fusion-column-first\" style=\"--awb-bg-blend:overlay;--awb-bg-size:cover;--awb-margin-bottom:30px;width:60%;width:calc(60% - ( ( 8% ) * 0.6 ) );margin-right: 8%;\"><div class=\"fusion-column-wrapper fusion-flex-column-wrapper-legacy\"><div class=\"fusion-image-element fusion-image-align-center in-legacy-container\" style=\"text-align:center;--awb-caption-title-font-family:var(--h2_typography-font-family);--awb-caption-title-font-weight:var(--h2_typography-font-weight);--awb-caption-title-font-style:var(--h2_typography-font-style);--awb-caption-title-size:var(--h2_typography-font-size);--awb-caption-title-transform:var(--h2_typography-text-transform);--awb-caption-title-line-height:var(--h2_typography-line-height);--awb-caption-title-letter-spacing:var(--h2_typography-letter-spacing);\"><div class=\"imageframe-align-center\"><span class=\" fusion-imageframe imageframe-dropshadow imageframe-1 hover-type-zoomin fusion-animated\" style=\"border:7px solid #ffffff;-webkit-box-shadow: 3px 3px 7px rgba(93,88,82,0.3);box-shadow: 3px 3px 7px rgba(93,88,82,0.3);\" data-animationType=\"fadeInLeft\" data-animationDuration=\"0.6\" data-animationOffset=\"top-into-view\"><img decoding=\"async\" width=\"1006\" height=\"1460\" alt=\"Jury aus 120 Sterne-K\u00f6chen, die Vanille Bleue beim Wettbewerb des International Taste Institute in Br\u00fcssel verkostet\" title=\"Jury-chefs (2)\" src=\"https:\/\/escale-bleue.fr\/wp-content\/uploads\/2026\/03\/Jury-chefs-2.jpg\" class=\"img-responsive wp-image-24471\" srcset=\"https:\/\/escale-bleue.fr\/wp-content\/uploads\/2026\/03\/Jury-chefs-2-200x290.jpg 200w, https:\/\/escale-bleue.fr\/wp-content\/uploads\/2026\/03\/Jury-chefs-2-400x581.jpg 400w, https:\/\/escale-bleue.fr\/wp-content\/uploads\/2026\/03\/Jury-chefs-2-600x871.jpg 600w, https:\/\/escale-bleue.fr\/wp-content\/uploads\/2026\/03\/Jury-chefs-2-800x1161.jpg 800w, https:\/\/escale-bleue.fr\/wp-content\/uploads\/2026\/03\/Jury-chefs-2.jpg 1006w\" sizes=\"(max-width: 1050px) 100vw, 800px\" \/><\/span><\/div><\/div><div class=\"fusion-clearfix\"><\/div><\/div><\/div><div class=\"fusion-layout-column fusion_builder_column fusion-builder-column-10 fusion_builder_column_2_5 2_5 fusion-two-fifth fusion-column-last\" style=\"--awb-bg-blend:overlay;--awb-bg-size:cover;--awb-margin-top:30px;--awb-margin-bottom:30px;width:40%;width:calc(40% - ( ( 8% ) * 0.4 ) );\"><div class=\"fusion-column-wrapper fusion-flex-column-wrapper-legacy\"><div class=\"fusion-text fusion-text-9\"><h2 class=\"fusion-responsive-typography-calculated\" style=\"--fontsize: 62; line-height: 1.1; text-align: center;\" data-fontsize=\"62\" data-lineheight=\"68.2px\">Internationale Auszeichnungen<\/h2>\n<\/div><div class=\"fusion-text fusion-text-10\"><p>Seit 2016 mit internationalen Troph\u00e4en ausgezeichnet, erh\u00e4lt <strong>Vanille Bleue<\/strong> 2024 in Br\u00fcssel den ultimativen <strong>Diamond Taste Award<\/strong> \u2014 verliehen vom <strong>ITQI<\/strong>, das als <strong>Michelin-Guide der Lebensmittelprodukte gilt \u2014<\/strong>, nachdem sie \u00fcber ein ganzes <strong>Jahrzehnt<\/strong> hinweg konstant die h\u00f6chste Geschmacksbewertung erzielt hat. Die Verkostung erfolgte blind durch eine Jury aus <strong>120 ausgezeichneten oder Sterne-K\u00f6chen<\/strong>, die den renommiertesten kulinarischen Verb\u00e4nden Europas angeh\u00f6ren: Acad\u00e9mie Culinaire de France, Eurotoques, Ma\u00eetres Cuisiniers de France&#8230; <\/p>\n<\/div><div class=\"fusion-image-element fusion-image-align-center in-legacy-container\" style=\"text-align:center;--awb-caption-title-font-family:var(--h2_typography-font-family);--awb-caption-title-font-weight:var(--h2_typography-font-weight);--awb-caption-title-font-style:var(--h2_typography-font-style);--awb-caption-title-size:var(--h2_typography-font-size);--awb-caption-title-transform:var(--h2_typography-text-transform);--awb-caption-title-line-height:var(--h2_typography-line-height);--awb-caption-title-letter-spacing:var(--h2_typography-letter-spacing);\"><div class=\"imageframe-align-center\"><span class=\" fusion-imageframe imageframe-none imageframe-2 hover-type-none\"><img decoding=\"async\" width=\"250\" height=\"300\" alt=\"Diamond Taste Award 2024, verliehen an Vanille Bleue vom International Taste Institute\" title=\"DIAMOND_TASTE_AWARD\" src=\"https:\/\/escale-bleue.fr\/wp-content\/uploads\/2026\/03\/DIAMOND_TASTE_AWARD-250x300.png\" class=\"img-responsive wp-image-24469\" srcset=\"https:\/\/escale-bleue.fr\/wp-content\/uploads\/2026\/03\/DIAMOND_TASTE_AWARD-200x240.png 200w, https:\/\/escale-bleue.fr\/wp-content\/uploads\/2026\/03\/DIAMOND_TASTE_AWARD-400x479.png 400w, https:\/\/escale-bleue.fr\/wp-content\/uploads\/2026\/03\/DIAMOND_TASTE_AWARD-600x719.png 600w, https:\/\/escale-bleue.fr\/wp-content\/uploads\/2026\/03\/DIAMOND_TASTE_AWARD-800x958.png 800w, https:\/\/escale-bleue.fr\/wp-content\/uploads\/2026\/03\/DIAMOND_TASTE_AWARD.png 950w\" sizes=\"(max-width: 1050px) 100vw, 600px\" \/><\/span><\/div><\/div><div class=\"fusion-sep-clear\"><\/div><div class=\"fusion-separator fusion-full-width-sep\" style=\"margin-left: auto;margin-right: auto;margin-top:20px;margin-bottom:20px;width:100%;\"><\/div><div class=\"fusion-sep-clear\"><\/div><div class=\"fusion-sep-clear\"><\/div><div class=\"fusion-separator fusion-full-width-sep\" style=\"margin-left: auto;margin-right: auto;margin-top:20px;margin-bottom:20px;width:100%;\"><\/div><div class=\"fusion-sep-clear\"><\/div><div class=\"fusion-aligncenter\"><a class=\"fusion-button button-flat fusion-button-default-size button-custom fusion-button-default button-2 fusion-button-default-span fusion-button-default-type\" style=\"--button_accent_color:#b9afa1;--button_border_color:#b9afa1;--button_accent_hover_color:#33a7b9;--button_border_hover_color:#33a7b9;--button_border_width-top:2px;--button_border_width-right:2px;--button_border_width-bottom:2px;--button_border_width-left:2px;--button_gradient_top_color:rgba(255,255,255,0);--button_gradient_bottom_color:rgba(255,255,255,0);--button_gradient_top_color_hover:rgba(255,255,255,0);--button_gradient_bottom_color_hover:rgba(255,255,255,0);\" target=\"_self\" href=\"https:\/\/escale-bleue.fr\/de\/labels\/\"><span class=\"fusion-button-text awb-button__text awb-button__text--default\">Unsere Auszeichnungen entdecken<\/span><\/a><\/div><div class=\"fusion-clearfix\"><\/div><\/div><\/div><\/div><\/div><div class=\"fusion-bg-parallax\" data-bg-align=\"left center\" data-direction=\"up\" data-mute=\"false\" data-opacity=\"100\" data-velocity=\"-0.2\" data-mobile-enabled=\"false\" data-break_parents=\"0\" data-bg-image=\"http:\/\/escale-bleue.fr\/wp-content\/uploads\/2022\/03\/Vanille-Bleue-4.jpg\" data-bg-repeat=\"false\" data-bg-color=\"#6f727b\" ><\/div><div class=\"fusion-fullwidth fullwidth-box fusion-builder-row-5 fusion-parallax-up nonhundred-percent-fullwidth non-hundred-percent-height-scrolling\" style=\"--awb-background-position:left center;--awb-border-sizes-top:0px;--awb-border-sizes-bottom:0px;--awb-border-sizes-left:0px;--awb-border-sizes-right:0px;--awb-border-radius-top-left:0px;--awb-border-radius-top-right:0px;--awb-border-radius-bottom-right:0px;--awb-border-radius-bottom-left:0px;--awb-padding-top:90px;--awb-padding-bottom:80px;--awb-background-color:#6f727b;--awb-background-image:url(&quot;http:\/\/escale-bleue.fr\/wp-content\/uploads\/2022\/03\/Vanille-Bleue-4.jpg&quot;);--awb-background-size:cover;--awb-flex-wrap:wrap;\" ><div class=\"fusion-builder-row fusion-row\"><div class=\"fusion-layout-column fusion_builder_column fusion-builder-column-11 fusion_builder_column_1_1 1_1 fusion-one-full fusion-column-first fusion-column-last fusion-column-no-min-height\" style=\"--awb-bg-blend:overlay;--awb-bg-size:cover;--awb-margin-top:0px;--awb-margin-bottom:0px;\"><div class=\"fusion-column-wrapper fusion-flex-column-wrapper-legacy\"><div class=\"fusion-text fusion-text-11\"><h3 class=\"fusion-responsive-typography-calculated\" style=\"text-align: center; --fontsize: 36; line-height: 1.25;\" data-fontsize=\"36\" data-lineheight=\"45px\"><span style=\"color: #ffffff;\">SIE KREIEREN MIT VANILLE BLEUE<\/span><\/h3>\n<\/div><div class=\"fusion-clearfix\"><\/div><\/div><\/div><\/div><\/div><div class=\"fusion-fullwidth fullwidth-box fusion-builder-row-6 fusion-flex-container has-pattern-background has-mask-background nonhundred-percent-fullwidth non-hundred-percent-height-scrolling\" style=\"--awb-border-radius-top-left:0px;--awb-border-radius-top-right:0px;--awb-border-radius-bottom-right:0px;--awb-border-radius-bottom-left:0px;--awb-flex-wrap:wrap;\" ><div class=\"fusion-builder-row fusion-row fusion-flex-align-items-flex-start fusion-flex-content-wrap\" style=\"max-width:1216.8px;margin-left: calc(-4% \/ 2 );margin-right: calc(-4% \/ 2 );\"><div class=\"fusion-layout-column fusion_builder_column fusion-builder-column-12 fusion_builder_column_1_1 1_1 fusion-flex-column\" style=\"--awb-bg-size:cover;--awb-width-large:100%;--awb-margin-top-large:20px;--awb-spacing-right-large:1.92%;--awb-margin-bottom-large:20px;--awb-spacing-left-large:1.92%;--awb-width-medium:100%;--awb-order-medium:0;--awb-spacing-right-medium:1.92%;--awb-spacing-left-medium:1.92%;--awb-width-small:100%;--awb-order-small:0;--awb-spacing-right-small:1.92%;--awb-spacing-left-small:1.92%;\"><div class=\"fusion-column-wrapper fusion-column-has-shadow fusion-flex-justify-content-flex-start fusion-content-layout-column\"><div class=\"fusion-text fusion-text-12\" style=\"--awb-text-color:var(--awb-color6);\"><p>Mehr als <strong>120 Sterne-K\u00f6che<\/strong> und Meilleurs Ouvriers de France haben auf diese <strong>au\u00dfergew\u00f6hnliche Vanille<\/strong> f\u00fcr ihre anspruchsvollsten Kreationen vertraut. Von Paul Bocuse bis Ladur\u00e9e, vom Peninsula Paris bis Cheval Blanc ist sie zu einer der <strong>Referenzen f\u00fcr Vanille<\/strong> in der <strong>Spitzengastronomie<\/strong> geworden. <\/p>\n<\/div><\/div><\/div><\/div><\/div><div class=\"fusion-fullwidth fullwidth-box fusion-builder-row-7 hundred-percent-fullwidth non-hundred-percent-height-scrolling\" style=\"--awb-background-position:left top;--awb-border-sizes-top:0px;--awb-border-sizes-bottom:0px;--awb-border-sizes-left:0px;--awb-border-sizes-right:0px;--awb-border-radius-top-left:0px;--awb-border-radius-top-right:0px;--awb-border-radius-bottom-right:0px;--awb-border-radius-bottom-left:0px;--awb-padding-top:0px;--awb-padding-right:0px;--awb-padding-bottom:0px;--awb-padding-left:0px;--awb-flex-wrap:wrap;\" ><div class=\"fusion-builder-row fusion-row\"><div class=\"fusion-layout-column fusion_builder_column fusion-builder-column-13 fusion_builder_column_1_1 1_1 fusion-one-full fusion-column-first fusion-column-last fusion-column-no-min-height\" style=\"--awb-bg-blend:overlay;--awb-bg-size:cover;--awb-margin-top:0px;--awb-margin-bottom:0px;\"><div class=\"fusion-column-wrapper fusion-flex-column-wrapper-legacy\"><style type=\"text\/css\">.fusion-portfolio-wrapper#fusion-portfolio-1 .fusion-portfolio-content{ padding: 30px 30px 30px 30px; text-align: left; }<\/style><div class=\"fusion-recent-works fusion-portfolio-element fusion-portfolio fusion-portfolio-1 fusion-portfolio-grid fusion-portfolio-paging-pagination fusion-portfolio-four fusion-portfolio-boxed fusion-portfolio-text fusion-portfolio-equal-heights fusion-portfolio-rollover fusion-animated\" data-id=\"-rw-1\" data-columns=\"four\" data-animationType=\"fadeInDown\" data-animationDuration=\"0.7\" data-animationOffset=\"top-into-view\"><style type=\"text\/css\">.fusion-portfolio-1 .fusion-portfolio-wrapper .fusion-col-spacing{padding:0px;}<\/style><div class=\"fusion-portfolio-wrapper\" id=\"fusion-portfolio-1\" data-picturesize=\"auto\" data-pages=\"1\" style=\"margin:-0px;\"><article id=\"portfolio-1-post-24585\" class=\"fusion-portfolio-post fusion-col-spacing post-24585\"><div class=\"fusion-portfolio-content-wrapper\" style=\"border:1px solid #ebeaea;border-bottom-width:3px;background-color:rgba(255,255,255,1);\"><div  class=\"fusion-image-wrapper\" aria-haspopup=\"true\">\n\t\t\t\t<img decoding=\"async\" width=\"1000\" height=\"1100\" src=\"https:\/\/escale-bleue.fr\/wp-content\/uploads\/2016\/08\/Paul-Bocuse-1000x1100-1.jpg\" class=\"attachment-full size-full wp-post-image\" alt=\"Paul Bocuse, glace \u00e0 la Vanille Bleue\" srcset=\"https:\/\/escale-bleue.fr\/wp-content\/uploads\/2016\/08\/Paul-Bocuse-1000x1100-1-200x220.jpg 200w, https:\/\/escale-bleue.fr\/wp-content\/uploads\/2016\/08\/Paul-Bocuse-1000x1100-1-400x440.jpg 400w, https:\/\/escale-bleue.fr\/wp-content\/uploads\/2016\/08\/Paul-Bocuse-1000x1100-1-600x660.jpg 600w, https:\/\/escale-bleue.fr\/wp-content\/uploads\/2016\/08\/Paul-Bocuse-1000x1100-1-800x880.jpg 800w, https:\/\/escale-bleue.fr\/wp-content\/uploads\/2016\/08\/Paul-Bocuse-1000x1100-1.jpg 1000w\" sizes=\"(min-width: 2200px) 100vw, (min-width: 856px) 293px, (min-width: 784px) 390px, (min-width: 712px) 585px, (min-width: 640px) 712px, \" \/><div class=\"fusion-rollover\">\n\t<div class=\"fusion-rollover-content\">\n\n\t\t\t\t\n\t\t\n\t\t\t\t\t\t\t\t\t\t\t\t<h4 class=\"fusion-rollover-title\">\n\t\t\t\t\t<a class=\"fusion-rollover-title-link\" href=\"https:\/\/escale-bleue.fr\/de\/chefs\/paul-bocuse-glace-vanille-bleue\/\">\n\t\t\t\t\t\tPaul Bocuse\t\t\t\t\t<\/a>\n\t\t\t\t<\/h4>\n\t\t\t\n\t\t\t\t\t\t\t\t\n\t\t\n\t\t\t\t\t\t<a class=\"fusion-link-wrapper\" href=\"https:\/\/escale-bleue.fr\/de\/chefs\/paul-bocuse-glace-vanille-bleue\/\" aria-label=\"Paul Bocuse\"><\/a>\n\t<\/div>\n<\/div>\n<\/div>\n<div class=\"fusion-portfolio-content\" style=\"background-color:rgba(255,255,255,1);\"><h2 class=\"fusion-post-title\"><a href=\"https:\/\/escale-bleue.fr\/de\/chefs\/paul-bocuse-glace-vanille-bleue\/\">Paul Bocuse<\/a><\/h2><div class=\"fusion-content-sep sep-single sep-dotted\" style=\"border-color:#b9afa1;\"><\/div><div class=\"fusion-post-content\"><p>Das Vanille-Bleue-Eis des Restaurants Paul Bocuse, von Beno\u00eet Charvet, Weltmeister der Eisdesserts.<\/p><\/div><\/div><\/div><\/article><article id=\"portfolio-1-post-24541\" class=\"fusion-portfolio-post fusion-col-spacing post-24541\"><div class=\"fusion-portfolio-content-wrapper\" style=\"border:1px solid #ebeaea;border-bottom-width:3px;background-color:rgba(255,255,255,1);\"><div  class=\"fusion-image-wrapper\" aria-haspopup=\"true\">\n\t\t\t\t<img decoding=\"async\" width=\"1000\" height=\"1100\" src=\"https:\/\/escale-bleue.fr\/wp-content\/uploads\/2016\/08\/yann-couvreur-1000x1100-1.jpg\" class=\"attachment-full size-full wp-post-image\" alt=\"Yann Couvreur, flan \u00e0 la Vanille Bleue\" srcset=\"https:\/\/escale-bleue.fr\/wp-content\/uploads\/2016\/08\/yann-couvreur-1000x1100-1-200x220.jpg 200w, https:\/\/escale-bleue.fr\/wp-content\/uploads\/2016\/08\/yann-couvreur-1000x1100-1-400x440.jpg 400w, https:\/\/escale-bleue.fr\/wp-content\/uploads\/2016\/08\/yann-couvreur-1000x1100-1-600x660.jpg 600w, https:\/\/escale-bleue.fr\/wp-content\/uploads\/2016\/08\/yann-couvreur-1000x1100-1-800x880.jpg 800w, https:\/\/escale-bleue.fr\/wp-content\/uploads\/2016\/08\/yann-couvreur-1000x1100-1.jpg 1000w\" sizes=\"(min-width: 2200px) 100vw, (min-width: 856px) 293px, (min-width: 784px) 390px, (min-width: 712px) 585px, (min-width: 640px) 712px, \" \/><div class=\"fusion-rollover\">\n\t<div class=\"fusion-rollover-content\">\n\n\t\t\t\t\n\t\t\n\t\t\t\t\t\t\t\t\t\t\t\t<h4 class=\"fusion-rollover-title\">\n\t\t\t\t\t<a class=\"fusion-rollover-title-link\" href=\"https:\/\/escale-bleue.fr\/de\/chefs\/yann-couvreur-flan-vanille-bleue\/\">\n\t\t\t\t\t\tYann Couvreur\t\t\t\t\t<\/a>\n\t\t\t\t<\/h4>\n\t\t\t\n\t\t\t\t\t\t\t\t\n\t\t\n\t\t\t\t\t\t<a class=\"fusion-link-wrapper\" href=\"https:\/\/escale-bleue.fr\/de\/chefs\/yann-couvreur-flan-vanille-bleue\/\" aria-label=\"Yann Couvreur\"><\/a>\n\t<\/div>\n<\/div>\n<\/div>\n<div class=\"fusion-portfolio-content\" style=\"background-color:rgba(255,255,255,1);\"><h2 class=\"fusion-post-title\"><a href=\"https:\/\/escale-bleue.fr\/de\/chefs\/yann-couvreur-flan-vanille-bleue\/\">Yann Couvreur<\/a><\/h2><div class=\"fusion-content-sep sep-single sep-dotted\" style=\"border-color:#b9afa1;\"><\/div><div class=\"fusion-post-content\"><p>Sein ber\u00fchmter Flan mit Vanille Bleue dominierte jahrelang die Ranglisten der besten Flans Frankreichs.<\/p><\/div><\/div><\/div><\/article><article id=\"portfolio-1-post-24562\" class=\"fusion-portfolio-post fusion-col-spacing post-24562\"><div class=\"fusion-portfolio-content-wrapper\" style=\"border:1px solid #ebeaea;border-bottom-width:3px;background-color:rgba(255,255,255,1);\"><div  class=\"fusion-image-wrapper\" aria-haspopup=\"true\">\n\t\t\t\t<img decoding=\"async\" width=\"1000\" height=\"1100\" src=\"https:\/\/escale-bleue.fr\/wp-content\/uploads\/2016\/08\/julien-dugourd-chevre-dor-1.jpg\" class=\"attachment-full size-full wp-post-image\" alt=\"Julien Dugourd, chef p\u00e2tissier de La Ch\u00e8vre d&#039;Or\" srcset=\"https:\/\/escale-bleue.fr\/wp-content\/uploads\/2016\/08\/julien-dugourd-chevre-dor-1-200x220.jpg 200w, https:\/\/escale-bleue.fr\/wp-content\/uploads\/2016\/08\/julien-dugourd-chevre-dor-1-400x440.jpg 400w, https:\/\/escale-bleue.fr\/wp-content\/uploads\/2016\/08\/julien-dugourd-chevre-dor-1-600x660.jpg 600w, https:\/\/escale-bleue.fr\/wp-content\/uploads\/2016\/08\/julien-dugourd-chevre-dor-1-800x880.jpg 800w, https:\/\/escale-bleue.fr\/wp-content\/uploads\/2016\/08\/julien-dugourd-chevre-dor-1.jpg 1000w\" sizes=\"(min-width: 2200px) 100vw, (min-width: 856px) 293px, (min-width: 784px) 390px, (min-width: 712px) 585px, (min-width: 640px) 712px, \" \/><div class=\"fusion-rollover\">\n\t<div class=\"fusion-rollover-content\">\n\n\t\t\t\t\n\t\t\n\t\t\t\t\t\t\t\t\t\t\t\t<h4 class=\"fusion-rollover-title\">\n\t\t\t\t\t<a class=\"fusion-rollover-title-link\" href=\"https:\/\/escale-bleue.fr\/de\/chefs\/julien-dugourd-temoignage\/\">\n\t\t\t\t\t\tJulien Dugourd \u2013 La Ch\u00e8vre d&#8217;Or**\t\t\t\t\t<\/a>\n\t\t\t\t<\/h4>\n\t\t\t\n\t\t\t\t\t\t\t\t\n\t\t\n\t\t\t\t\t\t<a class=\"fusion-link-wrapper\" href=\"https:\/\/escale-bleue.fr\/de\/chefs\/julien-dugourd-temoignage\/\" aria-label=\"Julien Dugourd \u2013 La Ch\u00e8vre d&#8217;Or**\"><\/a>\n\t<\/div>\n<\/div>\n<\/div>\n<div class=\"fusion-portfolio-content\" style=\"background-color:rgba(255,255,255,1);\"><h2 class=\"fusion-post-title\"><a href=\"https:\/\/escale-bleue.fr\/de\/chefs\/julien-dugourd-temoignage\/\">Julien Dugourd \u2013 La Ch\u00e8vre d&#8217;Or**<\/a><\/h2><div class=\"fusion-content-sep sep-single sep-dotted\" style=\"border-color:#b9afa1;\"><\/div><div class=\"fusion-post-content\"><p>Der Chef-P\u00e2tissier von La Ch\u00e8vre d'Or teilt einen Live-Stream mit Philippe Conticini: \u201eSeit der Vanille Bleue\u2026 ein Unterschied wie Tag und Nacht.\u201c<\/p><\/div><\/div><\/div><\/article><article id=\"portfolio-1-post-24637\" class=\"fusion-portfolio-post fusion-col-spacing post-24637\"><div class=\"fusion-portfolio-content-wrapper\" style=\"border:1px solid #ebeaea;border-bottom-width:3px;background-color:rgba(255,255,255,1);\"><div  class=\"fusion-image-wrapper\" aria-haspopup=\"true\">\n\t\t\t\t<img decoding=\"async\" width=\"1000\" height=\"1100\" src=\"https:\/\/escale-bleue.fr\/wp-content\/uploads\/2016\/08\/francois-daubinet-fauchon-paris.jpg\" class=\"attachment-full size-full wp-post-image\" alt=\"Fran\u00e7ois Daubinet, b\u00fbche Or Noir Fauchon \u00e0 la Vanille Bleue\" srcset=\"https:\/\/escale-bleue.fr\/wp-content\/uploads\/2016\/08\/francois-daubinet-fauchon-paris-200x220.jpg 200w, https:\/\/escale-bleue.fr\/wp-content\/uploads\/2016\/08\/francois-daubinet-fauchon-paris-400x440.jpg 400w, https:\/\/escale-bleue.fr\/wp-content\/uploads\/2016\/08\/francois-daubinet-fauchon-paris-600x660.jpg 600w, https:\/\/escale-bleue.fr\/wp-content\/uploads\/2016\/08\/francois-daubinet-fauchon-paris-800x880.jpg 800w, https:\/\/escale-bleue.fr\/wp-content\/uploads\/2016\/08\/francois-daubinet-fauchon-paris.jpg 1000w\" sizes=\"(min-width: 2200px) 100vw, (min-width: 856px) 293px, (min-width: 784px) 390px, (min-width: 712px) 585px, (min-width: 640px) 712px, \" \/><div class=\"fusion-rollover\">\n\t<div class=\"fusion-rollover-content\">\n\n\t\t\t\t\n\t\t\n\t\t\t\t\t\t\t\t\t\t\t\t<h4 class=\"fusion-rollover-title\">\n\t\t\t\t\t<a class=\"fusion-rollover-title-link\" href=\"https:\/\/escale-bleue.fr\/de\/chefs\/francois-daubinet-fauchon-paris\/\">\n\t\t\t\t\t\tFran\u00e7ois Daubinet \u2013 Fauchon Paris\t\t\t\t\t<\/a>\n\t\t\t\t<\/h4>\n\t\t\t\n\t\t\t\t\t\t\t\t\n\t\t\n\t\t\t\t\t\t<a class=\"fusion-link-wrapper\" href=\"https:\/\/escale-bleue.fr\/de\/chefs\/francois-daubinet-fauchon-paris\/\" aria-label=\"Fran\u00e7ois Daubinet \u2013 Fauchon Paris\"><\/a>\n\t<\/div>\n<\/div>\n<\/div>\n<div class=\"fusion-portfolio-content\" style=\"background-color:rgba(255,255,255,1);\"><h2 class=\"fusion-post-title\"><a href=\"https:\/\/escale-bleue.fr\/de\/chefs\/francois-daubinet-fauchon-paris\/\">Fran\u00e7ois Daubinet \u2013 Fauchon Paris<\/a><\/h2><div class=\"fusion-content-sep sep-single sep-dotted\" style=\"border-color:#b9afa1;\"><\/div><div class=\"fusion-post-content\"><p>Die OR NOIR-B\u00fbche von FAUCHON: die Verbindung von Kaviar und Vanille Bleue. Limitierte Auflage auf 60 Exemplare. <\/p><\/div><\/div><\/div><\/article><article id=\"portfolio-1-post-24638\" class=\"fusion-portfolio-post fusion-col-spacing post-24638\"><div class=\"fusion-portfolio-content-wrapper\" style=\"border:1px solid #ebeaea;border-bottom-width:3px;background-color:rgba(255,255,255,1);\"><div  class=\"fusion-image-wrapper\" aria-haspopup=\"true\">\n\t\t\t\t<img decoding=\"async\" width=\"1000\" height=\"1100\" src=\"https:\/\/escale-bleue.fr\/wp-content\/uploads\/2016\/08\/Anne-coruble-peninsula-paris-preview.jpg\" class=\"attachment-full size-full wp-post-image\" alt=\"Anne Coruble, chef p\u00e2tissi\u00e8re du Peninsula Paris\" srcset=\"https:\/\/escale-bleue.fr\/wp-content\/uploads\/2016\/08\/Anne-coruble-peninsula-paris-preview-200x220.jpg 200w, https:\/\/escale-bleue.fr\/wp-content\/uploads\/2016\/08\/Anne-coruble-peninsula-paris-preview-400x440.jpg 400w, https:\/\/escale-bleue.fr\/wp-content\/uploads\/2016\/08\/Anne-coruble-peninsula-paris-preview-600x660.jpg 600w, https:\/\/escale-bleue.fr\/wp-content\/uploads\/2016\/08\/Anne-coruble-peninsula-paris-preview-800x880.jpg 800w, https:\/\/escale-bleue.fr\/wp-content\/uploads\/2016\/08\/Anne-coruble-peninsula-paris-preview.jpg 1000w\" sizes=\"(min-width: 2200px) 100vw, (min-width: 856px) 293px, (min-width: 784px) 390px, (min-width: 712px) 585px, (min-width: 640px) 712px, \" \/><div class=\"fusion-rollover\">\n\t<div class=\"fusion-rollover-content\">\n\n\t\t\t\t\n\t\t\n\t\t\t\t\t\t\t\t\t\t\t\t<h4 class=\"fusion-rollover-title\">\n\t\t\t\t\t<a class=\"fusion-rollover-title-link\" href=\"https:\/\/escale-bleue.fr\/de\/chefs\/anne-coruble-peninsula-paris\/\">\n\t\t\t\t\t\tAnne Coruble \u2013 Peninsula Paris\t\t\t\t\t<\/a>\n\t\t\t\t<\/h4>\n\t\t\t\n\t\t\t\t\t\t\t\t\n\t\t\n\t\t\t\t\t\t<a class=\"fusion-link-wrapper\" href=\"https:\/\/escale-bleue.fr\/de\/chefs\/anne-coruble-peninsula-paris\/\" aria-label=\"Anne Coruble \u2013 Peninsula Paris\"><\/a>\n\t<\/div>\n<\/div>\n<\/div>\n<div class=\"fusion-portfolio-content\" style=\"background-color:rgba(255,255,255,1);\"><h2 class=\"fusion-post-title\"><a href=\"https:\/\/escale-bleue.fr\/de\/chefs\/anne-coruble-peninsula-paris\/\">Anne Coruble \u2013 Peninsula Paris<\/a><\/h2><div class=\"fusion-content-sep sep-single sep-dotted\" style=\"border-color:#b9afa1;\"><\/div><div class=\"fusion-post-content\"><p>Das \u201e\u0152uf Fouet\u201c des Peninsula Paris: Ganache mit Vanille Bleue, gesalzenes Pralin\u00e9 und 65 % Schokolade. Eine Signature-Kreation von Anne Coruble. <\/p><\/div><\/div><\/div><\/article><article id=\"portfolio-1-post-24644\" class=\"fusion-portfolio-post fusion-col-spacing post-24644\"><div class=\"fusion-portfolio-content-wrapper\" style=\"border:1px solid #ebeaea;border-bottom-width:3px;background-color:rgba(255,255,255,1);\"><div  class=\"fusion-image-wrapper\" aria-haspopup=\"true\">\n\t\t\t\t<img decoding=\"async\" width=\"1000\" height=\"1100\" src=\"https:\/\/escale-bleue.fr\/wp-content\/uploads\/2016\/08\/maxime-frederic.jpg\" class=\"attachment-full size-full wp-post-image\" alt=\"Maxime Fr\u00e9d\u00e9ric, chef p\u00e2tissier du Cheval Blanc Paris\" srcset=\"https:\/\/escale-bleue.fr\/wp-content\/uploads\/2016\/08\/maxime-frederic-200x220.jpg 200w, https:\/\/escale-bleue.fr\/wp-content\/uploads\/2016\/08\/maxime-frederic-400x440.jpg 400w, https:\/\/escale-bleue.fr\/wp-content\/uploads\/2016\/08\/maxime-frederic-600x660.jpg 600w, https:\/\/escale-bleue.fr\/wp-content\/uploads\/2016\/08\/maxime-frederic-800x880.jpg 800w, https:\/\/escale-bleue.fr\/wp-content\/uploads\/2016\/08\/maxime-frederic.jpg 1000w\" sizes=\"(min-width: 2200px) 100vw, (min-width: 856px) 293px, (min-width: 784px) 390px, (min-width: 712px) 585px, (min-width: 640px) 712px, \" \/><div class=\"fusion-rollover\">\n\t<div class=\"fusion-rollover-content\">\n\n\t\t\t\t\n\t\t\n\t\t\t\t\t\t\t\t\t\t\t\t<h4 class=\"fusion-rollover-title\">\n\t\t\t\t\t<a class=\"fusion-rollover-title-link\" href=\"https:\/\/escale-bleue.fr\/de\/chefs\/maxime-frederic-cheval-blanc-paris\/\">\n\t\t\t\t\t\tMaxime Fr\u00e9d\u00e9ric &#8211; Cheval Blanc Paris\t\t\t\t\t<\/a>\n\t\t\t\t<\/h4>\n\t\t\t\n\t\t\t\t\t\t\t\t\n\t\t\n\t\t\t\t\t\t<a class=\"fusion-link-wrapper\" href=\"https:\/\/escale-bleue.fr\/de\/chefs\/maxime-frederic-cheval-blanc-paris\/\" aria-label=\"Maxime Fr\u00e9d\u00e9ric &#8211; Cheval Blanc Paris\"><\/a>\n\t<\/div>\n<\/div>\n<\/div>\n<div class=\"fusion-portfolio-content\" style=\"background-color:rgba(255,255,255,1);\"><h2 class=\"fusion-post-title\"><a href=\"https:\/\/escale-bleue.fr\/de\/chefs\/maxime-frederic-cheval-blanc-paris\/\">Maxime Fr\u00e9d\u00e9ric &#8211; Cheval Blanc Paris<\/a><\/h2><div class=\"fusion-content-sep sep-single sep-dotted\" style=\"border-color:#b9afa1;\"><\/div><div class=\"fusion-post-content\"><p>Der Chefpatissier des Cheval Blanc Paris kreiert ein bl\u00e4uliches Ei mit Vanille Bleue und Buchweizen f\u00fcr seine Chocolaterie.<\/p><\/div><\/div><\/div><\/article><article id=\"portfolio-1-post-24581\" class=\"fusion-portfolio-post fusion-col-spacing post-24581\"><div class=\"fusion-portfolio-content-wrapper\" style=\"border:1px solid #ebeaea;border-bottom-width:3px;background-color:rgba(255,255,255,1);\"><div  class=\"fusion-image-wrapper\" aria-haspopup=\"true\">\n\t\t\t\t<img decoding=\"async\" width=\"1000\" height=\"1100\" src=\"https:\/\/escale-bleue.fr\/wp-content\/uploads\/2016\/08\/hd-pierre-1000x1100-1.jpg\" class=\"attachment-full size-full wp-post-image\" alt=\"Pierre Marcolini, chocolatier Champion du Monde\" srcset=\"https:\/\/escale-bleue.fr\/wp-content\/uploads\/2016\/08\/hd-pierre-1000x1100-1-200x220.jpg 200w, https:\/\/escale-bleue.fr\/wp-content\/uploads\/2016\/08\/hd-pierre-1000x1100-1-400x440.jpg 400w, https:\/\/escale-bleue.fr\/wp-content\/uploads\/2016\/08\/hd-pierre-1000x1100-1-600x660.jpg 600w, https:\/\/escale-bleue.fr\/wp-content\/uploads\/2016\/08\/hd-pierre-1000x1100-1-800x880.jpg 800w, https:\/\/escale-bleue.fr\/wp-content\/uploads\/2016\/08\/hd-pierre-1000x1100-1.jpg 1000w\" sizes=\"(min-width: 2200px) 100vw, (min-width: 856px) 293px, (min-width: 784px) 390px, (min-width: 712px) 585px, (min-width: 640px) 712px, \" \/><div class=\"fusion-rollover\">\n\t<div class=\"fusion-rollover-content\">\n\n\t\t\t\t\n\t\t\n\t\t\t\t\t\t\t\t\t\t\t\t<h4 class=\"fusion-rollover-title\">\n\t\t\t\t\t<a class=\"fusion-rollover-title-link\" href=\"https:\/\/escale-bleue.fr\/de\/chefs\/pierre-marcolini\/\">\n\t\t\t\t\t\tPierre Marcolini\t\t\t\t\t<\/a>\n\t\t\t\t<\/h4>\n\t\t\t\n\t\t\t\t\t\t\t\t\n\t\t\n\t\t\t\t\t\t<a class=\"fusion-link-wrapper\" href=\"https:\/\/escale-bleue.fr\/de\/chefs\/pierre-marcolini\/\" aria-label=\"Pierre Marcolini\"><\/a>\n\t<\/div>\n<\/div>\n<\/div>\n<div class=\"fusion-portfolio-content\" style=\"background-color:rgba(255,255,255,1);\"><h2 class=\"fusion-post-title\"><a href=\"https:\/\/escale-bleue.fr\/de\/chefs\/pierre-marcolini\/\">Pierre Marcolini<\/a><\/h2><div class=\"fusion-content-sep sep-single sep-dotted\" style=\"border-color:#b9afa1;\"><\/div><div class=\"fusion-post-content\"><p>Weltmeister und Lieferant des K\u00f6niglichen Hofes von Belgien, Pierre Marcolini enth\u00fcllt seinen \u201eGeheimtipp\u201c: die Vanille Bleue.<\/p><\/div><\/div><\/div><\/article><article id=\"portfolio-1-post-24648\" class=\"fusion-portfolio-post fusion-col-spacing post-24648\"><div class=\"fusion-portfolio-content-wrapper\" style=\"border:1px solid #ebeaea;border-bottom-width:3px;background-color:rgba(255,255,255,1);\"><div  class=\"fusion-image-wrapper\" aria-haspopup=\"true\">\n\t\t\t\t<img decoding=\"async\" width=\"1000\" height=\"1100\" src=\"https:\/\/escale-bleue.fr\/wp-content\/uploads\/2016\/08\/Buche-de-Noel-2023-Laduree-1-2.png\" class=\"attachment-full size-full wp-post-image\" alt=\"Julien Alvarez, b\u00fbche Vanille Bleue pour Ladur\u00e9e\" srcset=\"https:\/\/escale-bleue.fr\/wp-content\/uploads\/2016\/08\/Buche-de-Noel-2023-Laduree-1-2-200x220.png 200w, https:\/\/escale-bleue.fr\/wp-content\/uploads\/2016\/08\/Buche-de-Noel-2023-Laduree-1-2-400x440.png 400w, https:\/\/escale-bleue.fr\/wp-content\/uploads\/2016\/08\/Buche-de-Noel-2023-Laduree-1-2-600x660.png 600w, https:\/\/escale-bleue.fr\/wp-content\/uploads\/2016\/08\/Buche-de-Noel-2023-Laduree-1-2-800x880.png 800w, https:\/\/escale-bleue.fr\/wp-content\/uploads\/2016\/08\/Buche-de-Noel-2023-Laduree-1-2.png 1000w\" sizes=\"(min-width: 2200px) 100vw, (min-width: 856px) 293px, (min-width: 784px) 390px, (min-width: 712px) 585px, (min-width: 640px) 712px, \" \/><div class=\"fusion-rollover\">\n\t<div class=\"fusion-rollover-content\">\n\n\t\t\t\t\n\t\t\n\t\t\t\t\t\t\t\t\t\t\t\t<h4 class=\"fusion-rollover-title\">\n\t\t\t\t\t<a class=\"fusion-rollover-title-link\" href=\"https:\/\/escale-bleue.fr\/de\/chefs\/julien-alvarez-laduree-paris\/\">\n\t\t\t\t\t\tJulien Alvarez \u2013 Ladur\u00e9e Paris\t\t\t\t\t<\/a>\n\t\t\t\t<\/h4>\n\t\t\t\n\t\t\t\t\t\t\t\t\n\t\t\n\t\t\t\t\t\t<a class=\"fusion-link-wrapper\" href=\"https:\/\/escale-bleue.fr\/de\/chefs\/julien-alvarez-laduree-paris\/\" aria-label=\"Julien Alvarez \u2013 Ladur\u00e9e Paris\"><\/a>\n\t<\/div>\n<\/div>\n<\/div>\n<div class=\"fusion-portfolio-content\" style=\"background-color:rgba(255,255,255,1);\"><h2 class=\"fusion-post-title\"><a href=\"https:\/\/escale-bleue.fr\/de\/chefs\/julien-alvarez-laduree-paris\/\">Julien Alvarez \u2013 Ladur\u00e9e Paris<\/a><\/h2><div class=\"fusion-content-sep sep-single sep-dotted\" style=\"border-color:#b9afa1;\"><\/div><div class=\"fusion-post-content\"><p>Seine B\u00fbche \u201eHaselnuss und Vanille Bleue\u201c f\u00fcr Ladur\u00e9e wurde zur B\u00fbche des Jahres 2023 gew\u00e4hlt.<\/p><\/div><\/div><\/div><\/article><\/div><\/div><div class=\"fusion-clearfix\"><\/div><\/div><\/div><\/div><\/div><div class=\"fusion-bg-parallax\" data-bg-align=\"left top\" data-direction=\"up\" data-mute=\"false\" data-opacity=\"100\" data-velocity=\"-0.3\" data-mobile-enabled=\"false\" data-break_parents=\"0\" data-bg-image=\"http:\/\/escale-bleue.fr\/wp-content\/uploads\/2026\/02\/Gousses-de-Vanille-Bleue-2.jpg\" data-bg-repeat=\"false\" ><\/div><div class=\"fusion-fullwidth fullwidth-box fusion-builder-row-8 fusion-parallax-up nonhundred-percent-fullwidth non-hundred-percent-height-scrolling\" style=\"--awb-background-position:left top;--awb-border-sizes-top:0px;--awb-border-sizes-bottom:0px;--awb-border-sizes-left:0px;--awb-border-sizes-right:0px;--awb-border-radius-top-left:0px;--awb-border-radius-top-right:0px;--awb-border-radius-bottom-right:0px;--awb-border-radius-bottom-left:0px;--awb-padding-top:39.6806px;--awb-padding-bottom:13%;--awb-background-image:url(&quot;http:\/\/escale-bleue.fr\/wp-content\/uploads\/2026\/02\/Gousses-de-Vanille-Bleue-2.jpg&quot;);--awb-background-size:cover;--awb-flex-wrap:wrap;\" ><div class=\"fusion-builder-row fusion-row\"><div class=\"fusion-layout-column fusion_builder_column fusion-builder-column-14 fusion_builder_column_1_5 1_5 fusion-one-fifth fusion-column-first fusion-no-small-visibility\" style=\"--awb-bg-blend:overlay;--awb-bg-size:cover;width:16.8%; margin-right: 4%;\"><div class=\"fusion-column-wrapper fusion-flex-column-wrapper-legacy\"><div class=\"fusion-clearfix\"><\/div><\/div><\/div><div class=\"fusion-layout-column fusion_builder_column fusion-builder-column-15 fusion_builder_column_3_5 3_5 fusion-three-fifth\" style=\"--awb-bg-blend:overlay;--awb-bg-size:cover;--awb-margin-top:50px;--awb-margin-bottom:30px;width:58.4%; margin-right: 4%;\"><div class=\"fusion-column-wrapper fusion-flex-column-wrapper-legacy\"><div class=\"fusion-testimonials clean awb-speech-bubble-show fusion-testimonials-1\" style=\"--awb-textcolor:#ffffff;--awb-backgroundcolor:rgba(255,255,255,0);--awb-testimonial-border-style:solid;--awb-testimonial-border-color:var(--awb-color3);--awb-border-top-left-radius:0px;--awb-border-top-right-radius:0px;--awb-border-bottom-left-radius:0px;--awb-border-bottom-right-radius:0px;--testimonial-border-width-top:0px;--testimonial-border-width-right:0px;--testimonial-border-width-bottom:0px;--testimonial-border-width-left:0px;\" data-random=\"0\" data-speed=\"4000\"><div class=\"reviews\"><div class=\"review active-testimonial avatar-above no-avatar\"><blockquote class=\"testimonials-shortcode-blockquote\"><div class=\"awb-quote\"><div class=\"awb-quote-content\">\n<p>\u201eVanille Bleue ist wirklich unglaublich. Ein Duft, und Sie werden keine andere mehr wollen.\u201c <a href=\"https:\/\/www.instagram.com\/p\/CP_Gep7I8QW\/?igsh=Mmh5OHNnejExemhv\">(Quelle)<\/a><\/p>\n<\/div><\/div><\/blockquote><div class=\"author\"><span class=\"company-name\"><strong>Roger van Damme<\/strong>, <span>Bester P\u00e2tissier der Welt 2017<\/span><\/span><\/div><\/div><\/div><\/div><div class=\"fusion-clearfix\"><\/div><\/div><\/div><div class=\"fusion-layout-column fusion_builder_column fusion-builder-column-16 fusion_builder_column_1_5 1_5 fusion-one-fifth fusion-column-last fusion-no-small-visibility\" style=\"--awb-bg-blend:overlay;--awb-bg-size:cover;width:16.8%;\"><div class=\"fusion-column-wrapper fusion-flex-column-wrapper-legacy\"><div class=\"fusion-clearfix\"><\/div><\/div><\/div><\/div><\/div><div class=\"fusion-fullwidth fullwidth-box fusion-builder-row-9 fusion-flex-container has-pattern-background has-mask-background nonhundred-percent-fullwidth non-hundred-percent-height-scrolling\" style=\"--awb-border-radius-top-left:0px;--awb-border-radius-top-right:0px;--awb-border-radius-bottom-right:0px;--awb-border-radius-bottom-left:0px;--awb-padding-top:60px;--awb-padding-right:5%;--awb-padding-bottom:60px;--awb-padding-left:5%;--awb-background-color:#f5f0eb;--awb-flex-wrap:wrap;\" ><div class=\"fusion-builder-row fusion-row fusion-flex-align-items-flex-start fusion-flex-content-wrap\" style=\"max-width:1216.8px;margin-left: calc(-4% \/ 2 );margin-right: calc(-4% \/ 2 );\"><div class=\"fusion-layout-column fusion_builder_column fusion-builder-column-17 fusion_builder_column_1_1 1_1 fusion-flex-column\" style=\"--awb-bg-size:cover;--awb-width-large:100%;--awb-margin-top-large:20px;--awb-spacing-right-large:1.92%;--awb-margin-bottom-large:20px;--awb-spacing-left-large:1.92%;--awb-width-medium:100%;--awb-order-medium:0;--awb-spacing-right-medium:1.92%;--awb-spacing-left-medium:1.92%;--awb-width-small:100%;--awb-order-small:0;--awb-spacing-right-small:1.92%;--awb-spacing-left-small:1.92%;\"><div class=\"fusion-column-wrapper fusion-column-has-shadow fusion-flex-justify-content-flex-start fusion-content-layout-column\"><div class=\"fusion-text fusion-text-13\"><h2 style=\"text-align: center;\">Rezepte mit Vanille Bleue<\/h2>\n<\/div><\/div><\/div><div class=\"fusion-layout-column fusion_builder_column fusion-builder-column-18 fusion_builder_column_2_3 2_3 fusion-flex-column\" style=\"--awb-bg-size:cover;--awb-width-large:66.666666666667%;--awb-margin-top-large:20px;--awb-spacing-right-large:2.88%;--awb-margin-bottom-large:20px;--awb-spacing-left-large:2.88%;--awb-width-medium:100%;--awb-order-medium:0;--awb-spacing-right-medium:1.92%;--awb-spacing-left-medium:1.92%;--awb-width-small:100%;--awb-order-small:0;--awb-spacing-right-small:1.92%;--awb-spacing-left-small:1.92%;\"><div class=\"fusion-column-wrapper fusion-column-has-shadow fusion-flex-justify-content-flex-start fusion-content-layout-column\"><div class=\"fusion-text fusion-text-14\"><p style=\"text-align: center;\">Cr\u00e8mes, Puddings, Eis, herzhafte Gerichte\u2026 Entdecken Sie, wie K\u00f6che und Feinschmecker Vanille Bleue im Alltag verwenden. Unsere Rezepte sind darauf ausgelegt, das Beste aus dieser zu 100 % essbaren Vanille herauszuholen \u2014 aufgegossen, direkt eingearbeitet oder sogar roh. <\/p>\n<\/div><div style=\"text-align:center;\"><a class=\"fusion-button button-flat fusion-button-default-size button-default fusion-button-default button-3 fusion-button-default-span fusion-button-default-type\" style=\"--button_margin-bottom:25px;\" target=\"_blank\" rel=\"noopener noreferrer\" href=\"https:\/\/escale-bleue.fr\/category\/blog\/recettes\/\"><span class=\"fusion-button-text awb-button__text awb-button__text--default\">Alle Rezepte ansehen<\/span><\/a><\/div><div class=\"fusion-text fusion-text-15\"><p class=\"fusion-responsive-typography-calculated\" style=\"text-align: center; --fontsize: 22; line-height: 1.4; --minfontsize: 22; font-family: Libre Baskerville, Garamond, serif; font-size: 22px;\" data-fontsize=\"22\" data-lineheight=\"36.4px\"><span style=\"color: #b9afa1;\"><em> Nicht verpassen: \u201eIntense Caf\u00e9 et Vanille Bleue\u201c, ein Rezept von Serge Billet, Meilleur Ouvrier de France und Weltmeister der P\u00e2tisserie<\/em><\/span><span style=\"color: #b9afa1;\"><\/span><\/p>\n<\/div><\/div><\/div><div class=\"fusion-layout-column fusion_builder_column fusion-builder-column-19 fusion_builder_column_1_3 1_3 fusion-flex-column\" style=\"--awb-bg-size:cover;--awb-width-large:33.333333333333%;--awb-margin-top-large:20px;--awb-spacing-right-large:5.76%;--awb-margin-bottom-large:20px;--awb-spacing-left-large:5.76%;--awb-width-medium:100%;--awb-order-medium:0;--awb-spacing-right-medium:1.92%;--awb-spacing-left-medium:1.92%;--awb-width-small:100%;--awb-order-small:0;--awb-spacing-right-small:1.92%;--awb-spacing-left-small:1.92%;\"><div class=\"fusion-column-wrapper fusion-column-has-shadow fusion-flex-justify-content-flex-start fusion-content-layout-column\"><div class=\"fusion-image-element \" style=\"text-align:center;--awb-caption-title-font-family:var(--h2_typography-font-family);--awb-caption-title-font-weight:var(--h2_typography-font-weight);--awb-caption-title-font-style:var(--h2_typography-font-style);--awb-caption-title-size:var(--h2_typography-font-size);--awb-caption-title-transform:var(--h2_typography-text-transform);--awb-caption-title-line-height:var(--h2_typography-line-height);--awb-caption-title-letter-spacing:var(--h2_typography-letter-spacing);\"><span class=\" fusion-imageframe imageframe-none imageframe-3 hover-type-none\"><a class=\"fusion-no-lightbox\" href=\"https:\/\/escale-bleue.fr\/2016\/10\/22\/intense-cafe-vanille-bleue-mof-serge-billet\/\" target=\"_self\" aria-label=\"chef-serge-billet-mof\"><img decoding=\"async\" width=\"300\" height=\"277\" alt=\"Serge Billet MOF\" src=\"https:\/\/escale-bleue.fr\/wp-content\/uploads\/2026\/02\/chef-serge-billet-mof-300x277.png\" class=\"img-responsive wp-image-24273\" srcset=\"https:\/\/escale-bleue.fr\/wp-content\/uploads\/2026\/02\/chef-serge-billet-mof-200x185.png 200w, https:\/\/escale-bleue.fr\/wp-content\/uploads\/2026\/02\/chef-serge-billet-mof-400x370.png 400w, https:\/\/escale-bleue.fr\/wp-content\/uploads\/2026\/02\/chef-serge-billet-mof.png 519w\" sizes=\"(max-width: 1024px) 100vw, (max-width: 640px) 100vw, 400px\" \/><\/a><\/span><\/div><\/div><\/div><\/div><\/div><div class=\"fusion-fullwidth fullwidth-box fusion-builder-row-10 fusion-flex-container has-pattern-background has-mask-background nonhundred-percent-fullwidth non-hundred-percent-height-scrolling\" style=\"--awb-border-radius-top-left:0px;--awb-border-radius-top-right:0px;--awb-border-radius-bottom-right:0px;--awb-border-radius-bottom-left:0px;--awb-flex-wrap:wrap;\" ><div class=\"fusion-builder-row fusion-row fusion-flex-align-items-flex-start fusion-flex-content-wrap\" style=\"max-width:1216.8px;margin-left: calc(-4% \/ 2 );margin-right: calc(-4% \/ 2 );\"><div class=\"fusion-layout-column fusion_builder_column fusion-builder-column-20 fusion_builder_column_1_1 1_1 fusion-flex-column\" style=\"--awb-bg-size:cover;--awb-width-large:100%;--awb-margin-top-large:20px;--awb-spacing-right-large:1.92%;--awb-margin-bottom-large:20px;--awb-spacing-left-large:1.92%;--awb-width-medium:100%;--awb-order-medium:0;--awb-spacing-right-medium:1.92%;--awb-spacing-left-medium:1.92%;--awb-width-small:100%;--awb-order-small:0;--awb-spacing-right-small:1.92%;--awb-spacing-left-small:1.92%;\"><div class=\"fusion-column-wrapper fusion-column-has-shadow fusion-flex-justify-content-flex-start fusion-content-layout-column\"><div class=\"accordian fusion-accordian\" style=\"--awb-border-size:1px;--awb-icon-size:13px;--awb-content-font-size:18px;--awb-icon-alignment:left;--awb-hover-color:#f9f9f9;--awb-border-color:#cccccc;--awb-background-color:#ffffff;--awb-divider-color:#b9afa1;--awb-divider-hover-color:#b9afa1;--awb-icon-color:#ffffff;--awb-title-color:#b9afa1;--awb-content-color:#747474;--awb-icon-box-color:#6f727b;--awb-toggle-hover-accent-color:#b9afa1;--awb-title-font-family:&quot;Libre Baskerville&quot;;--awb-title-font-weight:400;--awb-title-font-style:normal;--awb-title-font-size:20px;--awb-content-font-family:&quot;Lato&quot;;--awb-content-font-style:normal;--awb-content-font-weight:400;\"><div class=\"panel-group fusion-toggle-icon-boxed\" id=\"accordion-24648-1\"><div class=\"fusion-panel panel-default panel-7e68a605ba392b2a1 fusion-toggle-has-divider\"><div class=\"panel-heading\"><h4 class=\"panel-title toggle\" id=\"toggle_7e68a605ba392b2a1\"><a aria-expanded=\"false\" aria-controls=\"7e68a605ba392b2a1\" role=\"button\" data-toggle=\"collapse\" data-parent=\"#accordion-24648-1\" data-target=\"#7e68a605ba392b2a1\" href=\"#7e68a605ba392b2a1\"><span class=\"fusion-toggle-icon-wrapper\" aria-hidden=\"true\"><i class=\"fa-fusion-box active-icon awb-icon-minus\" aria-hidden=\"true\"><\/i><i class=\"fa-fusion-box inactive-icon awb-icon-plus\" aria-hidden=\"true\"><\/i><\/span><span class=\"fusion-toggle-heading\">Was ist der Unterschied zwischen Vanille Bleue und Bourbon-Vanille?<\/span><\/a><\/h4><\/div><div id=\"7e68a605ba392b2a1\" class=\"panel-collapse collapse \" aria-labelledby=\"toggle_7e68a605ba392b2a1\"><div class=\"panel-body toggle-content fusion-clearfix\">\n<p><strong>Bourbon-Vanille<\/strong> bezeichnet jede Planifolia-Vanille, die im Indischen Ozean nach festgelegten Spezifikationen angebaut wird. <strong>Vanille Bleue<\/strong> folgt einem <strong>patentierten<\/strong> Veredelungsverfahren, das \u00fcber mehr als 10 Jahre entwickelt wurde und bewusst aus diesem Rahmen f\u00e4llt: eine <strong>Veredelung<\/strong>, die zwei- bis dreimal l\u00e4nger ist, eine <strong>vollst\u00e4ndig essbare<\/strong> Schote, ein komplexeres und milderes <strong>Aromenprofil<\/strong>. Dieser Name unterstreicht diesen Unterschied \u2014 es ist eine Vanille, die buchst\u00e4blich <strong>au\u00dferhalb der Norm<\/strong> liegt, und genau das macht sie <strong>au\u00dfergew\u00f6hnlich<\/strong>.  <\/p>\n<\/div><\/div><\/div><\/div><\/div><div class=\"accordian fusion-accordian\" style=\"--awb-border-size:1px;--awb-icon-size:13px;--awb-content-font-size:18px;--awb-icon-alignment:left;--awb-hover-color:#f9f9f9;--awb-border-color:#cccccc;--awb-background-color:#ffffff;--awb-divider-color:#b9afa1;--awb-divider-hover-color:#b9afa1;--awb-icon-color:#ffffff;--awb-title-color:#b9afa1;--awb-content-color:#747474;--awb-icon-box-color:#6f727b;--awb-toggle-hover-accent-color:#b9afa1;--awb-title-font-family:&quot;Libre Baskerville&quot;;--awb-title-font-weight:400;--awb-title-font-style:normal;--awb-title-font-size:20px;--awb-content-font-family:&quot;Lato&quot;;--awb-content-font-style:normal;--awb-content-font-weight:400;\"><div class=\"panel-group fusion-toggle-icon-boxed\" id=\"accordion-24648-2\"><div class=\"fusion-panel panel-default panel-ea4fdb3269d55e733 fusion-toggle-has-divider\"><div class=\"panel-heading\"><h4 class=\"panel-title toggle\" id=\"toggle_ea4fdb3269d55e733\"><a aria-expanded=\"false\" aria-controls=\"ea4fdb3269d55e733\" role=\"button\" data-toggle=\"collapse\" data-parent=\"#accordion-24648-2\" data-target=\"#ea4fdb3269d55e733\" href=\"#ea4fdb3269d55e733\"><span class=\"fusion-toggle-icon-wrapper\" aria-hidden=\"true\"><i class=\"fa-fusion-box active-icon awb-icon-minus\" aria-hidden=\"true\"><\/i><i class=\"fa-fusion-box inactive-icon awb-icon-plus\" aria-hidden=\"true\"><\/i><\/span><span class=\"fusion-toggle-heading\">Warum ist Vanille Bleue teurer als andere Vanillen?<\/span><\/a><\/h4><\/div><div id=\"ea4fdb3269d55e733\" class=\"panel-collapse collapse \" aria-labelledby=\"toggle_ea4fdb3269d55e733\"><div class=\"panel-body toggle-content fusion-clearfix\">\n<p>Von der manuellen Best\u00e4ubung bis zum Ende der Veredelung ist es eine t\u00e4gliche Handarbeit, die sich \u00fcber mehr als zwei Jahre erstreckt. Da die Schote zudem vollst\u00e4ndig essbar und nicht faserig ist, wird nichts weggeworfen, und pro Rezept gen\u00fcgt eine geringere Menge, was den Preis pro tats\u00e4chlich verwendeten Gramm ausgleicht. <\/p>\n<\/div><\/div><\/div><\/div><\/div><div class=\"accordian fusion-accordian\" style=\"--awb-border-size:1px;--awb-icon-size:13px;--awb-content-font-size:18px;--awb-icon-alignment:left;--awb-hover-color:#f9f9f9;--awb-border-color:#cccccc;--awb-background-color:#ffffff;--awb-divider-color:#b9afa1;--awb-divider-hover-color:#b9afa1;--awb-icon-color:#ffffff;--awb-title-color:#b9afa1;--awb-content-color:#747474;--awb-icon-box-color:#6f727b;--awb-toggle-hover-accent-color:#b9afa1;--awb-title-font-family:&quot;Libre Baskerville&quot;;--awb-title-font-weight:400;--awb-title-font-style:normal;--awb-title-font-size:20px;--awb-content-font-family:&quot;Lato&quot;;--awb-content-font-style:normal;--awb-content-font-weight:400;\"><div class=\"panel-group fusion-toggle-icon-boxed\" id=\"accordion-24648-3\"><div class=\"fusion-panel panel-default panel-2f3b4bdc8c5acdee7 fusion-toggle-has-divider\"><div class=\"panel-heading\"><h4 class=\"panel-title toggle\" id=\"toggle_2f3b4bdc8c5acdee7\"><a aria-expanded=\"false\" aria-controls=\"2f3b4bdc8c5acdee7\" role=\"button\" data-toggle=\"collapse\" data-parent=\"#accordion-24648-3\" data-target=\"#2f3b4bdc8c5acdee7\" href=\"#2f3b4bdc8c5acdee7\"><span class=\"fusion-toggle-icon-wrapper\" aria-hidden=\"true\"><i class=\"fa-fusion-box active-icon awb-icon-minus\" aria-hidden=\"true\"><\/i><i class=\"fa-fusion-box inactive-icon awb-icon-plus\" aria-hidden=\"true\"><\/i><\/span><span class=\"fusion-toggle-heading\">Ist Vanille Bleue f\u00fcr die professionelle P\u00e2tisserie geeignet?<\/span><\/a><\/h4><\/div><div id=\"2f3b4bdc8c5acdee7\" class=\"panel-collapse collapse \" aria-labelledby=\"toggle_2f3b4bdc8c5acdee7\"><div class=\"panel-body toggle-content fusion-clearfix\">\n<p>Vanille Bleue ist sowohl f\u00fcr Patisserie als auch f\u00fcr die K\u00fcche perfekt. Sie hat viele K\u00f6che und Feinschmecker inspiriert, ihre Gerichte und Desserts neu zu erfinden, indem sie Vanille anders einsetzen. Sie kann gekocht oder roh verwendet werden, sowohl als Aufguss als auch direkt in die Zubereitungen eingearbeitet.  <\/p>\n<\/div><\/div><\/div><\/div><\/div><div class=\"accordian fusion-accordian\" style=\"--awb-border-size:1px;--awb-icon-size:13px;--awb-content-font-size:18px;--awb-icon-alignment:left;--awb-hover-color:#f9f9f9;--awb-border-color:#cccccc;--awb-background-color:#ffffff;--awb-divider-color:#b9afa1;--awb-divider-hover-color:#b9afa1;--awb-icon-color:#ffffff;--awb-title-color:#b9afa1;--awb-content-color:#747474;--awb-icon-box-color:#6f727b;--awb-toggle-hover-accent-color:#b9afa1;--awb-title-font-family:&quot;Libre Baskerville&quot;;--awb-title-font-weight:400;--awb-title-font-style:normal;--awb-title-font-size:20px;--awb-content-font-family:&quot;Lato&quot;;--awb-content-font-style:normal;--awb-content-font-weight:400;\"><div class=\"panel-group fusion-toggle-icon-boxed\" id=\"accordion-24648-4\"><div class=\"fusion-panel panel-default panel-8f2159ca158248bac fusion-toggle-has-divider\"><div class=\"panel-heading\"><h4 class=\"panel-title toggle\" id=\"toggle_8f2159ca158248bac\"><a aria-expanded=\"false\" aria-controls=\"8f2159ca158248bac\" role=\"button\" data-toggle=\"collapse\" data-parent=\"#accordion-24648-4\" data-target=\"#8f2159ca158248bac\" href=\"#8f2159ca158248bac\"><span class=\"fusion-toggle-icon-wrapper\" aria-hidden=\"true\"><i class=\"fa-fusion-box active-icon awb-icon-minus\" aria-hidden=\"true\"><\/i><i class=\"fa-fusion-box inactive-icon awb-icon-plus\" aria-hidden=\"true\"><\/i><\/span><span class=\"fusion-toggle-heading\">Wo kann ich Vanille Bleue kaufen?<\/span><\/a><\/h4><\/div><div id=\"8f2159ca158248bac\" class=\"panel-collapse collapse \" aria-labelledby=\"toggle_8f2159ca158248bac\"><div class=\"panel-body toggle-content fusion-clearfix\">\n<p>Vanille Bleue ist im Onlineshop erh\u00e4ltlich: <a href=\"https:\/\/shop.escale-bleue.fr\">https:\/\/shop.escale-bleue.fr<\/a>. Lieferung nach La R\u00e9union sowie nach Frankreich (Festland) und weltweit. <\/p>\n<\/div><\/div><\/div><\/div><\/div><\/div><\/div><\/div><\/div><div class=\"fusion-bg-parallax\" data-bg-align=\"right bottom\" data-direction=\"up\" data-mute=\"false\" data-opacity=\"100\" data-velocity=\"-0.2\" data-mobile-enabled=\"false\" data-break_parents=\"0\" data-bg-image=\"https:\/\/escale-bleue.fr\/wp-content\/uploads\/2022\/03\/Vanille-Bleue-4.jpg\" data-bg-repeat=\"false\" data-bg-color=\"#5c5b5c\" ><\/div><div class=\"fusion-fullwidth fullwidth-box fusion-builder-row-11 fusion-parallax-up nonhundred-percent-fullwidth non-hundred-percent-height-scrolling fusion-equal-height-columns\" style=\"--awb-background-position:right bottom;--awb-border-sizes-top:0px;--awb-border-sizes-bottom:0px;--awb-border-sizes-left:0px;--awb-border-sizes-right:0px;--awb-border-radius-top-left:0px;--awb-border-radius-top-right:0px;--awb-border-radius-bottom-right:0px;--awb-border-radius-bottom-left:0px;--awb-padding-top:100px;--awb-padding-bottom:85px;--awb-background-color:#5c5b5c;--awb-background-image:url(&quot;https:\/\/escale-bleue.fr\/wp-content\/uploads\/2022\/03\/Vanille-Bleue-4.jpg&quot;);--awb-background-size:cover;--awb-flex-wrap:wrap;\" ><div class=\"fusion-builder-row fusion-row\"><div class=\"fusion-layout-column fusion_builder_column fusion-builder-column-21 fusion_builder_column_2_3 2_3 fusion-two-third fusion-column-first\" style=\"--awb-bg-blend:overlay;--awb-bg-size:cover;--awb-margin-bottom:10px;width:66.666666666667%;width:calc(66.666666666667% - ( ( 4% + 4% ) * 0.66666666666667 ) );margin-right: 4%;\"><div class=\"fusion-column-wrapper fusion-flex-column-wrapper-legacy\"><div class=\"fusion-column-content-centered\"><div class=\"fusion-column-content\"><div class=\"fusion-text fusion-text-16\"><h4 style=\"font-size: 30px; line-height: 1.4em; letter-spacing: -1px;\"><span style=\"color: #ffffff;\">Lust, diese Vanille zu probieren?<\/span><\/h4>\n<\/div><div class=\"fusion-text fusion-text-17\"><p><span style=\"color: #ffffff;\"><em>Erh\u00e4ltlich in unserer Online-Boutique<\/em><\/span><\/p>\n<\/div><\/div><\/div><div class=\"fusion-clearfix\"><\/div><\/div><\/div><div class=\"fusion-layout-column fusion_builder_column fusion-builder-column-22 fusion_builder_column_1_6 1_6 fusion-one-sixth\" style=\"--awb-bg-blend:overlay;--awb-bg-size:cover;width:16.666666666667%;width:calc(16.666666666667% - ( ( 4% + 4% ) * 0.16666666666667 ) );margin-right: 4%;\"><div class=\"fusion-column-wrapper fusion-flex-column-wrapper-legacy\"><div class=\"fusion-column-content-centered\"><div class=\"fusion-column-content\"><div class=\"fusion-alignleft\"><a class=\"fusion-button button-flat fusion-button-default-size button-default fusion-button-default button-4 fusion-button-default-span fusion-button-default-type\" target=\"_blank\" rel=\"noopener noreferrer\" href=\"https:\/\/shop.escale-bleue.fr\"><span class=\"fusion-button-text awb-button__text awb-button__text--default\">Shop<\/span><\/a><\/div><\/div><\/div><div class=\"fusion-clearfix\"><\/div><\/div><\/div><div class=\"fusion-layout-column fusion_builder_column fusion-builder-column-23 fusion_builder_column_1_6 1_6 fusion-one-sixth fusion-column-last\" style=\"--awb-bg-blend:overlay;--awb-bg-size:cover;--awb-margin-top:10px;width:16.666666666667%;width:calc(16.666666666667% - ( ( 4% + 4% ) * 0.16666666666667 ) );\"><div class=\"fusion-column-wrapper fusion-flex-column-wrapper-legacy\"><div class=\"fusion-column-content-centered\"><div class=\"fusion-column-content\"><\/div><\/div><div class=\"fusion-clearfix\"><\/div><\/div><\/div><\/div><\/div><div class=\"fusion-fullwidth fullwidth-box fusion-builder-row-12 fusion-flex-container has-pattern-background has-mask-background nonhundred-percent-fullwidth non-hundred-percent-height-scrolling\" style=\"--awb-border-radius-top-left:0px;--awb-border-radius-top-right:0px;--awb-border-radius-bottom-right:0px;--awb-border-radius-bottom-left:0px;--awb-flex-wrap:wrap;\" ><div class=\"fusion-builder-row fusion-row fusion-flex-align-items-flex-start fusion-flex-content-wrap\" style=\"max-width:1216.8px;margin-left: calc(-4% \/ 2 );margin-right: calc(-4% \/ 2 );\"><div class=\"fusion-layout-column fusion_builder_column fusion-builder-column-24 fusion_builder_column_1_1 1_1 fusion-flex-column\" style=\"--awb-bg-size:cover;--awb-width-large:100%;--awb-margin-top-large:20px;--awb-spacing-right-large:1.92%;--awb-margin-bottom-large:20px;--awb-spacing-left-large:1.92%;--awb-width-medium:100%;--awb-order-medium:0;--awb-spacing-right-medium:1.92%;--awb-spacing-left-medium:1.92%;--awb-width-small:100%;--awb-order-small:0;--awb-spacing-right-small:1.92%;--awb-spacing-left-small:1.92%;\"><div class=\"fusion-column-wrapper fusion-column-has-shadow fusion-flex-justify-content-flex-start fusion-content-layout-column\"><script type=\"application\/ld+json\">{\n  \"@context\": \"https:\/\/schema.org\",\n  \"@type\": \"FAQPage\",\n  \"@id\": \"https:\/\/escale-bleue.fr\/#faq\",\n  \"mainEntity\": [\n    {\n      \"@type\": \"Question\",\n      \"name\": \"Quelle est la diff\u00e9rence entre la Vanille Bleue et la vanille bourbon ?\",\n      \"acceptedAnswer\": {\n        \"@type\": \"Answer\",\n        \"text\": \"La vanille bourbon d\u00e9signe toute vanille planifolia cultiv\u00e9e dans l'oc\u00e9an Indien selon un cahier des charges \u00e9tabli. La Vanille Bleue suit un proc\u00e9d\u00e9 d'affinage brevet\u00e9, d\u00e9velopp\u00e9 sur plus de 10 ans, qui sort volontairement de ce cadre : un affinage deux \u00e0 trois fois plus long, une gousse enti\u00e8rement comestible, un profil aromatique plus complexe et plus doux. Le nom \u00ab Vanille Bleue \u00bb marque cette diff\u00e9rence \u2014 c'est une vanille litt\u00e9ralement hors-norme, et c'est pr\u00e9cis\u00e9ment ce qui la rend exceptionnelle.\"\n      }\n    },\n    {\n      \"@type\": \"Question\",\n      \"name\": \"Pourquoi la Vanille Bleue co\u00fbte-t-elle plus cher que d'autres vanilles ?\",\n      \"acceptedAnswer\": {\n        \"@type\": \"Answer\",\n        \"text\": \"De la pollinisation manuelle jusqu'\u00e0 la fin de l'affinage, c'est un travail de soin quotidien qui s'\u00e9tend sur plus de deux ans. De plus, la gousse \u00e9tant enti\u00e8rement comestible et non fibreuse, rien ne se jette, et une quantit\u00e9 moindre suffit par recette, ce qui compense le prix au gramme r\u00e9ellement utilis\u00e9.\"\n      }\n    },\n    {\n      \"@type\": \"Question\",\n      \"name\": \"La Vanille Bleue convient-elle \u00e0 la p\u00e2tisserie professionnelle ?\",\n      \"acceptedAnswer\": {\n        \"@type\": \"Answer\",\n        \"text\": \"La Vanille Bleue est parfaite que ce soit pour la p\u00e2tisserie ou pour la cuisine. Elle a permis \u00e0 de nombreux chefs et gourmets de r\u00e9inventer leurs plats et desserts en leur permettant d'utiliser la vanille diff\u00e9remment. Elle peut \u00eatre utilis\u00e9e cuite ou crue, aussi bien en infusion qu'incorpor\u00e9e directement dans les pr\u00e9parations.\"\n      }\n    },\n    {\n      \"@type\": \"Question\",\n      \"name\": \"Comment acheter la Vanille Bleue ?\",\n      \"acceptedAnswer\": {\n        \"@type\": \"Answer\",\n        \"text\": \"La Vanille Bleue est disponible sur la boutique en ligne https:\/\/shop.escale-bleue.fr. Livraison \u00e0 la R\u00e9union, mais aussi en France m\u00e9tropolitaine et \u00e0 l'international.\"\n      }\n    }\n  ]\n}\n<\/script><\/div><\/div><\/div><\/div><\/p>\n","protected":false},"excerpt":{"rendered":"","protected":false},"author":10,"featured_media":0,"parent":0,"menu_order":0,"comment_status":"closed","ping_status":"closed","template":"100-width.php","meta":{"footnotes":""},"class_list":["post-24718","page","type-page","status-publish","hentry"],"yoast_head":"<!-- This site is optimized with the Yoast SEO Premium plugin v27.4 (Yoast SEO v27.4) - https:\/\/yoast.com\/product\/yoast-seo-premium-wordpress\/ -->\n<title>Escale Bleue \u2014 Vanille Bleue | Patentierte, pr\u00e4mierte Vanilleschote<\/title>\n<meta name=\"description\" content=\"Vanille Bleue, die Vanille f\u00fcr Feinschmecker. Diamond Taste Award 2024, seit 2016 durchgehend mit der h\u00f6chsten Geschmacksbewertung. Produziert in Saint-Philippe, La R\u00e9union.\" \/>\n<meta name=\"robots\" content=\"index, follow, max-snippet:-1, max-image-preview:large, max-video-preview:-1\" \/>\n<link rel=\"canonical\" href=\"https:\/\/escale-bleue.fr\/de\/\" \/>\n<meta property=\"og:locale\" content=\"de_DE\" \/>\n<meta property=\"og:type\" content=\"article\" \/>\n<meta property=\"og:title\" content=\"Escale Bleue \u2014 Vanille Bleue | Patentierte, pr\u00e4mierte Vanilleschote\" \/>\n<meta property=\"og:description\" content=\"Vanille Bleue, die Vanille f\u00fcr Feinschmecker. Diamond Taste Award 2024, seit 2016 durchgehend mit der h\u00f6chsten Geschmacksbewertung. Produziert in Saint-Philippe, La R\u00e9union.\" \/>\n<meta property=\"og:url\" content=\"https:\/\/escale-bleue.fr\/de\/\" \/>\n<meta property=\"og:site_name\" content=\"Escale Bleue - Atelier Vanille\" \/>\n<meta property=\"article:publisher\" content=\"https:\/\/www.facebook.com\/Escalebleue\" \/>\n<meta property=\"article:modified_time\" content=\"2026-03-24T16:43:47+00:00\" \/>\n<meta property=\"og:image\" content=\"https:\/\/escale-bleue.fr\/wp-content\/uploads\/2016\/08\/vanille-bleue-gousse-ouverte-2-1024x563.jpg\" \/>\n<meta name=\"twitter:card\" content=\"summary_large_image\" \/>\n<meta name=\"twitter:title\" content=\"Startseite\" \/>\n<meta name=\"twitter:site\" content=\"@EscaleBleue\" \/>\n<meta name=\"twitter:label1\" content=\"Gesch\u00e4tzte Lesezeit\" \/>\n\t<meta name=\"twitter:data1\" content=\"35\u00a0Minuten\" \/>\n<script type=\"application\/ld+json\" class=\"yoast-schema-graph\">{\"@context\":\"https:\\\/\\\/schema.org\",\"@graph\":[{\"@type\":\"WebPage\",\"@id\":\"https:\\\/\\\/escale-bleue.fr\\\/de\\\/\",\"url\":\"https:\\\/\\\/escale-bleue.fr\\\/de\\\/\",\"name\":\"Escale Bleue \u2014 Vanille Bleue | Patentierte, pr\u00e4mierte Vanilleschote\",\"isPartOf\":{\"@id\":\"https:\\\/\\\/escale-bleue.fr\\\/de\\\/#website\"},\"datePublished\":\"2016-08-02T09:03:38+00:00\",\"dateModified\":\"2026-03-24T16:43:47+00:00\",\"description\":\"Vanille Bleue, die Vanille f\u00fcr Feinschmecker. Diamond Taste Award 2024, seit 2016 durchgehend mit der h\u00f6chsten Geschmacksbewertung. Produziert in Saint-Philippe, La R\u00e9union.\",\"breadcrumb\":{\"@id\":\"https:\\\/\\\/escale-bleue.fr\\\/de\\\/#breadcrumb\"},\"inLanguage\":\"de\",\"potentialAction\":[{\"@type\":\"ReadAction\",\"target\":[\"https:\\\/\\\/escale-bleue.fr\\\/de\\\/\"]}]},{\"@type\":\"BreadcrumbList\",\"@id\":\"https:\\\/\\\/escale-bleue.fr\\\/de\\\/#breadcrumb\",\"itemListElement\":[{\"@type\":\"ListItem\",\"position\":1,\"name\":\"Accueil\",\"item\":\"https:\\\/\\\/escale-bleue.fr\\\/de\\\/\"},{\"@type\":\"ListItem\",\"position\":2,\"name\":\"Startseite\"}]},{\"@type\":\"WebSite\",\"@id\":\"https:\\\/\\\/escale-bleue.fr\\\/de\\\/#website\",\"url\":\"https:\\\/\\\/escale-bleue.fr\\\/de\\\/\",\"name\":\"Escale Bleue - Atelier Vanille \u00e0 la R\u00e9union\",\"description\":\"\",\"publisher\":{\"@id\":\"https:\\\/\\\/escale-bleue.fr\\\/de\\\/#organization\"},\"potentialAction\":[{\"@type\":\"SearchAction\",\"target\":{\"@type\":\"EntryPoint\",\"urlTemplate\":\"https:\\\/\\\/escale-bleue.fr\\\/de\\\/?s={search_term_string}\"},\"query-input\":{\"@type\":\"PropertyValueSpecification\",\"valueRequired\":true,\"valueName\":\"search_term_string\"}}],\"inLanguage\":\"de\"},{\"@type\":\"Organization\",\"@id\":\"https:\\\/\\\/escale-bleue.fr\\\/de\\\/#organization\",\"name\":\"Escale Bleue - Atelier Vanille R\u00e9union\",\"url\":\"https:\\\/\\\/escale-bleue.fr\\\/de\\\/\",\"logo\":{\"@type\":\"ImageObject\",\"inLanguage\":\"de\",\"@id\":\"https:\\\/\\\/escale-bleue.fr\\\/de\\\/#\\\/schema\\\/logo\\\/image\\\/\",\"url\":\"https:\\\/\\\/escale-bleue.fr\\\/wp-content\\\/uploads\\\/2026\\\/02\\\/logo_escale_bleue_b9afa1.png\",\"contentUrl\":\"https:\\\/\\\/escale-bleue.fr\\\/wp-content\\\/uploads\\\/2026\\\/02\\\/logo_escale_bleue_b9afa1.png\",\"width\":400,\"height\":218,\"caption\":\"Escale Bleue - Atelier Vanille R\u00e9union\"},\"image\":{\"@id\":\"https:\\\/\\\/escale-bleue.fr\\\/de\\\/#\\\/schema\\\/logo\\\/image\\\/\"},\"sameAs\":[\"https:\\\/\\\/www.facebook.com\\\/Escalebleue\",\"https:\\\/\\\/x.com\\\/EscaleBleue\",\"https:\\\/\\\/www.instagram.com\\\/escalebleue\\\/\"]}]}<\/script>\n<!-- \/ Yoast SEO Premium plugin. -->","yoast_head_json":{"title":"Escale Bleue \u2014 Vanille Bleue | Patentierte, pr\u00e4mierte Vanilleschote","description":"Vanille Bleue, die Vanille f\u00fcr Feinschmecker. Diamond Taste Award 2024, seit 2016 durchgehend mit der h\u00f6chsten Geschmacksbewertung. Produziert in Saint-Philippe, La R\u00e9union.","robots":{"index":"index","follow":"follow","max-snippet":"max-snippet:-1","max-image-preview":"max-image-preview:large","max-video-preview":"max-video-preview:-1"},"canonical":"https:\/\/escale-bleue.fr\/de\/","og_locale":"de_DE","og_type":"article","og_title":"Escale Bleue \u2014 Vanille Bleue | Patentierte, pr\u00e4mierte Vanilleschote","og_description":"Vanille Bleue, die Vanille f\u00fcr Feinschmecker. Diamond Taste Award 2024, seit 2016 durchgehend mit der h\u00f6chsten Geschmacksbewertung. Produziert in Saint-Philippe, La R\u00e9union.","og_url":"https:\/\/escale-bleue.fr\/de\/","og_site_name":"Escale Bleue - Atelier Vanille","article_publisher":"https:\/\/www.facebook.com\/Escalebleue","article_modified_time":"2026-03-24T16:43:47+00:00","og_image":[{"url":"https:\/\/escale-bleue.fr\/wp-content\/uploads\/2016\/08\/vanille-bleue-gousse-ouverte-2-1024x563.jpg","type":"","width":"","height":""}],"twitter_card":"summary_large_image","twitter_title":"Startseite","twitter_site":"@EscaleBleue","twitter_misc":{"Gesch\u00e4tzte Lesezeit":"35\u00a0Minuten"},"schema":{"@context":"https:\/\/schema.org","@graph":[{"@type":"WebPage","@id":"https:\/\/escale-bleue.fr\/de\/","url":"https:\/\/escale-bleue.fr\/de\/","name":"Escale Bleue \u2014 Vanille Bleue | Patentierte, pr\u00e4mierte Vanilleschote","isPartOf":{"@id":"https:\/\/escale-bleue.fr\/de\/#website"},"datePublished":"2016-08-02T09:03:38+00:00","dateModified":"2026-03-24T16:43:47+00:00","description":"Vanille Bleue, die Vanille f\u00fcr Feinschmecker. Diamond Taste Award 2024, seit 2016 durchgehend mit der h\u00f6chsten Geschmacksbewertung. Produziert in Saint-Philippe, La R\u00e9union.","breadcrumb":{"@id":"https:\/\/escale-bleue.fr\/de\/#breadcrumb"},"inLanguage":"de","potentialAction":[{"@type":"ReadAction","target":["https:\/\/escale-bleue.fr\/de\/"]}]},{"@type":"BreadcrumbList","@id":"https:\/\/escale-bleue.fr\/de\/#breadcrumb","itemListElement":[{"@type":"ListItem","position":1,"name":"Accueil","item":"https:\/\/escale-bleue.fr\/de\/"},{"@type":"ListItem","position":2,"name":"Startseite"}]},{"@type":"WebSite","@id":"https:\/\/escale-bleue.fr\/de\/#website","url":"https:\/\/escale-bleue.fr\/de\/","name":"Escale Bleue - Atelier Vanille \u00e0 la R\u00e9union","description":"","publisher":{"@id":"https:\/\/escale-bleue.fr\/de\/#organization"},"potentialAction":[{"@type":"SearchAction","target":{"@type":"EntryPoint","urlTemplate":"https:\/\/escale-bleue.fr\/de\/?s={search_term_string}"},"query-input":{"@type":"PropertyValueSpecification","valueRequired":true,"valueName":"search_term_string"}}],"inLanguage":"de"},{"@type":"Organization","@id":"https:\/\/escale-bleue.fr\/de\/#organization","name":"Escale Bleue - Atelier Vanille R\u00e9union","url":"https:\/\/escale-bleue.fr\/de\/","logo":{"@type":"ImageObject","inLanguage":"de","@id":"https:\/\/escale-bleue.fr\/de\/#\/schema\/logo\/image\/","url":"https:\/\/escale-bleue.fr\/wp-content\/uploads\/2026\/02\/logo_escale_bleue_b9afa1.png","contentUrl":"https:\/\/escale-bleue.fr\/wp-content\/uploads\/2026\/02\/logo_escale_bleue_b9afa1.png","width":400,"height":218,"caption":"Escale Bleue - Atelier Vanille R\u00e9union"},"image":{"@id":"https:\/\/escale-bleue.fr\/de\/#\/schema\/logo\/image\/"},"sameAs":["https:\/\/www.facebook.com\/Escalebleue","https:\/\/x.com\/EscaleBleue","https:\/\/www.instagram.com\/escalebleue\/"]}]}},"_links":{"self":[{"href":"https:\/\/escale-bleue.fr\/de\/wp-json\/wp\/v2\/pages\/24718","targetHints":{"allow":["GET"]}}],"collection":[{"href":"https:\/\/escale-bleue.fr\/de\/wp-json\/wp\/v2\/pages"}],"about":[{"href":"https:\/\/escale-bleue.fr\/de\/wp-json\/wp\/v2\/types\/page"}],"author":[{"embeddable":true,"href":"https:\/\/escale-bleue.fr\/de\/wp-json\/wp\/v2\/users\/10"}],"replies":[{"embeddable":true,"href":"https:\/\/escale-bleue.fr\/de\/wp-json\/wp\/v2\/comments?post=24718"}],"version-history":[{"count":15,"href":"https:\/\/escale-bleue.fr\/de\/wp-json\/wp\/v2\/pages\/24718\/revisions"}],"predecessor-version":[{"id":24853,"href":"https:\/\/escale-bleue.fr\/de\/wp-json\/wp\/v2\/pages\/24718\/revisions\/24853"}],"wp:attachment":[{"href":"https:\/\/escale-bleue.fr\/de\/wp-json\/wp\/v2\/media?parent=24718"}],"curies":[{"name":"wp","href":"https:\/\/api.w.org\/{rel}","templated":true}]}}