{"id":24590,"date":"2014-05-28T12:31:48","date_gmt":"2014-05-28T10:31:48","guid":{"rendered":"https:\/\/escale-bleue.fr\/quest-ce-que-la-vanille-bleue\/"},"modified":"2026-03-24T18:43:16","modified_gmt":"2026-03-24T16:43:16","slug":"quest-ce-que-la-vanille-bleue","status":"publish","type":"page","link":"https:\/\/escale-bleue.fr\/en\/quest-ce-que-la-vanille-bleue\/","title":{"rendered":"What is Vanille Bleue?"},"content":{"rendered":"<p><div class=\"fusion-fullwidth fullwidth-box fusion-builder-row-1 hundred-percent-fullwidth non-hundred-percent-height-scrolling fusion-equal-height-columns\" style=\"--awb-border-radius-top-left:0px;--awb-border-radius-top-right:0px;--awb-border-radius-bottom-right:0px;--awb-border-radius-bottom-left:0px;--awb-padding-top:0px;--awb-padding-right:0px;--awb-padding-bottom:0px;--awb-padding-left:0px;--awb-flex-wrap:wrap;\" ><div class=\"fusion-builder-row fusion-row\"><div class=\"fusion-layout-column fusion_builder_column fusion-builder-column-0 fusion_builder_column_1_2 1_2 fusion-one-half fusion-column-first fusion-animated\" style=\"--awb-padding-top:80px;--awb-padding-right:10%;--awb-padding-bottom:80px;--awb-padding-left:10%;--awb-bg-color:#1a1a2e;--awb-bg-color-hover:#1a1a2e;--awb-bg-position:center center;--awb-bg-size:cover;--awb-margin-top:0px;--awb-margin-bottom:0px;width:50%;width:calc(50% - ( ( 0px ) * 0.5 ) );margin-right: 0px;\" data-animationType=\"fadeInLeft\" data-animationDuration=\"0.8\" data-animationOffset=\"top-into-view\"><div class=\"fusion-column-wrapper fusion-flex-column-wrapper-legacy\"><div class=\"fusion-column-content-centered\"><div class=\"fusion-column-content\"><div class=\"fusion-text fusion-text-1\"><p style=\"color: #b9afa1; letter-spacing: 3px; text-transform: uppercase; font-weight: 300; font-family: Libre Baskerville, Garamond, serif; font-size: 24px; font-style: italic;\">Escale Bleue presents<\/p>\n<\/div><div class=\"fusion-sep-clear\"><\/div><div class=\"fusion-separator fusion-clearfix\" style=\"float:left;margin-top:15px;margin-bottom:25px;width:100%;max-width:80px;\"><div class=\"fusion-separator-border sep-single sep-solid\" style=\"--awb-height:20px;--awb-amount:20px;border-color:#b9afa1;border-top-width:1px;\"><\/div><\/div><div class=\"fusion-sep-clear\"><\/div><div class=\"fusion-text fusion-text-2\"><h2 style=\"color: #ffffff; font-size: 48px; line-height: 1.2;\">Vanille Bleue<\/h2>\n<\/div><div class=\"fusion-text fusion-text-3\"><p style=\"color: #cccccc; font-size: 18px; line-height: 1.8; margin-top: 20px;\">Vanille Bleue is the world&#8217;s first <strong>patented<\/strong> vanilla pod, created by Escale Bleue in Saint-Philippe (La R\u00e9union).<\/p>\n<p style=\"color: #cccccc; font-size: 18px; line-height: 1.8; margin-top: 20px;\">Born from 20 years of R&amp;D, it is 100% edible, <strong>awarded<\/strong> by the greatest chefs, and honored with the <strong>Diamond Taste Award 2024<\/strong>\u2014the highest international taste distinction.<\/p>\n<\/div><div class=\"fusion-sep-clear\"><\/div><div class=\"fusion-separator fusion-full-width-sep\" style=\"margin-left: auto;margin-right: auto;margin-top:25px;width:100%;\"><\/div><div class=\"fusion-sep-clear\"><\/div><div class=\"fusion-alignleft\"><a class=\"fusion-button button-flat button-large button-custom fusion-button-default button-1 fusion-button-span-no fusion-button-default-type\" style=\"--button_accent_color:#b9afa1;--button_border_color:#b9afa1;--button_accent_hover_color:#1a1a2e;--button_border_hover_color:#1a1a2e;--button_border_width-top:2px;--button_border_width-right:2px;--button_border_width-bottom:2px;--button_border_width-left:2px;--button-border-radius-top-left:0px;--button-border-radius-top-right:0px;--button-border-radius-bottom-right:0px;--button-border-radius-bottom-left:0px;--button_gradient_top_color:rgba(0,0,0,0);--button_gradient_bottom_color:rgba(0,0,0,0);--button_gradient_top_color_hover:#b9afa1;--button_gradient_bottom_color_hover:#b9afa1;--button_text_transform:uppercase;\" target=\"_blank\" rel=\"noopener noreferrer\" href=\"https:\/\/shop.escale-bleue.fr\"><i class=\"fa-shopping-bag fas awb-button__icon awb-button__icon--default button-icon-left\" aria-hidden=\"true\"><\/i><span class=\"fusion-button-text awb-button__text awb-button__text--default\">Discover the shop<\/span><\/a><\/div><\/div><\/div><div class=\"fusion-clearfix\"><\/div><\/div><\/div><div class=\"fusion-layout-column fusion_builder_column fusion-builder-column-1 fusion_builder_column_1_2 1_2 fusion-one-half fusion-column-last fusion-animated\" style=\"--awb-bg-image:url(&#039;http:\/\/escale-bleue.fr\/wp-content\/uploads\/2014\/07\/vanille-bleue-gousses.jpg&#039;);--awb-bg-position:center center;--awb-bg-blend:overlay;--awb-bg-size:cover;--awb-margin-top:0px;--awb-margin-bottom:0px;width:50%;width:calc(50% - ( ( 0px ) * 0.5 ) );\" data-animationType=\"fadeInRight\" data-animationDuration=\"0.8\" data-animationOffset=\"top-into-view\"><div class=\"fusion-column-wrapper fusion-flex-column-wrapper-legacy fusion-column-has-bg-image\" data-bg-url=\"http:\/\/escale-bleue.fr\/wp-content\/uploads\/2014\/07\/vanille-bleue-gousses.jpg\"><div class=\"fusion-image-element in-legacy-container\" style=\"--awb-caption-title-font-family:var(--h2_typography-font-family);--awb-caption-title-font-weight:var(--h2_typography-font-weight);--awb-caption-title-font-style:var(--h2_typography-font-style);--awb-caption-title-size:var(--h2_typography-font-size);--awb-caption-title-transform:var(--h2_typography-text-transform);--awb-caption-title-line-height:var(--h2_typography-line-height);--awb-caption-title-letter-spacing:var(--h2_typography-letter-spacing);\"><span class=\" fusion-imageframe imageframe-none imageframe-1 hover-type-none\"><img decoding=\"async\" width=\"1706\" height=\"2560\" alt=\"Gousses de Vanille Bleue affin\u00e9es par Escale Bleue, photo Jean-Philippe Bouchiat\" title=\"Photo Vanille Bleue 2- \u00a9Jean Philippe Bouchiat\" src=\"https:\/\/escale-bleue.fr\/wp-content\/uploads\/2026\/02\/Photo-Vanille-Bleue-2-\u00a9Jean-Philippe-Bouchiat-scaled.jpg\" class=\"img-responsive wp-image-24653\" srcset=\"https:\/\/escale-bleue.fr\/wp-content\/uploads\/2026\/02\/Photo-Vanille-Bleue-2-\u00a9Jean-Philippe-Bouchiat-200x300.jpg 200w, https:\/\/escale-bleue.fr\/wp-content\/uploads\/2026\/02\/Photo-Vanille-Bleue-2-\u00a9Jean-Philippe-Bouchiat-400x600.jpg 400w, https:\/\/escale-bleue.fr\/wp-content\/uploads\/2026\/02\/Photo-Vanille-Bleue-2-\u00a9Jean-Philippe-Bouchiat-600x900.jpg 600w, https:\/\/escale-bleue.fr\/wp-content\/uploads\/2026\/02\/Photo-Vanille-Bleue-2-\u00a9Jean-Philippe-Bouchiat-800x1200.jpg 800w, https:\/\/escale-bleue.fr\/wp-content\/uploads\/2026\/02\/Photo-Vanille-Bleue-2-\u00a9Jean-Philippe-Bouchiat-1200x1800.jpg 1200w, https:\/\/escale-bleue.fr\/wp-content\/uploads\/2026\/02\/Photo-Vanille-Bleue-2-\u00a9Jean-Philippe-Bouchiat-scaled.jpg 1706w\" sizes=\"(max-width: 1050px) 100vw, 600px\" \/><\/span><\/div><div class=\"fusion-clearfix\"><\/div><\/div><\/div><\/div><\/div><div class=\"fusion-fullwidth fullwidth-box fusion-builder-row-2 nonhundred-percent-fullwidth non-hundred-percent-height-scrolling\" style=\"--awb-border-radius-top-left:0px;--awb-border-radius-top-right:0px;--awb-border-radius-bottom-right:0px;--awb-border-radius-bottom-left:0px;--awb-padding-top:70px;--awb-padding-bottom:70px;--awb-background-color:#f9f9f9;--awb-flex-wrap:wrap;\" ><div class=\"fusion-builder-row fusion-row\"><div class=\"fusion-layout-column fusion_builder_column fusion-builder-column-2 fusion_builder_column_1_1 1_1 fusion-one-full fusion-column-first fusion-column-last\" style=\"--awb-bg-blend:overlay;--awb-bg-size:cover;\"><div class=\"fusion-column-wrapper fusion-flex-column-wrapper-legacy\"><div class=\"fusion-text fusion-text-4\"><h2 style=\"text-align: center; letter-spacing: 2px; font-size: 36px; line-height: 1.25; font-family: Libre Baskerville, Garamond, serif; font-weight: 400;\">WHY VANILLE BLEUE IS UNIQUE<\/h2>\n<\/div><div class=\"fusion-sep-clear\"><\/div><div class=\"fusion-separator\" style=\"margin-left: auto;margin-right: auto;margin-top:5px;margin-bottom:50px;width:100%;max-width:170px;\"><div class=\"fusion-separator-border sep-single sep-solid\" style=\"--awb-height:20px;--awb-amount:20px;border-color:#b9afa1;border-top-width:1px;\"><\/div><\/div><div class=\"fusion-sep-clear\"><\/div><div class=\"fusion-clearfix\"><\/div><\/div><\/div><div class=\"fusion-layout-column fusion_builder_column fusion-builder-column-3 fusion_builder_column_1_3 1_3 fusion-one-third fusion-column-first fusion-animated\" style=\"--awb-padding-top:30px;--awb-padding-right:30px;--awb-padding-bottom:30px;--awb-padding-left:30px;--awb-bg-color:#ffffff;--awb-bg-color-hover:#ffffff;--awb-bg-size:cover;width:30.6666%; margin-right: 4%;\" data-animationType=\"fadeInUp\" data-animationDuration=\"0.6\" data-animationOffset=\"top-into-view\"><div class=\"fusion-column-wrapper fusion-flex-column-wrapper-legacy\"><div class=\"fusion-fa-align-center\"><i class=\"fb-icon-element-1 fb-icon-element fontawesome-icon fa-gem fas circle-no\" style=\"--awb-iconcolor:#b9afa1;--awb-iconcolor-hover:#b9afa1;--awb-font-size:40px;\"><\/i><\/div><div class=\"fusion-sep-clear\"><\/div><div class=\"fusion-separator fusion-full-width-sep\" style=\"margin-left: auto;margin-right: auto;margin-top:15px;width:100%;\"><\/div><div class=\"fusion-sep-clear\"><\/div><div class=\"fusion-text fusion-text-5\"><h4 style=\"text-align: center;\">100% edible<\/h4>\n<p style=\"text-align: center; color: #666;\">Unlike overly dried pods, Vanille Bleue can be eaten entirely, including its outer layer, cooked or raw. Scrape it, infuse it, or slice it into thin strips directly into your dishes. <\/p>\n<\/div><div class=\"fusion-clearfix\"><\/div><\/div><\/div><div class=\"fusion-layout-column fusion_builder_column fusion-builder-column-4 fusion_builder_column_1_3 1_3 fusion-one-third fusion-animated\" style=\"--awb-padding-top:30px;--awb-padding-right:30px;--awb-padding-bottom:30px;--awb-padding-left:30px;--awb-bg-color:#ffffff;--awb-bg-color-hover:#ffffff;--awb-bg-size:cover;width:30.6666%; margin-right: 4%;\" data-animationType=\"fadeInUp\" data-animationDuration=\"0.6\" data-animationOffset=\"top-into-view\"><div class=\"fusion-column-wrapper fusion-column-has-shadow fusion-flex-column-wrapper-legacy\"><div class=\"fusion-fa-align-center\"><i class=\"fb-icon-element-2 fb-icon-element fontawesome-icon fa-award fas circle-no\" style=\"--awb-iconcolor:#b9afa1;--awb-iconcolor-hover:#b9afa1;--awb-font-size:40px;\"><\/i><\/div><div class=\"fusion-sep-clear\"><\/div><div class=\"fusion-separator fusion-full-width-sep\" style=\"margin-left: auto;margin-right: auto;margin-top:15px;width:100%;\"><\/div><div class=\"fusion-sep-clear\"><\/div><div class=\"fusion-text fusion-text-6\"><h4 style=\"text-align: center;\">Awarded by 120+ chefs<\/h4>\n<p style=\"text-align: center; color: #666;\">Every year since 2016, Vanille Bleue has been awarded the highest taste rating by a jury of award-winning or Michelin-starred chefs from Europe&#8217;s most prestigious gastronomic associations.<\/p>\n<\/div><div class=\"fusion-clearfix\"><\/div><\/div><\/div><div class=\"fusion-layout-column fusion_builder_column fusion-builder-column-5 fusion_builder_column_1_3 1_3 fusion-one-third fusion-column-last fusion-animated\" style=\"--awb-padding-top:30px;--awb-padding-right:30px;--awb-padding-bottom:30px;--awb-padding-left:30px;--awb-bg-color:#ffffff;--awb-bg-color-hover:#ffffff;--awb-bg-size:cover;width:30.6666%;\" data-animationType=\"fadeInUp\" data-animationDuration=\"0.6\" data-animationOffset=\"top-into-view\"><div class=\"fusion-column-wrapper fusion-column-has-shadow fusion-flex-column-wrapper-legacy\"><div class=\"fusion-fa-align-center\"><i class=\"fb-icon-element-3 fb-icon-element fontawesome-icon fa-wine-bottle fas circle-no\" style=\"--awb-iconcolor:#b9afa1;--awb-iconcolor-hover:#b9afa1;--awb-font-size:40px;\"><\/i><\/div><div class=\"fusion-sep-clear\"><\/div><div class=\"fusion-separator fusion-full-width-sep\" style=\"margin-left: auto;margin-right: auto;margin-top:15px;width:100%;\"><\/div><div class=\"fusion-sep-clear\"><\/div><div class=\"fusion-text fusion-text-7\"><h4 style=\"text-align: center;\">Improves with time<\/h4>\n<p style=\"text-align: center; color: #666;\">Like a vintage, its aroma continues to evolve and improve. Over 10 years of storage in an airtight glass jar, away from heat and sunlight. <\/p>\n<\/div><div class=\"fusion-clearfix\"><\/div><\/div><\/div><\/div><\/div><div class=\"fusion-fullwidth fullwidth-box fusion-builder-row-3 hundred-percent-fullwidth non-hundred-percent-height-scrolling fusion-equal-height-columns\" style=\"--awb-border-radius-top-left:0px;--awb-border-radius-top-right:0px;--awb-border-radius-bottom-right:0px;--awb-border-radius-bottom-left:0px;--awb-padding-top:0px;--awb-padding-right:0px;--awb-padding-bottom:0px;--awb-padding-left:0px;--awb-flex-wrap:wrap;\" ><div class=\"fusion-builder-row fusion-row\"><div class=\"fusion-layout-column fusion_builder_column fusion-builder-column-6 fusion_builder_column_1_2 1_2 fusion-one-half fusion-column-first fusion-animated\" style=\"--awb-bg-image:url(&#039;http:\/\/escale-bleue.fr\/wp-content\/uploads\/2015\/02\/vanille-bleue-culture-sous-bois.jpg&#039;);--awb-bg-position:center center;--awb-bg-blend:overlay;--awb-bg-size:cover;--awb-margin-top:0px;--awb-margin-bottom:0px;width:50%;width:calc(50% - ( ( 0px ) * 0.5 ) );margin-right: 0px;\" data-animationType=\"fadeInLeft\" data-animationDuration=\"0.8\" data-animationOffset=\"top-into-view\"><div class=\"fusion-column-wrapper fusion-flex-column-wrapper-legacy fusion-column-has-bg-image\" data-bg-url=\"http:\/\/escale-bleue.fr\/wp-content\/uploads\/2015\/02\/vanille-bleue-culture-sous-bois.jpg\"><div class=\"fusion-image-element in-legacy-container\" style=\"--awb-caption-title-font-family:var(--h2_typography-font-family);--awb-caption-title-font-weight:var(--h2_typography-font-weight);--awb-caption-title-font-style:var(--h2_typography-font-style);--awb-caption-title-size:var(--h2_typography-font-size);--awb-caption-title-transform:var(--h2_typography-text-transform);--awb-caption-title-line-height:var(--h2_typography-line-height);--awb-caption-title-letter-spacing:var(--h2_typography-letter-spacing);\"><span class=\" fusion-imageframe imageframe-none imageframe-2 hover-type-none\"><img decoding=\"async\" width=\"1326\" height=\"1856\" alt=\"Gousses de Vanille Bleue 100% comestibles, produites \u00e0 Saint-Philippe, La R\u00e9union\" title=\"Gousses de Vanille Bleue 2\" src=\"https:\/\/escale-bleue.fr\/wp-content\/uploads\/2026\/02\/Gousses-de-Vanille-Bleue-2.jpg\" class=\"img-responsive wp-image-24137\" srcset=\"https:\/\/escale-bleue.fr\/wp-content\/uploads\/2026\/02\/Gousses-de-Vanille-Bleue-2-200x280.jpg 200w, https:\/\/escale-bleue.fr\/wp-content\/uploads\/2026\/02\/Gousses-de-Vanille-Bleue-2-400x560.jpg 400w, https:\/\/escale-bleue.fr\/wp-content\/uploads\/2026\/02\/Gousses-de-Vanille-Bleue-2-600x840.jpg 600w, https:\/\/escale-bleue.fr\/wp-content\/uploads\/2026\/02\/Gousses-de-Vanille-Bleue-2-800x1120.jpg 800w, https:\/\/escale-bleue.fr\/wp-content\/uploads\/2026\/02\/Gousses-de-Vanille-Bleue-2-1200x1680.jpg 1200w, https:\/\/escale-bleue.fr\/wp-content\/uploads\/2026\/02\/Gousses-de-Vanille-Bleue-2.jpg 1326w\" sizes=\"(max-width: 1050px) 100vw, 600px\" \/><\/span><\/div><div class=\"fusion-clearfix\"><\/div><\/div><\/div><div class=\"fusion-layout-column fusion_builder_column fusion-builder-column-7 fusion_builder_column_1_2 1_2 fusion-one-half fusion-column-last fusion-animated\" style=\"--awb-padding-top:80px;--awb-padding-right:10%;--awb-padding-bottom:80px;--awb-padding-left:10%;--awb-bg-color:#ffffff;--awb-bg-color-hover:#ffffff;--awb-bg-size:cover;--awb-margin-top:0px;--awb-margin-bottom:0px;width:50%;width:calc(50% - ( ( 0px ) * 0.5 ) );\" data-animationType=\"fadeInRight\" data-animationDuration=\"0.8\" data-animationOffset=\"top-into-view\"><div class=\"fusion-column-wrapper fusion-flex-column-wrapper-legacy\"><div class=\"fusion-column-content-centered\"><div class=\"fusion-column-content\"><div class=\"fusion-text fusion-text-8\"><p style=\"color: #b9afa1; letter-spacing: 3px; text-transform: uppercase; font-weight: 300; font-family: Libre Baskerville, Garamond, serif; font-size: 26px; font-style: italic;\">Craftsmanship<\/p>\n<\/div><div class=\"fusion-sep-clear\"><\/div><div class=\"fusion-separator fusion-clearfix\" style=\"float:left;margin-top:15px;margin-bottom:25px;width:100%;max-width:80px;\"><div class=\"fusion-separator-border sep-single sep-solid\" style=\"--awb-height:20px;--awb-amount:20px;border-color:#b9afa1;border-top-width:1px;\"><\/div><\/div><div class=\"fusion-sep-clear\"><\/div><div class=\"fusion-text fusion-text-9\"><h2>An exceptional product<\/h2>\n<\/div><div class=\"fusion-text fusion-text-10\"><p style=\"font-size: 16px; line-height: 1.8; color: #555;\">Primarily from the Planifolia species, Vanille Bleue stands out for its <strong>finesse<\/strong>, its <strong>smoothness<\/strong>, and a visual appearance that places it among the world&#8217;s most beautiful vanillas.<\/p>\n<p style=\"font-size: 16px; line-height: 1.8; color: #555;\">Thanks to a patented preparation process, it is neither blanched nor dehydrated. It thus retains its shape, its natural biological properties, and develops a more intense aroma with enhanced taste characteristics. <\/p>\n<p style=\"font-size: 16px; line-height: 1.8; color: #555;\">Above all, Vanille Bleue was designed to prevent waste: it is <strong>entirely edible<\/strong>, including its outer layer. Scrape it, infuse it, or slice it into fine pieces that will elevate your creations. <\/p>\n<p><a href=\"https:\/\/escale-bleue.fr\/category\/blog\/recettes\/\">Discover our Vanille Bleue recipes \u2192<\/a><\/p>\n<\/div><\/div><\/div><div class=\"fusion-clearfix\"><\/div><\/div><\/div><\/div><\/div><div class=\"fusion-fullwidth fullwidth-box fusion-builder-row-4 hundred-percent-fullwidth non-hundred-percent-height-scrolling fusion-equal-height-columns\" style=\"--awb-border-radius-top-left:0px;--awb-border-radius-top-right:0px;--awb-border-radius-bottom-right:0px;--awb-border-radius-bottom-left:0px;--awb-padding-top:0px;--awb-padding-right:0px;--awb-padding-bottom:0px;--awb-padding-left:0px;--awb-flex-wrap:wrap;\" ><div class=\"fusion-builder-row fusion-row\"><div class=\"fusion-layout-column fusion_builder_column fusion-builder-column-8 fusion_builder_column_1_2 1_2 fusion-one-half fusion-column-first fusion-animated\" style=\"--awb-padding-top:80px;--awb-padding-right:10%;--awb-padding-bottom:80px;--awb-padding-left:10%;--awb-bg-color:#ffffff;--awb-bg-color-hover:#ffffff;--awb-bg-size:cover;--awb-margin-top:0px;--awb-margin-bottom:0px;width:50%;width:calc(50% - ( ( 0px ) * 0.5 ) );margin-right: 0px;\" data-animationType=\"fadeInLeft\" data-animationDuration=\"0.8\" data-animationOffset=\"top-into-view\"><div class=\"fusion-column-wrapper fusion-flex-column-wrapper-legacy\"><div class=\"fusion-column-content-centered\"><div class=\"fusion-column-content\"><div class=\"fusion-text fusion-text-11\"><p style=\"color: #b9afa1; letter-spacing: 3px; text-transform: uppercase; font-weight: 300; font-family: Libre Baskerville, Garamond, serif; font-size: 26px; font-style: italic;\">Tradition &amp; Innovation<\/p>\n<\/div><div class=\"fusion-sep-clear\"><\/div><div class=\"fusion-separator fusion-clearfix\" style=\"float:left;margin-top:15px;margin-bottom:25px;width:100%;max-width:80px;\"><div class=\"fusion-separator-border sep-single sep-solid\" style=\"--awb-height:20px;--awb-amount:20px;border-color:#b9afa1;border-top-width:1px;\"><\/div><\/div><div class=\"fusion-sep-clear\"><\/div><div class=\"fusion-text fusion-text-12\"><h2>Between tradition and innovation<\/h2>\n<\/div><div class=\"fusion-text fusion-text-13\"><p style=\"font-size: 16px; line-height: 1.8; color: #555;\">The vanilla is grown locally in <strong>undergrowth<\/strong>, in a completely natural environment, without the use of chemicals. The pods are harvested as late as possible, after <strong>9 months minimum<\/strong>, to preserve their maximum aromatic potential. <\/p>\n<p style=\"font-size: 16px; line-height: 1.8; color: #555;\">This is followed by a long and meticulous curing process of <strong>2 to 3 years<\/strong>. More than <strong>1,500 hours of work<\/strong> are required to produce one kilogram of Vanille Bleue\u2014three times more intensive than for conventional vanilla. <\/p>\n<p style=\"font-size: 16px; line-height: 1.8; color: #555;\">Escale Bleue holds the <strong>world&#8217;s first patent<\/strong> on vanilla pod preparation, establishing a new way of preparing them, contrary to the prevailing practices of the time. A process conceived and developed by <strong>Nicole Leichnig<\/strong>, co-founder of Escale Bleue, the result of over 20 years of research and unwavering passion for vanilla. <\/p>\n<p style=\"font-size: 16px; line-height: 1.8; color: #555;\"><a href=\"https:\/\/escale-bleue.fr\/visites-guidees\/\">Visit our workshop in Saint-Philippe<\/a> to discover the stages of this beautiful spice that is vanilla, from pollination to curing.<\/p>\n<\/div><\/div><\/div><div class=\"fusion-clearfix\"><\/div><\/div><\/div><div class=\"fusion-layout-column fusion_builder_column fusion-builder-column-9 fusion_builder_column_1_2 1_2 fusion-one-half fusion-column-last fusion-animated\" style=\"--awb-bg-image:url(&#039;http:\/\/escale-bleue.fr\/wp-content\/uploads\/2015\/02\/vanille-bleue-affinage.jpg&#039;);--awb-bg-position:center center;--awb-bg-blend:overlay;--awb-bg-size:cover;--awb-margin-top:0px;--awb-margin-bottom:0px;width:50%;width:calc(50% - ( ( 0px ) * 0.5 ) );\" data-animationType=\"fadeInRight\" data-animationDuration=\"0.8\" data-animationOffset=\"top-into-view\"><div class=\"fusion-column-wrapper fusion-flex-column-wrapper-legacy fusion-column-has-bg-image\" data-bg-url=\"http:\/\/escale-bleue.fr\/wp-content\/uploads\/2015\/02\/vanille-bleue-affinage.jpg\"><div class=\"fusion-image-element in-legacy-container\" style=\"--awb-caption-title-font-family:var(--h2_typography-font-family);--awb-caption-title-font-weight:var(--h2_typography-font-weight);--awb-caption-title-font-style:var(--h2_typography-font-style);--awb-caption-title-size:var(--h2_typography-font-size);--awb-caption-title-transform:var(--h2_typography-text-transform);--awb-caption-title-line-height:var(--h2_typography-line-height);--awb-caption-title-letter-spacing:var(--h2_typography-letter-spacing);\"><span class=\" fusion-imageframe imageframe-none imageframe-3 hover-type-none\"><img decoding=\"async\" width=\"1354\" height=\"1877\" alt=\"Affinage artisanal de la Vanille Bleue dans l&#039;atelier Escale Bleue au Tremblet\" title=\"Vanille Bleue production\" src=\"https:\/\/escale-bleue.fr\/wp-content\/uploads\/2026\/02\/Vanille-Bleue-production.png\" class=\"img-responsive wp-image-24138\" srcset=\"https:\/\/escale-bleue.fr\/wp-content\/uploads\/2026\/02\/Vanille-Bleue-production-200x277.png 200w, https:\/\/escale-bleue.fr\/wp-content\/uploads\/2026\/02\/Vanille-Bleue-production-400x555.png 400w, https:\/\/escale-bleue.fr\/wp-content\/uploads\/2026\/02\/Vanille-Bleue-production-600x832.png 600w, https:\/\/escale-bleue.fr\/wp-content\/uploads\/2026\/02\/Vanille-Bleue-production-800x1109.png 800w, https:\/\/escale-bleue.fr\/wp-content\/uploads\/2026\/02\/Vanille-Bleue-production-1200x1664.png 1200w, https:\/\/escale-bleue.fr\/wp-content\/uploads\/2026\/02\/Vanille-Bleue-production.png 1354w\" sizes=\"(max-width: 1050px) 100vw, 600px\" \/><\/span><\/div><div class=\"fusion-clearfix\"><\/div><\/div><\/div><\/div><\/div><div class=\"fusion-fullwidth fullwidth-box fusion-builder-row-5 hundred-percent-fullwidth non-hundred-percent-height-scrolling fusion-equal-height-columns\" style=\"--awb-border-radius-top-left:0px;--awb-border-radius-top-right:0px;--awb-border-radius-bottom-right:0px;--awb-border-radius-bottom-left:0px;--awb-padding-top:0px;--awb-padding-right:0px;--awb-padding-bottom:0px;--awb-padding-left:0px;--awb-flex-wrap:wrap;\" ><div class=\"fusion-builder-row fusion-row\"><div class=\"fusion-layout-column fusion_builder_column fusion-builder-column-10 fusion_builder_column_1_2 1_2 fusion-one-half fusion-column-first fusion-animated\" style=\"--awb-bg-image:url(&#039;http:\/\/escale-bleue.fr\/wp-content\/uploads\/2026\/02\/KitCom2025_Photo-Palais-Elysee.jpg&#039;);--awb-bg-position:center center;--awb-bg-blend:overlay;--awb-bg-size:cover;--awb-margin-top:0px;--awb-margin-bottom:0px;width:50%;width:calc(50% - ( ( 0px ) * 0.5 ) );margin-right: 0px;\" data-animationType=\"fadeInLeft\" data-animationDuration=\"0.8\" data-animationOffset=\"top-into-view\"><div class=\"fusion-column-wrapper fusion-flex-column-wrapper-legacy fusion-empty-column-bg-image fusion-column-has-bg-image\" data-bg-url=\"http:\/\/escale-bleue.fr\/wp-content\/uploads\/2026\/02\/KitCom2025_Photo-Palais-Elysee.jpg\"><img decoding=\"async\" class=\"fusion-empty-dims-img-placeholder fusion-no-large-visibility\" src=\"data:image\/gif;base64,R0lGODlhAQABAAAAACH5BAEKAAEALAAAAAABAAEAAAICTAEAOw==\"><div class=\"fusion-clearfix\"><\/div><\/div><\/div><div class=\"fusion-layout-column fusion_builder_column fusion-builder-column-11 fusion_builder_column_1_2 1_2 fusion-one-half fusion-column-last fusion-animated\" style=\"--awb-padding-top:80px;--awb-padding-right:10%;--awb-padding-bottom:80px;--awb-padding-left:10%;--awb-bg-color:#ffffff;--awb-bg-color-hover:#ffffff;--awb-bg-size:cover;--awb-margin-top:0px;--awb-margin-bottom:0px;width:50%;width:calc(50% - ( ( 0px ) * 0.5 ) );\" data-animationType=\"fadeInRight\" data-animationDuration=\"0.8\" data-animationOffset=\"top-into-view\"><div class=\"fusion-column-wrapper fusion-flex-column-wrapper-legacy\"><div class=\"fusion-column-content-centered\"><div class=\"fusion-column-content\"><div class=\"fusion-text fusion-text-14\"><p style=\"color: #b9afa1; letter-spacing: 3px; text-transform: uppercase; font-weight: 300; font-family: Libre Baskerville, Garamond, serif; font-size: 26px; font-style: italic;\">Recognized excellence<\/p>\n<\/div><div class=\"fusion-sep-clear\"><\/div><div class=\"fusion-separator fusion-clearfix\" style=\"float:left;margin-top:15px;margin-bottom:25px;width:100%;max-width:80px;\"><div class=\"fusion-separator-border sep-single sep-solid\" style=\"--awb-height:20px;--awb-amount:20px;border-color:#b9afa1;border-top-width:1px;\"><\/div><\/div><div class=\"fusion-sep-clear\"><\/div><div class=\"fusion-text fusion-text-15\"><h2>From the Wild South to the \u00c9lys\u00e9e Palace<\/h2>\n<\/div><div class=\"fusion-text fusion-text-16\"><p style=\"font-size: 16px; line-height: 1.8; color: #555;\">Born in the undergrowth of La R\u00e9union&#8217;s Wild South, <strong>Vanille Bleue<\/strong> has won over the most discerning palates in France and Europe. In one decade, it has accumulated the highest international taste distinctions, obtained the <strong>Living Heritage Company<\/strong> label awarded by the Ministry of Economy, and received the prestigious <strong>Diamond Taste Award<\/strong> in Brussels. <\/p>\n<p style=\"font-size: 16px; line-height: 1.8; color: #555;\">The pinnacle of this journey: in November 2025, <strong>Vanille Bleue<\/strong> was selected as the <strong>sole representative of La R\u00e9union<\/strong> at the Great Made in France Exhibition, at the <strong>\u00c9lys\u00e9e Palace<\/strong>. One product per region, chosen by a jury chaired by <strong>Pierre Herm\u00e9<\/strong>. <\/p>\n<p style=\"font-size: 16px; line-height: 1.8; color: #555;\"><a style=\"color: #b9afa1; text-decoration: underline;\" href=\"https:\/\/escale-bleue.fr\/labels\/\">Discover all our distinctions \u2192<\/a><\/p>\n<\/div><\/div><\/div><div class=\"fusion-clearfix\"><\/div><\/div><\/div><\/div><\/div><div class=\"fusion-fullwidth fullwidth-box fusion-builder-row-6 nonhundred-percent-fullwidth non-hundred-percent-height-scrolling chefs-links\" style=\"--awb-border-radius-top-left:0px;--awb-border-radius-top-right:0px;--awb-border-radius-bottom-right:0px;--awb-border-radius-bottom-left:0px;--awb-padding-top:70px;--awb-padding-bottom:70px;--awb-background-color:#1a1a2e;--awb-flex-wrap:wrap;\" ><div class=\"fusion-builder-row fusion-row\"><div class=\"fusion-layout-column fusion_builder_column fusion-builder-column-12 fusion_builder_column_1_1 1_1 fusion-one-full fusion-column-first fusion-column-last\" style=\"--awb-bg-blend:overlay;--awb-bg-size:cover;\"><div class=\"fusion-column-wrapper fusion-flex-column-wrapper-legacy\"><div class=\"fusion-text fusion-text-17\"><h2 style=\"text-align: center; color: #ffffff; letter-spacing: 2px; font-size: 35px; line-height: 1.4; font-family: Libre Baskerville, Garamond, serif; font-weight: 400;\">THEY HAVE CREATED WONDERS<br \/>\nWITH VANILLE BLEUE<\/h2>\n<\/div><div class=\"fusion-sep-clear\"><\/div><div class=\"fusion-separator\" style=\"margin-left: auto;margin-right: auto;margin-top:5px;margin-bottom:15px;width:100%;max-width:170px;\"><div class=\"fusion-separator-border sep-single sep-solid\" style=\"--awb-height:20px;--awb-amount:20px;border-color:#b9afa1;border-top-width:1px;\"><\/div><\/div><div class=\"fusion-sep-clear\"><\/div><div class=\"fusion-text fusion-text-18\"><p style=\"text-align: center; color: #b9afa1; font-size: 16px;\">The company supplies over 120 Michelin stars as well as the greatest names in French pastry.<\/p>\n<\/div><div class=\"fusion-sep-clear\"><\/div><div class=\"fusion-separator fusion-full-width-sep\" style=\"margin-left: auto;margin-right: auto;margin-top:20px;width:100%;\"><\/div><div class=\"fusion-sep-clear\"><\/div><div class=\"fusion-clearfix\"><\/div><\/div><\/div><div class=\"fusion-layout-column fusion_builder_column fusion-builder-column-13 fusion_builder_column_1_5 1_5 fusion-one-fifth fusion-column-first fusion-animated\" style=\"--awb-padding-top:20px;--awb-padding-bottom:20px;--awb-bg-blend:overlay;--awb-bg-size:cover;width:16.8%; margin-right: 4%;\" data-animationType=\"fadeInLeft\" data-animationDuration=\"0.6\" data-animationOffset=\"top-into-view\"><div class=\"fusion-column-wrapper fusion-flex-column-wrapper-legacy\"><div class=\"fusion-column-content-centered\"><div class=\"fusion-column-content\"><div class=\"fusion-text fusion-text-19\"><p style=\"text-align: center; color: #ffffff; font-size: 15px; line-height: 2.2;\"><a href=\"https:\/\/escale-bleue.fr\/chefs\/paul-bocuse-glace-vanille-bleue\/\">Paul Bocuse<\/a><br \/>\nAnne-Sophie Pic<br \/>\n<a href=\"https:\/\/escale-bleue.fr\/en\/chefs\/yann-couvreur-flan-vanille-bleue\/\">Yann Couvreur<\/a><\/p>\n<\/div><\/div><\/div><div class=\"fusion-clearfix\"><\/div><\/div><\/div><div class=\"fusion-layout-column fusion_builder_column fusion-builder-column-14 fusion_builder_column_1_5 1_5 fusion-one-fifth fusion-animated\" style=\"--awb-padding-top:20px;--awb-padding-bottom:20px;--awb-bg-blend:overlay;--awb-bg-size:cover;width:16.8%; margin-right: 4%;\" data-animationType=\"fadeInLeft\" data-animationDuration=\"0.6\" data-animationOffset=\"top-into-view\"><div class=\"fusion-column-wrapper fusion-column-has-shadow fusion-flex-column-wrapper-legacy\"><div class=\"fusion-column-content-centered\"><div class=\"fusion-column-content\"><div class=\"fusion-text fusion-text-20\"><p style=\"text-align: center; color: #ffffff; font-size: 15px; line-height: 2.2;\"><a href=\"https:\/\/escale-bleue.fr\/chefs\/maxime-frederic-cheval-blanc-paris\/\">Maxime Fr\u00e9d\u00e9ric<\/a><br \/>\n<a href=\"https:\/\/escale-bleue.fr\/en\/chefs\/pierre-marcolini\/\">Pierre Marcolini<\/a><br \/>\n<a href=\"https:\/\/escale-bleue.fr\/chefs\/julien-dugourd-temoignage\/\">Julien Dugourd<\/a><\/p>\n<\/div><\/div><\/div><div class=\"fusion-clearfix\"><\/div><\/div><\/div><div class=\"fusion-layout-column fusion_builder_column fusion-builder-column-15 fusion_builder_column_1_5 1_5 fusion-one-fifth fusion-animated\" style=\"--awb-padding-top:20px;--awb-padding-bottom:20px;--awb-bg-blend:overlay;--awb-bg-size:cover;width:16.8%; margin-right: 4%;\" data-animationType=\"fadeInLeft\" data-animationDuration=\"0.6\" data-animationOffset=\"top-into-view\"><div class=\"fusion-column-wrapper fusion-column-has-shadow fusion-flex-column-wrapper-legacy\"><div class=\"fusion-column-content-centered\"><div class=\"fusion-column-content\"><div class=\"fusion-text fusion-text-21\"><p style=\"text-align: center; color: #ffffff; font-size: 15px; line-height: 2.2;\">Louis Vuitton<br \/>\n<a href=\"https:\/\/escale-bleue.fr\/en\/chefs\/julien-alvarez-laduree-paris\/\">Ladur\u00e9e<\/a><br \/>\n<a href=\"https:\/\/escale-bleue.fr\/chefs\/francois-daubinet-fauchon-paris\/\">Fauchon<\/a><\/p>\n<\/div><\/div><\/div><div class=\"fusion-clearfix\"><\/div><\/div><\/div><div class=\"fusion-layout-column fusion_builder_column fusion-builder-column-16 fusion_builder_column_1_5 1_5 fusion-one-fifth fusion-animated\" style=\"--awb-padding-top:20px;--awb-padding-bottom:20px;--awb-bg-blend:overlay;--awb-bg-size:cover;width:16.8%; margin-right: 4%;\" data-animationType=\"fadeInLeft\" data-animationDuration=\"0.6\" data-animationOffset=\"top-into-view\"><div class=\"fusion-column-wrapper fusion-column-has-shadow fusion-flex-column-wrapper-legacy\"><div class=\"fusion-column-content-centered\"><div class=\"fusion-column-content\"><div class=\"fusion-text fusion-text-22\"><p style=\"text-align: center; color: #ffffff; font-size: 15px; line-height: 2.2;\">Roger Van Damme<br \/>\n<a href=\"https:\/\/escale-bleue.fr\/chefs\/anne-coruble-peninsula-paris\/\">Peninsula Paris<\/a><br \/>\nMandarin Oriental<\/p>\n<\/div><\/div><\/div><div class=\"fusion-clearfix\"><\/div><\/div><\/div><div class=\"fusion-layout-column fusion_builder_column fusion-builder-column-17 fusion_builder_column_1_5 1_5 fusion-one-fifth fusion-column-last fusion-animated\" style=\"--awb-padding-top:20px;--awb-padding-bottom:20px;--awb-bg-blend:overlay;--awb-bg-size:cover;width:16.8%;\" data-animationType=\"fadeInLeft\" data-animationDuration=\"0.6\" data-animationOffset=\"top-into-view\"><div class=\"fusion-column-wrapper fusion-column-has-shadow fusion-flex-column-wrapper-legacy\"><div class=\"fusion-column-content-centered\"><div class=\"fusion-column-content\"><div class=\"fusion-text fusion-text-23\"><p style=\"text-align: center; color: #ffffff; font-size: 15px; line-height: 2.2;\">Le Negresco Nice<br \/>\nCheval Blanc Paris<br \/>\nLa Maison du Chocolat<\/p>\n<\/div><\/div><\/div><div class=\"fusion-clearfix\"><\/div><\/div><\/div><\/div><\/div><div class=\"fusion-fullwidth fullwidth-box fusion-builder-row-7 nonhundred-percent-fullwidth non-hundred-percent-height-scrolling\" style=\"--awb-border-radius-top-left:0px;--awb-border-radius-top-right:0px;--awb-border-radius-bottom-right:0px;--awb-border-radius-bottom-left:0px;--awb-flex-wrap:wrap;\" ><div class=\"fusion-builder-row fusion-row\"><div class=\"fusion-layout-column fusion_builder_column fusion-builder-column-18 fusion_builder_column_1_4 1_4 fusion-one-fourth fusion-column-first\" style=\"--awb-bg-size:cover;width:25%;width:calc(25% - ( ( 4% + 4% + 4% ) * 0.25 ) );margin-right: 4%;\"><div class=\"fusion-column-wrapper fusion-column-has-shadow fusion-flex-column-wrapper-legacy\"><div class=\"fusion-image-element in-legacy-container\" style=\"--awb-caption-title-font-family:var(--h2_typography-font-family);--awb-caption-title-font-weight:var(--h2_typography-font-weight);--awb-caption-title-font-style:var(--h2_typography-font-style);--awb-caption-title-size:var(--h2_typography-font-size);--awb-caption-title-transform:var(--h2_typography-text-transform);--awb-caption-title-line-height:var(--h2_typography-line-height);--awb-caption-title-letter-spacing:var(--h2_typography-letter-spacing);\"><span class=\" fusion-imageframe imageframe-none imageframe-4 hover-type-none\"><img decoding=\"async\" width=\"1080\" height=\"1350\" alt=\"B\u00fbche Isatis \u00e0 la Vanille Bleue par le chef Yann Couvreur\" title=\"B\u00fbche Isatis &#8211; Yann Couvreur\" src=\"http:\/\/escale-bleue.fr\/wp-content\/uploads\/2022\/03\/Buche-Isatis-Yann-Couvreur.jpg\" class=\"img-responsive wp-image-1046\" srcset=\"https:\/\/escale-bleue.fr\/wp-content\/uploads\/2022\/03\/Buche-Isatis-Yann-Couvreur-200x250.jpg 200w, https:\/\/escale-bleue.fr\/wp-content\/uploads\/2022\/03\/Buche-Isatis-Yann-Couvreur-400x500.jpg 400w, https:\/\/escale-bleue.fr\/wp-content\/uploads\/2022\/03\/Buche-Isatis-Yann-Couvreur-600x750.jpg 600w, https:\/\/escale-bleue.fr\/wp-content\/uploads\/2022\/03\/Buche-Isatis-Yann-Couvreur-800x1000.jpg 800w, https:\/\/escale-bleue.fr\/wp-content\/uploads\/2022\/03\/Buche-Isatis-Yann-Couvreur.jpg 1080w\" sizes=\"(max-width: 1050px) 100vw, 400px\" \/><\/span><\/div><div class=\"fusion-text fusion-text-24\"><p style=\"text-align: center; font-size: 12px; color: #999; margin-top: 8px;\">\u00a9 Yann Couvreur<\/p>\n<\/div><div class=\"fusion-clearfix\"><\/div><\/div><\/div><div class=\"fusion-layout-column fusion_builder_column fusion-builder-column-19 fusion_builder_column_1_4 1_4 fusion-one-fourth\" style=\"--awb-bg-size:cover;width:25%;width:calc(25% - ( ( 4% + 4% + 4% ) * 0.25 ) );margin-right: 4%;\"><div class=\"fusion-column-wrapper fusion-column-has-shadow fusion-flex-column-wrapper-legacy\"><div class=\"fusion-image-element in-legacy-container\" style=\"--awb-caption-title-font-family:var(--h2_typography-font-family);--awb-caption-title-font-weight:var(--h2_typography-font-weight);--awb-caption-title-font-style:var(--h2_typography-font-style);--awb-caption-title-size:var(--h2_typography-font-size);--awb-caption-title-transform:var(--h2_typography-text-transform);--awb-caption-title-line-height:var(--h2_typography-line-height);--awb-caption-title-letter-spacing:var(--h2_typography-letter-spacing);\"><span class=\" fusion-imageframe imageframe-none imageframe-5 hover-type-none\"><img decoding=\"async\" width=\"1080\" height=\"1349\" alt=\"\u0152uf de P\u00e2ques \u00e0 la Vanille Bleue, Peninsula Paris\" title=\"oeuf paques 2022 peninsula paris d\u00e9coupe\" src=\"http:\/\/escale-bleue.fr\/wp-content\/uploads\/2022\/04\/oeuf-paques-2022-peninsula-paris-decoupe.jpg\" class=\"img-responsive wp-image-1081\" srcset=\"https:\/\/escale-bleue.fr\/wp-content\/uploads\/2022\/04\/oeuf-paques-2022-peninsula-paris-decoupe-200x250.jpg 200w, https:\/\/escale-bleue.fr\/wp-content\/uploads\/2022\/04\/oeuf-paques-2022-peninsula-paris-decoupe-400x500.jpg 400w, https:\/\/escale-bleue.fr\/wp-content\/uploads\/2022\/04\/oeuf-paques-2022-peninsula-paris-decoupe-600x749.jpg 600w, https:\/\/escale-bleue.fr\/wp-content\/uploads\/2022\/04\/oeuf-paques-2022-peninsula-paris-decoupe-800x999.jpg 800w, https:\/\/escale-bleue.fr\/wp-content\/uploads\/2022\/04\/oeuf-paques-2022-peninsula-paris-decoupe.jpg 1080w\" sizes=\"(max-width: 1050px) 100vw, 400px\" \/><\/span><\/div><div class=\"fusion-text fusion-text-25\"><p style=\"text-align: center; font-size: 12px; color: #999; margin-top: 8px;\">\u00a9 Peninsula Paris<\/p>\n<\/div><div class=\"fusion-clearfix\"><\/div><\/div><\/div><div class=\"fusion-layout-column fusion_builder_column fusion-builder-column-20 fusion_builder_column_1_4 1_4 fusion-one-fourth\" style=\"--awb-bg-size:cover;width:25%;width:calc(25% - ( ( 4% + 4% + 4% ) * 0.25 ) );margin-right: 4%;\"><div class=\"fusion-column-wrapper fusion-column-has-shadow fusion-flex-column-wrapper-legacy\"><div class=\"fusion-image-element in-legacy-container\" style=\"--awb-caption-title-font-family:var(--h2_typography-font-family);--awb-caption-title-font-weight:var(--h2_typography-font-weight);--awb-caption-title-font-style:var(--h2_typography-font-style);--awb-caption-title-size:var(--h2_typography-font-size);--awb-caption-title-transform:var(--h2_typography-text-transform);--awb-caption-title-line-height:var(--h2_typography-line-height);--awb-caption-title-letter-spacing:var(--h2_typography-letter-spacing);\"><span class=\" fusion-imageframe imageframe-none imageframe-6 hover-type-none\"><img decoding=\"async\" width=\"1080\" height=\"1350\" alt=\"B\u00fbche Or Noir \u00e0 la Vanille Bleue, Fauchon Paris\" title=\"Buche or noir fauchon paris\" src=\"http:\/\/escale-bleue.fr\/wp-content\/uploads\/2022\/03\/Buche-or-noir-fauchon-paris.jpg\" class=\"img-responsive wp-image-1074\" srcset=\"https:\/\/escale-bleue.fr\/wp-content\/uploads\/2022\/03\/Buche-or-noir-fauchon-paris-200x250.jpg 200w, https:\/\/escale-bleue.fr\/wp-content\/uploads\/2022\/03\/Buche-or-noir-fauchon-paris-400x500.jpg 400w, https:\/\/escale-bleue.fr\/wp-content\/uploads\/2022\/03\/Buche-or-noir-fauchon-paris-600x750.jpg 600w, https:\/\/escale-bleue.fr\/wp-content\/uploads\/2022\/03\/Buche-or-noir-fauchon-paris-800x1000.jpg 800w, https:\/\/escale-bleue.fr\/wp-content\/uploads\/2022\/03\/Buche-or-noir-fauchon-paris.jpg 1080w\" sizes=\"(max-width: 1050px) 100vw, 400px\" \/><\/span><\/div><div class=\"fusion-text fusion-text-26\"><p style=\"text-align: center; font-size: 12px; color: #999; margin-top: 8px;\">\u00a9 Fauchon Paris<\/p>\n<\/div><div class=\"fusion-clearfix\"><\/div><\/div><\/div><div class=\"fusion-layout-column fusion_builder_column fusion-builder-column-21 fusion_builder_column_1_4 1_4 fusion-one-fourth fusion-column-last\" style=\"--awb-bg-size:cover;width:25%;width:calc(25% - ( ( 4% + 4% + 4% ) * 0.25 ) );\"><div class=\"fusion-column-wrapper fusion-column-has-shadow fusion-flex-column-wrapper-legacy\"><div class=\"fusion-image-element in-legacy-container\" style=\"--awb-caption-title-font-family:var(--h2_typography-font-family);--awb-caption-title-font-weight:var(--h2_typography-font-weight);--awb-caption-title-font-style:var(--h2_typography-font-style);--awb-caption-title-size:var(--h2_typography-font-size);--awb-caption-title-transform:var(--h2_typography-text-transform);--awb-caption-title-line-height:var(--h2_typography-line-height);--awb-caption-title-letter-spacing:var(--h2_typography-letter-spacing);\"><span class=\" fusion-imageframe imageframe-none imageframe-7 hover-type-none\"><img decoding=\"async\" width=\"1080\" height=\"1350\" alt=\"Tartelette pomme Vanille Bleue par le chef Julien Dugourd\" title=\"Tartelette pomme vanille bleue &#8211; Julien Dugourd\" src=\"http:\/\/escale-bleue.fr\/wp-content\/uploads\/2022\/03\/Tartelette-pomme-vanille-bleue-Julien-Dugourd.jpg\" class=\"img-responsive wp-image-1062\" srcset=\"https:\/\/escale-bleue.fr\/wp-content\/uploads\/2022\/03\/Tartelette-pomme-vanille-bleue-Julien-Dugourd-200x250.jpg 200w, https:\/\/escale-bleue.fr\/wp-content\/uploads\/2022\/03\/Tartelette-pomme-vanille-bleue-Julien-Dugourd-400x500.jpg 400w, https:\/\/escale-bleue.fr\/wp-content\/uploads\/2022\/03\/Tartelette-pomme-vanille-bleue-Julien-Dugourd-600x750.jpg 600w, https:\/\/escale-bleue.fr\/wp-content\/uploads\/2022\/03\/Tartelette-pomme-vanille-bleue-Julien-Dugourd-800x1000.jpg 800w, https:\/\/escale-bleue.fr\/wp-content\/uploads\/2022\/03\/Tartelette-pomme-vanille-bleue-Julien-Dugourd.jpg 1080w\" sizes=\"(max-width: 1050px) 100vw, 400px\" \/><\/span><\/div><div class=\"fusion-text fusion-text-27\"><p style=\"text-align: center; font-size: 12px; color: #999; margin-top: 8px;\">\u00a9 Julien Dugourd<\/p>\n<\/div><div class=\"fusion-clearfix\"><\/div><\/div><\/div><\/div><\/div><div class=\"fusion-fullwidth fullwidth-box fusion-builder-row-8 nonhundred-percent-fullwidth non-hundred-percent-height-scrolling\" style=\"--awb-border-radius-top-left:0px;--awb-border-radius-top-right:0px;--awb-border-radius-bottom-right:0px;--awb-border-radius-bottom-left:0px;--awb-padding-top:70px;--awb-padding-bottom:50px;--awb-background-color:#f9f9f9;--awb-flex-wrap:wrap;\" ><div class=\"fusion-builder-row fusion-row\"><div class=\"fusion-layout-column fusion_builder_column fusion-builder-column-22 fusion_builder_column_1_6 1_6 fusion-one-sixth fusion-column-first\" style=\"--awb-bg-blend:overlay;--awb-bg-size:cover;width:16.666666666667%;width:calc(16.666666666667% - ( ( 4% + 4% ) * 0.16666666666667 ) );margin-right: 4%;\"><div class=\"fusion-column-wrapper fusion-flex-column-wrapper-legacy\"><div class=\"fusion-clearfix\"><\/div><\/div><\/div><div class=\"fusion-layout-column fusion_builder_column fusion-builder-column-23 fusion_builder_column_2_3 2_3 fusion-two-third\" style=\"--awb-bg-blend:overlay;--awb-bg-size:cover;width:66.666666666667%;width:calc(66.666666666667% - ( ( 4% + 4% ) * 0.66666666666667 ) );margin-right: 4%;\"><div class=\"fusion-column-wrapper fusion-flex-column-wrapper-legacy\"><div class=\"fusion-text fusion-text-28\"><h2 style=\"text-align: center; letter-spacing: 2px; font-size: 36px; line-height: 1.25; font-family: Libre Baskerville, Garamond, serif; font-weight: 400;\">FREQUENTLY ASKED QUESTIONS<\/h2>\n<\/div><div class=\"fusion-sep-clear\"><\/div><div class=\"fusion-separator\" style=\"margin-left: auto;margin-right: auto;margin-top:5px;margin-bottom:40px;width:100%;max-width:170px;\"><div class=\"fusion-separator-border sep-single sep-solid\" style=\"--awb-height:20px;--awb-amount:20px;border-color:#b9afa1;border-top-width:1px;\"><\/div><\/div><div class=\"fusion-sep-clear\"><\/div><div class=\"accordian fusion-accordian\" style=\"--awb-border-size:1px;--awb-icon-size:13px;--awb-content-font-size:18px;--awb-icon-alignment:left;--awb-hover-color:#b9afa1;--awb-border-color:#e0e0e0;--awb-background-color:#ffffff;--awb-divider-color:#b9afa1;--awb-divider-hover-color:#b9afa1;--awb-icon-color:#b9afa1;--awb-title-color:#b9afa1;--awb-content-color:#747474;--awb-icon-box-color:#6f727b;--awb-toggle-hover-accent-color:#b9afa1;--awb-title-font-family:&quot;Libre Baskerville&quot;;--awb-title-font-weight:400;--awb-title-font-style:normal;--awb-title-font-size:16px;--awb-content-font-family:&quot;Lato&quot;;--awb-content-font-style:normal;--awb-content-font-weight:400;\"><div class=\"panel-group fusion-toggle-icon-boxed\" id=\"accordion-24590-1\"><div class=\"fusion-panel panel-default panel-87f300373eea0223b fusion-toggle-has-divider\"><div class=\"panel-heading\"><h4 class=\"panel-title toggle\" id=\"toggle_87f300373eea0223b\"><a aria-expanded=\"false\" aria-controls=\"87f300373eea0223b\" role=\"button\" data-toggle=\"collapse\" data-target=\"#87f300373eea0223b\" href=\"#87f300373eea0223b\"><span class=\"fusion-toggle-icon-wrapper\" aria-hidden=\"true\"><i class=\"fa-fusion-box active-icon awb-icon-minus\" aria-hidden=\"true\"><\/i><i class=\"fa-fusion-box inactive-icon awb-icon-plus\" aria-hidden=\"true\"><\/i><\/span><span class=\"fusion-toggle-heading\">What is the best type of vanilla?<\/span><\/a><\/h4><\/div><div id=\"87f300373eea0223b\" class=\"panel-collapse collapse \" aria-labelledby=\"toggle_87f300373eea0223b\"><div class=\"panel-body toggle-content fusion-clearfix\">\nEach species has its own aromatic signature and particular characteristics. Our Vanille Bleue, primarily from the Planifolia species, stands out for both its finesse and smoothness, as well as its visual appearance that places it among the most beautiful vanillas. It also benefits from a range of unique characteristics.<\/div><\/div><\/div><div class=\"fusion-panel panel-default panel-4ba3e59712c2fc37f fusion-toggle-has-divider\"><div class=\"panel-heading\"><h4 class=\"panel-title toggle\" id=\"toggle_4ba3e59712c2fc37f\"><a aria-expanded=\"false\" aria-controls=\"4ba3e59712c2fc37f\" role=\"button\" data-toggle=\"collapse\" data-target=\"#4ba3e59712c2fc37f\" href=\"#4ba3e59712c2fc37f\"><span class=\"fusion-toggle-icon-wrapper\" aria-hidden=\"true\"><i class=\"fa-fusion-box active-icon awb-icon-minus\" aria-hidden=\"true\"><\/i><i class=\"fa-fusion-box inactive-icon awb-icon-plus\" aria-hidden=\"true\"><\/i><\/span><span class=\"fusion-toggle-heading\">What surprises does Vanille Bleue hold?<\/span><\/a><\/h4><\/div><div id=\"4ba3e59712c2fc37f\" class=\"panel-collapse collapse \" aria-labelledby=\"toggle_4ba3e59712c2fc37f\"><div class=\"panel-body toggle-content fusion-clearfix\">\n<p><strong>100% edible:<\/strong> Vanille Bleue can be eaten entirely, including its outer layer.<\/p>\n<p><strong>Enhanced culinary efficiency:<\/strong> its preserved biological properties offer superior aromatic intensity.<\/p>\n<p><strong>Vanilla sugar &#8220;at will&#8221;:<\/strong> placed in sugar, the pod flavors it without drying out and can be reused many times.<\/p>\n<p><strong>A unique smoothness in alcohol:<\/strong> due to the complexity of its preserved biological elements, it offers exceptional smoothness when infused.<\/p>\n<p><strong>An evolving aroma:<\/strong> the aroma continues to improve over time, like a vintage.<\/p>\n<p><strong>Easy and long-lasting storage:<\/strong> over 10 years in airtight glass jars.<\/p>\n<\/div><\/div><\/div><div class=\"fusion-panel panel-default panel-c70c356aaff249cec fusion-toggle-has-divider\"><div class=\"panel-heading\"><h4 class=\"panel-title toggle\" id=\"toggle_c70c356aaff249cec\"><a aria-expanded=\"false\" aria-controls=\"c70c356aaff249cec\" role=\"button\" data-toggle=\"collapse\" data-target=\"#c70c356aaff249cec\" href=\"#c70c356aaff249cec\"><span class=\"fusion-toggle-icon-wrapper\" aria-hidden=\"true\"><i class=\"fa-fusion-box active-icon awb-icon-minus\" aria-hidden=\"true\"><\/i><i class=\"fa-fusion-box inactive-icon awb-icon-plus\" aria-hidden=\"true\"><\/i><\/span><span class=\"fusion-toggle-heading\">Is your vanilla fresh vanilla?<\/span><\/a><\/h4><\/div><div id=\"c70c356aaff249cec\" class=\"panel-collapse collapse \" aria-labelledby=\"toggle_c70c356aaff249cec\"><div class=\"panel-body toggle-content fusion-clearfix\">\nNo, our vanilla is a finished product that has undergone 1 to 2 years of drying and preparation. Unlike so-called &#8220;fresh&#8221; vanilla, which generally refers to simply blanched and unprepared vanilla, resold in less than a week.<\/div><\/div><\/div><div class=\"fusion-panel panel-default panel-7613bb0738fffc68d fusion-toggle-has-divider\"><div class=\"panel-heading\"><h4 class=\"panel-title toggle\" id=\"toggle_7613bb0738fffc68d\"><a aria-expanded=\"false\" aria-controls=\"7613bb0738fffc68d\" role=\"button\" data-toggle=\"collapse\" data-target=\"#7613bb0738fffc68d\" href=\"#7613bb0738fffc68d\"><span class=\"fusion-toggle-icon-wrapper\" aria-hidden=\"true\"><i class=\"fa-fusion-box active-icon awb-icon-minus\" aria-hidden=\"true\"><\/i><i class=\"fa-fusion-box inactive-icon awb-icon-plus\" aria-hidden=\"true\"><\/i><\/span><span class=\"fusion-toggle-heading\">Do you use chemicals?<\/span><\/a><\/h4><\/div><div id=\"7613bb0738fffc68d\" class=\"panel-collapse collapse \" aria-labelledby=\"toggle_7613bb0738fffc68d\"><div class=\"panel-body toggle-content fusion-clearfix\">\nEscale Bleue respects the soul of each plant and pampers its pods like precious newborns. Our Vanille Bleue is free from any chemicals, additives, or preservatives.<\/div><\/div><\/div><div class=\"fusion-panel panel-default panel-3f687ad28f90d5b28 fusion-toggle-has-divider\"><div class=\"panel-heading\"><h4 class=\"panel-title toggle\" id=\"toggle_3f687ad28f90d5b28\"><a aria-expanded=\"false\" aria-controls=\"3f687ad28f90d5b28\" role=\"button\" data-toggle=\"collapse\" data-target=\"#3f687ad28f90d5b28\" href=\"#3f687ad28f90d5b28\"><span class=\"fusion-toggle-icon-wrapper\" aria-hidden=\"true\"><i class=\"fa-fusion-box active-icon awb-icon-minus\" aria-hidden=\"true\"><\/i><i class=\"fa-fusion-box inactive-icon awb-icon-plus\" aria-hidden=\"true\"><\/i><\/span><span class=\"fusion-toggle-heading\">What are the production stages?<\/span><\/a><\/h4><\/div><div id=\"3f687ad28f90d5b28\" class=\"panel-collapse collapse \" aria-labelledby=\"toggle_3f687ad28f90d5b28\"><div class=\"panel-body toggle-content fusion-clearfix\">\nVanille Bleue follows extremely strict quality standards. The green pods are produced locally in undergrowth, in a completely natural environment. They are harvested as late as possible to preserve maximum aromatic potential. This is followed by a specific transformation process unique to Escale Bleue&#8217;s expertise that will last 1 to 2 years.<\/div><\/div><\/div><div class=\"fusion-panel panel-default panel-a640b9b94592313ce fusion-toggle-has-divider\"><div class=\"panel-heading\"><h4 class=\"panel-title toggle\" id=\"toggle_a640b9b94592313ce\"><a aria-expanded=\"false\" aria-controls=\"a640b9b94592313ce\" role=\"button\" data-toggle=\"collapse\" data-target=\"#a640b9b94592313ce\" href=\"#a640b9b94592313ce\"><span class=\"fusion-toggle-icon-wrapper\" aria-hidden=\"true\"><i class=\"fa-fusion-box active-icon awb-icon-minus\" aria-hidden=\"true\"><\/i><i class=\"fa-fusion-box inactive-icon awb-icon-plus\" aria-hidden=\"true\"><\/i><\/span><span class=\"fusion-toggle-heading\">How to use the pods?<\/span><\/a><\/h4><\/div><div id=\"a640b9b94592313ce\" class=\"panel-collapse collapse \" aria-labelledby=\"toggle_a640b9b94592313ce\"><div class=\"panel-body toggle-content fusion-clearfix\">\nYou can split the pod to scrape out the seeds. But Vanille Bleue also has the unique feature of being entirely edible, including its outer layer. Cut it into thin strips and incorporate them directly into your preparations for additional vanilla flavor.<\/div><\/div><\/div><div class=\"fusion-panel panel-default panel-7b11a75f613dbefc8 fusion-toggle-has-divider\"><div class=\"panel-heading\"><h4 class=\"panel-title toggle\" id=\"toggle_7b11a75f613dbefc8\"><a aria-expanded=\"false\" aria-controls=\"7b11a75f613dbefc8\" role=\"button\" data-toggle=\"collapse\" data-target=\"#7b11a75f613dbefc8\" href=\"#7b11a75f613dbefc8\"><span class=\"fusion-toggle-icon-wrapper\" aria-hidden=\"true\"><i class=\"fa-fusion-box active-icon awb-icon-minus\" aria-hidden=\"true\"><\/i><i class=\"fa-fusion-box inactive-icon awb-icon-plus\" aria-hidden=\"true\"><\/i><\/span><span class=\"fusion-toggle-heading\">How long do the pods keep?<\/span><\/a><\/h4><\/div><div id=\"7b11a75f613dbefc8\" class=\"panel-collapse collapse \" aria-labelledby=\"toggle_7b11a75f613dbefc8\"><div class=\"panel-body toggle-content fusion-clearfix\">\n<p>We are legally required to indicate a best-before date of 1 year. But specialists know that good vanilla can be stored for over 10 years.<\/p>\n<\/div><\/div><\/div><div class=\"fusion-panel panel-default panel-44ab4773530b4d09c fusion-toggle-has-divider\"><div class=\"panel-heading\"><h4 class=\"panel-title toggle\" id=\"toggle_44ab4773530b4d09c\"><a aria-expanded=\"false\" aria-controls=\"44ab4773530b4d09c\" role=\"button\" data-toggle=\"collapse\" data-target=\"#44ab4773530b4d09c\" href=\"#44ab4773530b4d09c\"><span class=\"fusion-toggle-icon-wrapper\" aria-hidden=\"true\"><i class=\"fa-fusion-box active-icon awb-icon-minus\" aria-hidden=\"true\"><\/i><i class=\"fa-fusion-box inactive-icon awb-icon-plus\" aria-hidden=\"true\"><\/i><\/span><span class=\"fusion-toggle-heading\">How to store the pods?<\/span><\/a><\/h4><\/div><div id=\"44ab4773530b4d09c\" class=\"panel-collapse collapse \" aria-labelledby=\"toggle_44ab4773530b4d09c\"><div class=\"panel-body toggle-content fusion-clearfix\">Place them in an airtight glass jar or tube. Do not leave them in open plastic. Do not refrigerate. Store them in a dry place away from sunlight. In case of moisture, gently wipe the pods and container.<\/div><\/div><\/div><div class=\"fusion-panel panel-default panel-5b3f84d3c704cd1bd fusion-toggle-has-divider\"><div class=\"panel-heading\"><h4 class=\"panel-title toggle\" id=\"toggle_5b3f84d3c704cd1bd\"><a aria-expanded=\"false\" aria-controls=\"5b3f84d3c704cd1bd\" role=\"button\" data-toggle=\"collapse\" data-target=\"#5b3f84d3c704cd1bd\" href=\"#5b3f84d3c704cd1bd\"><span class=\"fusion-toggle-icon-wrapper\" aria-hidden=\"true\"><i class=\"fa-fusion-box active-icon awb-icon-minus\" aria-hidden=\"true\"><\/i><i class=\"fa-fusion-box inactive-icon awb-icon-plus\" aria-hidden=\"true\"><\/i><\/span><span class=\"fusion-toggle-heading\">Where does the name Vanille Bleue come from?<\/span><\/a><\/h4><\/div><div id=\"5b3f84d3c704cd1bd\" class=\"panel-collapse collapse \" aria-labelledby=\"toggle_5b3f84d3c704cd1bd\"><div class=\"panel-body toggle-content fusion-clearfix\">\n<p>Blue is the sea, the sky\u2014it is life. Vanille Bleue bears this name because it is alive: where other vanillas are blanched and fixed, it retains all its biological richness, continues to evolve, to improve over time. A pod that breathes, that matures like a vintage. Preserving life rather than extinguishing it\u2014that is the entire philosophy of Escale Bleue. Since the concept and specifications differ from those of Bourbon vanilla, it was the perfect name for this vanilla.<\/p>\n<\/div><\/div><\/div><div class=\"fusion-panel panel-default panel-233d653a0f6526bba fusion-toggle-has-divider\"><div class=\"panel-heading\"><h4 class=\"panel-title toggle\" id=\"toggle_233d653a0f6526bba\"><a aria-expanded=\"false\" aria-controls=\"233d653a0f6526bba\" role=\"button\" data-toggle=\"collapse\" data-target=\"#233d653a0f6526bba\" href=\"#233d653a0f6526bba\"><span class=\"fusion-toggle-icon-wrapper\" aria-hidden=\"true\"><i class=\"fa-fusion-box active-icon awb-icon-minus\" aria-hidden=\"true\"><\/i><i class=\"fa-fusion-box inactive-icon awb-icon-plus\" aria-hidden=\"true\"><\/i><\/span><span class=\"fusion-toggle-heading\">What size and weight for a pod?<\/span><\/a><\/h4><\/div><div id=\"233d653a0f6526bba\" class=\"panel-collapse collapse \" aria-labelledby=\"toggle_233d653a0f6526bba\"><div class=\"panel-body toggle-content fusion-clearfix\">\nA Vanille Bleue pod has an average weight of approximately 8g for an average size of 16-18 cm.<\/div><\/div><\/div><\/div><\/div><div class=\"fusion-clearfix\"><\/div><\/div><\/div><div class=\"fusion-layout-column fusion_builder_column fusion-builder-column-24 fusion_builder_column_1_6 1_6 fusion-one-sixth fusion-column-last\" style=\"--awb-bg-blend:overlay;--awb-bg-size:cover;width:16.666666666667%;width:calc(16.666666666667% - ( ( 4% + 4% ) * 0.16666666666667 ) );\"><div class=\"fusion-column-wrapper fusion-flex-column-wrapper-legacy\"><div class=\"fusion-clearfix\"><\/div><\/div><\/div><\/div><\/div><div class=\"fusion-fullwidth fullwidth-box fusion-builder-row-9 nonhundred-percent-fullwidth non-hundred-percent-height-scrolling\" style=\"--awb-border-radius-top-left:0px;--awb-border-radius-top-right:0px;--awb-border-radius-bottom-right:0px;--awb-border-radius-bottom-left:0px;--awb-padding-top:70px;--awb-padding-bottom:70px;--awb-background-color:#1a1a2e;--awb-flex-wrap:wrap;\" ><div class=\"fusion-builder-row fusion-row\"><div class=\"fusion-layout-column fusion_builder_column fusion-builder-column-25 fusion_builder_column_1_5 1_5 fusion-one-fifth fusion-column-first\" style=\"--awb-bg-blend:overlay;--awb-bg-size:cover;width:20%;width:calc(20% - ( ( 4% + 4% ) * 0.2 ) );margin-right: 4%;\"><div class=\"fusion-column-wrapper fusion-flex-column-wrapper-legacy\"><div class=\"fusion-clearfix\"><\/div><\/div><\/div><div class=\"fusion-layout-column fusion_builder_column fusion-builder-column-26 fusion_builder_column_3_5 3_5 fusion-three-fifth fusion-animated\" style=\"--awb-bg-blend:overlay;--awb-bg-size:cover;width:60%;width:calc(60% - ( ( 4% + 4% ) * 0.6 ) );margin-right: 4%;\" data-animationType=\"fadeInLeft\" data-animationDuration=\"0.8\" data-animationOffset=\"top-into-view\"><div class=\"fusion-column-wrapper fusion-flex-column-wrapper-legacy\"><div class=\"fusion-column-content-centered\"><div class=\"fusion-column-content\"><div class=\"fusion-text fusion-text-29\"><h3 style=\"text-align: center; color: #ffffff;\">Ready to discover Vanille Bleue?<\/h3>\n<p style=\"text-align: center; color: #b9afa1; font-size: 16px; margin-top: 10px;\">Pods, extract, tea, pickle&#8230; Find the entire range in our online shop. <\/p>\n<\/div><div class=\"fusion-sep-clear\"><\/div><div class=\"fusion-separator fusion-full-width-sep\" style=\"margin-left: auto;margin-right: auto;margin-top:20px;width:100%;\"><\/div><div class=\"fusion-sep-clear\"><\/div><div class=\"fusion-aligncenter\"><a class=\"fusion-button button-flat button-large button-custom fusion-button-default button-2 fusion-button-span-no fusion-button-default-type\" style=\"--button_accent_color:#b9afa1;--button_border_color:#b9afa1;--button_accent_hover_color:#1a1a2e;--button_border_hover_color:#1a1a2e;--button_border_width-top:2px;--button_border_width-right:2px;--button_border_width-bottom:2px;--button_border_width-left:2px;--button-border-radius-top-left:0px;--button-border-radius-top-right:0px;--button-border-radius-bottom-right:0px;--button-border-radius-bottom-left:0px;--button_gradient_top_color:rgba(0,0,0,0);--button_gradient_bottom_color:rgba(0,0,0,0);--button_gradient_top_color_hover:#b9afa1;--button_gradient_bottom_color_hover:#b9afa1;--button_text_transform:uppercase;\" target=\"_blank\" rel=\"noopener noreferrer\" href=\"https:\/\/shop.escale-bleue.fr\"><i class=\"fa-shopping-bag fas awb-button__icon awb-button__icon--default button-icon-left\" aria-hidden=\"true\"><\/i><span class=\"fusion-button-text awb-button__text awb-button__text--default\">Order online<\/span><\/a><\/div><div class=\"fusion-sep-clear\"><\/div><div class=\"fusion-separator fusion-full-width-sep\" style=\"margin-left: auto;margin-right: auto;margin-top:15px;width:100%;\"><\/div><div class=\"fusion-sep-clear\"><\/div><div class=\"fusion-text fusion-text-30\"><p style=\"text-align: center; color: #888; font-size: 13px;\">Delivery in La R\u00e9union \u2022 Shipping to mainland France and international<\/p>\n<\/div><\/div><\/div><div class=\"fusion-clearfix\"><\/div><\/div><\/div><div class=\"fusion-layout-column fusion_builder_column fusion-builder-column-27 fusion_builder_column_1_5 1_5 fusion-one-fifth fusion-column-last\" style=\"--awb-bg-blend:overlay;--awb-bg-size:cover;width:20%;width:calc(20% - ( ( 4% + 4% ) * 0.2 ) );\"><div class=\"fusion-column-wrapper fusion-flex-column-wrapper-legacy\"><div class=\"fusion-clearfix\"><\/div><\/div><\/div><\/div><\/div><div class=\"fusion-fullwidth fullwidth-box fusion-builder-row-10 fusion-flex-container has-pattern-background has-mask-background nonhundred-percent-fullwidth non-hundred-percent-height-scrolling\" style=\"--awb-border-radius-top-left:0px;--awb-border-radius-top-right:0px;--awb-border-radius-bottom-right:0px;--awb-border-radius-bottom-left:0px;--awb-flex-wrap:wrap;\" ><div class=\"fusion-builder-row fusion-row fusion-flex-align-items-flex-start fusion-flex-content-wrap\" style=\"max-width:1216.8px;margin-left: calc(-4% \/ 2 );margin-right: calc(-4% \/ 2 );\"><div class=\"fusion-layout-column fusion_builder_column fusion-builder-column-28 fusion_builder_column_1_1 1_1 fusion-flex-column\" style=\"--awb-bg-size:cover;--awb-width-large:100%;--awb-margin-top-large:20px;--awb-spacing-right-large:1.92%;--awb-margin-bottom-large:20px;--awb-spacing-left-large:1.92%;--awb-width-medium:100%;--awb-order-medium:0;--awb-spacing-right-medium:1.92%;--awb-spacing-left-medium:1.92%;--awb-width-small:100%;--awb-order-small:0;--awb-spacing-right-small:1.92%;--awb-spacing-left-small:1.92%;\"><div class=\"fusion-column-wrapper fusion-column-has-shadow fusion-flex-justify-content-flex-start fusion-content-layout-column\"><script type=\"application\/ld+json\">{\n  \"@context\": \"https:\/\/schema.org\",\n  \"@type\": \"Article\",\n  \"@id\": \"https:\/\/escale-bleue.fr\/quest-ce-que-la-vanille-bleue\/#article\",\n  \"headline\": \"Qu'est-ce que la Vanille Bleue ?\",\n  \"description\": \"La Vanille Bleue est la premi\u00e8re vanille brevet\u00e9e au monde. 100% comestible, affin\u00e9e 2 ans \u00e0 La R\u00e9union. D\u00e9couvrez son proc\u00e9d\u00e9 unique.\",\n  \"author\": {\n    \"@type\": \"Person\",\n    \"name\": \"Nicole Leichnig\",\n    \"jobTitle\": \"Co-fondatrice d'Escale Bleue\",\n    \"affiliation\": {\n      \"@type\": \"Organization\",\n      \"name\": \"Escale Bleue\"\n    }\n  },\n  \"publisher\": {\n    \"@type\": \"Organization\",\n    \"@id\": \"https:\/\/escale-bleue.fr\/#organization\"\n  },\n  \"datePublished\": \"2022-03-24\",\n  \"dateModified\": \"2026-03-03\",\n  \"mainEntityOfPage\": \"https:\/\/escale-bleue.fr\/quest-ce-que-la-vanille-bleue\/\",\n  \"image\": \"https:\/\/escale-bleue.fr\/wp-content\/uploads\/2026\/02\/Photo-Vanille-Bleue-2-\u00a9Jean-Philippe-Bouchiat-scaled.jpg\"\n}\n<\/script><script type=\"application\/ld+json\">{\n  \"@context\": \"https:\/\/schema.org\",\n  \"@type\": \"FAQPage\",\n  \"@id\": \"https:\/\/escale-bleue.fr\/quest-ce-que-la-vanille-bleue\/#faq\",\n  \"mainEntity\": [\n    {\n      \"@type\": \"Question\",\n      \"name\": \"Quel est le meilleur type de vanille ?\",\n      \"acceptedAnswer\": {\n        \"@type\": \"Answer\",\n        \"text\": \"Chaque esp\u00e8ce a sa touche aromatique et ses caract\u00e9ristiques particuli\u00e8res. Notre Vanille Bleue, issue principalement de l'esp\u00e8ce Planifolia, se d\u00e9marque \u00e0 la fois par sa finesse et sa douceur, mais aussi par son aspect visuel qui la place parmi les plus belles vanilles. Elle b\u00e9n\u00e9ficie \u00e9galement d'un lot de caract\u00e9ristiques uniques.\"\n      }\n    },\n    {\n      \"@type\": \"Question\",\n      \"name\": \"Quelles sont les surprises que r\u00e9serve la Vanille Bleue ?\",\n      \"acceptedAnswer\": {\n        \"@type\": \"Answer\",\n        \"text\": \"100% comestible : la vanille bleue peut se manger enti\u00e8rement, y compris son enveloppe. Efficacit\u00e9 culinaire accrue : ses propri\u00e9t\u00e9s biologiques pr\u00e9serv\u00e9es offrent une intensit\u00e9 aromatique sup\u00e9rieure. Du sucre vanill\u00e9 \u00e0 volont\u00e9 : plac\u00e9e dans du sucre, la gousse l'aromatise sans se dess\u00e9cher et peut \u00eatre r\u00e9utilis\u00e9e de tr\u00e8s nombreuses fois. Un velout\u00e9 unique dans l'alcool : de par la complexit\u00e9 de ses \u00e9l\u00e9ments biologiques conserv\u00e9s, elle offre un velout\u00e9 exceptionnel en mac\u00e9ration. Un ar\u00f4me \u00e9volutif : l'ar\u00f4me ne cesse de se bonifier avec le temps, tel un mill\u00e9sime. Conservation ais\u00e9e et durable : plus de 10 ans dans des bocaux en verre herm\u00e9tiques.\"\n      }\n    },\n    {\n      \"@type\": \"Question\",\n      \"name\": \"Votre vanille est-elle une vanille fra\u00eeche ?\",\n      \"acceptedAnswer\": {\n        \"@type\": \"Answer\",\n        \"text\": \"Non, notre vanille est un produit fini qui a subi entre 1 \u00e0 2 ans de s\u00e9chage et de pr\u00e9paration. Contrairement \u00e0 une vanille dite fra\u00eeche qui fait g\u00e9n\u00e9ralement allusion \u00e0 une simple vanille \u00e9chaud\u00e9e et non pr\u00e9par\u00e9e, revendue en moins d'une semaine.\"\n      }\n    },\n    {\n      \"@type\": \"Question\",\n      \"name\": \"Utilisez-vous des produits chimiques ?\",\n      \"acceptedAnswer\": {\n        \"@type\": \"Answer\",\n        \"text\": \"Escale Bleue respecte l'\u00e2me de chaque plante et bichonne ses gousses comme de v\u00e9ritables nourrissons. Notre Vanille Bleue est vierge de tout produit chimique, additif ou conservateur.\"\n      }\n    },\n    {\n      \"@type\": \"Question\",\n      \"name\": \"Quelles sont les \u00e9tapes de production ?\",\n      \"acceptedAnswer\": {\n        \"@type\": \"Answer\",\n        \"text\": \"La vanille bleue suit des \u00e9tapes qualitatives extr\u00eamement strictes. Les gousses vertes sont produites localement en sous-bois, en milieu totalement naturel. Elles sont r\u00e9colt\u00e9es le plus tardivement possible afin de pr\u00e9server le potentiel maximal d'ar\u00f4me. Vient ensuite un travail de transformation sp\u00e9cifique au savoir-faire d'Escale Bleue qui durera entre 1 \u00e0 2 ans.\"\n      }\n    },\n    {\n      \"@type\": \"Question\",\n      \"name\": \"Comment utiliser les gousses ?\",\n      \"acceptedAnswer\": {\n        \"@type\": \"Answer\",\n        \"text\": \"Vous pouvez fendre la gousse afin d'en gratter les graines. Mais la Vanille Bleue a aussi la particularit\u00e9 d'\u00eatre enti\u00e8rement consommable, y compris son enveloppe. D\u00e9coupez-la en fines lamelles et incorporez-les directement \u00e0 vos pr\u00e9parations pour une saveur vanill\u00e9e suppl\u00e9mentaire.\"\n      }\n    },\n    {\n      \"@type\": \"Question\",\n      \"name\": \"Combien de temps se conservent les gousses ?\",\n      \"acceptedAnswer\": {\n        \"@type\": \"Answer\",\n        \"text\": \"Nous sommes l\u00e9galement tenus d'indiquer une DLUO d'1 an. Mais les sp\u00e9cialistes savent qu'une bonne vanille peut \u00eatre conserv\u00e9e pendant plus de 10 ans.\"\n      }\n    },\n    {\n      \"@type\": \"Question\",\n      \"name\": \"Comment conserver les gousses ?\",\n      \"acceptedAnswer\": {\n        \"@type\": \"Answer\",\n        \"text\": \"Placez-les dans un bocal ou tube en verre herm\u00e9tique. Ne les laissez pas dans un plastique ouvert. Ne les mettez pas au r\u00e9frig\u00e9rateur. Conservez-les dans un endroit sec \u00e0 l'abri du soleil. En cas de transpiration, essuyez d\u00e9licatement les gousses et le r\u00e9cipient.\"\n      }\n    },\n    {\n      \"@type\": \"Question\",\n      \"name\": \"D'o\u00f9 vient le nom Vanille Bleue ?\",\n      \"acceptedAnswer\": {\n        \"@type\": \"Answer\",\n        \"text\": \"Le bleu, c'est la mer, c'est le ciel \u2014 c'est la vie. La Vanille Bleue porte ce nom parce qu'elle est vivante : l\u00e0 o\u00f9 d'autres vanilles sont \u00e9chaud\u00e9es et fig\u00e9es, elle garde en elle toute sa richesse biologique, continue d'\u00e9voluer, de se bonifier avec le temps. Une gousse qui respire, qui m\u00fbrit comme un mill\u00e9sime. Conserver la vie plut\u00f4t que l'\u00e9teindre \u2014 c'est toute la philosophie d'Escale Bleue. Le concept et le cahier des charges \u00e9tant diff\u00e9rents de ceux de la Vanille Bourbon, c'\u00e9tait le nom parfait pour cette vanille.\"\n      }\n    },\n    {\n      \"@type\": \"Question\",\n      \"name\": \"Quelle taille et quel poids pour une gousse ?\",\n      \"acceptedAnswer\": {\n        \"@type\": \"Answer\",\n        \"text\": \"Une gousse de Vanille Bleue a un poids moyen d'environ 8g pour une taille moyenne de 16-18 cm.\"\n      }\n    }\n  ]\n}\n<\/script><\/div><\/div><\/div><\/div><\/p>\n","protected":false},"excerpt":{"rendered":"","protected":false},"author":10,"featured_media":0,"parent":0,"menu_order":0,"comment_status":"closed","ping_status":"closed","template":"100-width.php","meta":{"footnotes":""},"class_list":["post-24590","page","type-page","status-publish","hentry"],"yoast_head":"<!-- This site is optimized with the Yoast SEO Premium plugin v27.4 (Yoast SEO v27.4) - https:\/\/yoast.com\/product\/yoast-seo-premium-wordpress\/ -->\n<title>Vanille Bleue, the vanilla you can eat entirely<\/title>\n<meta name=\"description\" content=\"Explore the flavors of Vanille Bleue, a unique, patented vanilla rewarded for its exceptional taste quality.\" \/>\n<meta name=\"robots\" content=\"index, follow, max-snippet:-1, max-image-preview:large, max-video-preview:-1\" \/>\n<link rel=\"canonical\" href=\"https:\/\/escale-bleue.fr\/en\/quest-ce-que-la-vanille-bleue\/\" \/>\n<meta property=\"og:locale\" content=\"en_US\" \/>\n<meta property=\"og:type\" content=\"article\" \/>\n<meta property=\"og:title\" content=\"What is Vanille Bleue?\" \/>\n<meta property=\"og:description\" content=\"Explore the flavors of Vanille Bleue, a unique, patented vanilla rewarded for its exceptional taste quality.\" \/>\n<meta property=\"og:url\" content=\"https:\/\/escale-bleue.fr\/en\/quest-ce-que-la-vanille-bleue\/\" \/>\n<meta property=\"og:site_name\" content=\"Escale Bleue - Atelier Vanille\" \/>\n<meta property=\"article:publisher\" content=\"https:\/\/www.facebook.com\/Escalebleue\" \/>\n<meta property=\"article:modified_time\" content=\"2026-03-24T16:43:16+00:00\" \/>\n<meta property=\"og:image\" content=\"http:\/\/escale-bleue.fr\/wp-content\/uploads\/2016\/05\/Vanille-Bleue-affinage.jpg\" \/>\n<meta name=\"twitter:card\" content=\"summary_large_image\" \/>\n<meta name=\"twitter:site\" content=\"@EscaleBleue\" \/>\n<meta name=\"twitter:label1\" content=\"Est. reading time\" \/>\n\t<meta name=\"twitter:data1\" content=\"38 minutes\" \/>\n<script type=\"application\/ld+json\" class=\"yoast-schema-graph\">{\"@context\":\"https:\\\/\\\/schema.org\",\"@graph\":[{\"@type\":\"WebPage\",\"@id\":\"https:\\\/\\\/escale-bleue.fr\\\/en\\\/quest-ce-que-la-vanille-bleue\\\/\",\"url\":\"https:\\\/\\\/escale-bleue.fr\\\/en\\\/quest-ce-que-la-vanille-bleue\\\/\",\"name\":\"Vanille Bleue, the vanilla you can eat entirely\",\"isPartOf\":{\"@id\":\"https:\\\/\\\/escale-bleue.fr\\\/en\\\/#website\"},\"datePublished\":\"2014-05-28T10:31:48+00:00\",\"dateModified\":\"2026-03-24T16:43:16+00:00\",\"description\":\"Explore the flavors of Vanille Bleue, a unique, patented vanilla rewarded for its exceptional taste quality.\",\"breadcrumb\":{\"@id\":\"https:\\\/\\\/escale-bleue.fr\\\/en\\\/quest-ce-que-la-vanille-bleue\\\/#breadcrumb\"},\"inLanguage\":\"en-US\",\"potentialAction\":[{\"@type\":\"ReadAction\",\"target\":[\"https:\\\/\\\/escale-bleue.fr\\\/en\\\/quest-ce-que-la-vanille-bleue\\\/\"]}]},{\"@type\":\"BreadcrumbList\",\"@id\":\"https:\\\/\\\/escale-bleue.fr\\\/en\\\/quest-ce-que-la-vanille-bleue\\\/#breadcrumb\",\"itemListElement\":[{\"@type\":\"ListItem\",\"position\":1,\"name\":\"Accueil\",\"item\":\"https:\\\/\\\/escale-bleue.fr\\\/en\\\/\"},{\"@type\":\"ListItem\",\"position\":2,\"name\":\"What is Vanille Bleue?\"}]},{\"@type\":\"WebSite\",\"@id\":\"https:\\\/\\\/escale-bleue.fr\\\/en\\\/#website\",\"url\":\"https:\\\/\\\/escale-bleue.fr\\\/en\\\/\",\"name\":\"Escale Bleue - Atelier Vanille \u00e0 la R\u00e9union\",\"description\":\"\",\"publisher\":{\"@id\":\"https:\\\/\\\/escale-bleue.fr\\\/en\\\/#organization\"},\"potentialAction\":[{\"@type\":\"SearchAction\",\"target\":{\"@type\":\"EntryPoint\",\"urlTemplate\":\"https:\\\/\\\/escale-bleue.fr\\\/en\\\/?s={search_term_string}\"},\"query-input\":{\"@type\":\"PropertyValueSpecification\",\"valueRequired\":true,\"valueName\":\"search_term_string\"}}],\"inLanguage\":\"en-US\"},{\"@type\":\"Organization\",\"@id\":\"https:\\\/\\\/escale-bleue.fr\\\/en\\\/#organization\",\"name\":\"Escale Bleue - Atelier Vanille R\u00e9union\",\"url\":\"https:\\\/\\\/escale-bleue.fr\\\/en\\\/\",\"logo\":{\"@type\":\"ImageObject\",\"inLanguage\":\"en-US\",\"@id\":\"https:\\\/\\\/escale-bleue.fr\\\/en\\\/#\\\/schema\\\/logo\\\/image\\\/\",\"url\":\"https:\\\/\\\/escale-bleue.fr\\\/wp-content\\\/uploads\\\/2026\\\/02\\\/logo_escale_bleue_b9afa1.png\",\"contentUrl\":\"https:\\\/\\\/escale-bleue.fr\\\/wp-content\\\/uploads\\\/2026\\\/02\\\/logo_escale_bleue_b9afa1.png\",\"width\":400,\"height\":218,\"caption\":\"Escale Bleue - Atelier Vanille R\u00e9union\"},\"image\":{\"@id\":\"https:\\\/\\\/escale-bleue.fr\\\/en\\\/#\\\/schema\\\/logo\\\/image\\\/\"},\"sameAs\":[\"https:\\\/\\\/www.facebook.com\\\/Escalebleue\",\"https:\\\/\\\/x.com\\\/EscaleBleue\",\"https:\\\/\\\/www.instagram.com\\\/escalebleue\\\/\"]}]}<\/script>\n<!-- \/ Yoast SEO Premium plugin. -->","yoast_head_json":{"title":"Vanille Bleue, the vanilla you can eat entirely","description":"Explore the flavors of Vanille Bleue, a unique, patented vanilla rewarded for its exceptional taste quality.","robots":{"index":"index","follow":"follow","max-snippet":"max-snippet:-1","max-image-preview":"max-image-preview:large","max-video-preview":"max-video-preview:-1"},"canonical":"https:\/\/escale-bleue.fr\/en\/quest-ce-que-la-vanille-bleue\/","og_locale":"en_US","og_type":"article","og_title":"What is Vanille Bleue?","og_description":"Explore the flavors of Vanille Bleue, a unique, patented vanilla rewarded for its exceptional taste quality.","og_url":"https:\/\/escale-bleue.fr\/en\/quest-ce-que-la-vanille-bleue\/","og_site_name":"Escale Bleue - Atelier Vanille","article_publisher":"https:\/\/www.facebook.com\/Escalebleue","article_modified_time":"2026-03-24T16:43:16+00:00","og_image":[{"url":"http:\/\/escale-bleue.fr\/wp-content\/uploads\/2016\/05\/Vanille-Bleue-affinage.jpg","type":"","width":"","height":""}],"twitter_card":"summary_large_image","twitter_site":"@EscaleBleue","twitter_misc":{"Est. reading time":"38 minutes"},"schema":{"@context":"https:\/\/schema.org","@graph":[{"@type":"WebPage","@id":"https:\/\/escale-bleue.fr\/en\/quest-ce-que-la-vanille-bleue\/","url":"https:\/\/escale-bleue.fr\/en\/quest-ce-que-la-vanille-bleue\/","name":"Vanille Bleue, the vanilla you can eat entirely","isPartOf":{"@id":"https:\/\/escale-bleue.fr\/en\/#website"},"datePublished":"2014-05-28T10:31:48+00:00","dateModified":"2026-03-24T16:43:16+00:00","description":"Explore the flavors of Vanille Bleue, a unique, patented vanilla rewarded for its exceptional taste quality.","breadcrumb":{"@id":"https:\/\/escale-bleue.fr\/en\/quest-ce-que-la-vanille-bleue\/#breadcrumb"},"inLanguage":"en-US","potentialAction":[{"@type":"ReadAction","target":["https:\/\/escale-bleue.fr\/en\/quest-ce-que-la-vanille-bleue\/"]}]},{"@type":"BreadcrumbList","@id":"https:\/\/escale-bleue.fr\/en\/quest-ce-que-la-vanille-bleue\/#breadcrumb","itemListElement":[{"@type":"ListItem","position":1,"name":"Accueil","item":"https:\/\/escale-bleue.fr\/en\/"},{"@type":"ListItem","position":2,"name":"What is Vanille Bleue?"}]},{"@type":"WebSite","@id":"https:\/\/escale-bleue.fr\/en\/#website","url":"https:\/\/escale-bleue.fr\/en\/","name":"Escale Bleue - Atelier Vanille \u00e0 la R\u00e9union","description":"","publisher":{"@id":"https:\/\/escale-bleue.fr\/en\/#organization"},"potentialAction":[{"@type":"SearchAction","target":{"@type":"EntryPoint","urlTemplate":"https:\/\/escale-bleue.fr\/en\/?s={search_term_string}"},"query-input":{"@type":"PropertyValueSpecification","valueRequired":true,"valueName":"search_term_string"}}],"inLanguage":"en-US"},{"@type":"Organization","@id":"https:\/\/escale-bleue.fr\/en\/#organization","name":"Escale Bleue - Atelier Vanille R\u00e9union","url":"https:\/\/escale-bleue.fr\/en\/","logo":{"@type":"ImageObject","inLanguage":"en-US","@id":"https:\/\/escale-bleue.fr\/en\/#\/schema\/logo\/image\/","url":"https:\/\/escale-bleue.fr\/wp-content\/uploads\/2026\/02\/logo_escale_bleue_b9afa1.png","contentUrl":"https:\/\/escale-bleue.fr\/wp-content\/uploads\/2026\/02\/logo_escale_bleue_b9afa1.png","width":400,"height":218,"caption":"Escale Bleue - Atelier Vanille R\u00e9union"},"image":{"@id":"https:\/\/escale-bleue.fr\/en\/#\/schema\/logo\/image\/"},"sameAs":["https:\/\/www.facebook.com\/Escalebleue","https:\/\/x.com\/EscaleBleue","https:\/\/www.instagram.com\/escalebleue\/"]}]}},"_links":{"self":[{"href":"https:\/\/escale-bleue.fr\/en\/wp-json\/wp\/v2\/pages\/24590","targetHints":{"allow":["GET"]}}],"collection":[{"href":"https:\/\/escale-bleue.fr\/en\/wp-json\/wp\/v2\/pages"}],"about":[{"href":"https:\/\/escale-bleue.fr\/en\/wp-json\/wp\/v2\/types\/page"}],"author":[{"embeddable":true,"href":"https:\/\/escale-bleue.fr\/en\/wp-json\/wp\/v2\/users\/10"}],"replies":[{"embeddable":true,"href":"https:\/\/escale-bleue.fr\/en\/wp-json\/wp\/v2\/comments?post=24590"}],"version-history":[{"count":4,"href":"https:\/\/escale-bleue.fr\/en\/wp-json\/wp\/v2\/pages\/24590\/revisions"}],"predecessor-version":[{"id":24886,"href":"https:\/\/escale-bleue.fr\/en\/wp-json\/wp\/v2\/pages\/24590\/revisions\/24886"}],"wp:attachment":[{"href":"https:\/\/escale-bleue.fr\/en\/wp-json\/wp\/v2\/media?parent=24590"}],"curies":[{"name":"wp","href":"https:\/\/api.w.org\/{rel}","templated":true}]}}